{"id":3030,"date":"2023-10-20T10:54:49","date_gmt":"2023-10-20T08:54:49","guid":{"rendered":"https:\/\/wirtschaftsstandort-ostfriesland.de\/homepage\/"},"modified":"2025-04-24T17:09:13","modified_gmt":"2025-04-24T15:09:13","slug":"homepage","status":"publish","type":"page","link":"https:\/\/wirtschaftsstandort-westmecklenburg.de\/en\/","title":{"rendered":"Homepage"},"content":{"rendered":"\t\t<div data-elementor-type=\"wp-page\" data-elementor-id=\"3030\" class=\"elementor elementor-3030 elementor-800\" data-elementor-post-type=\"page\">\n\t\t\t\t<div class=\"elementor-element elementor-element-7effdc4 e-con-full e-flex e-con e-parent\" data-id=\"7effdc4\" data-element_type=\"container\" data-e-type=\"container\" data-settings=\"{&quot;background_background&quot;:&quot;gradient&quot;}\">\n\t\t<div class=\"elementor-element elementor-element-d35dc95 e-con-full e-flex e-con e-child\" data-id=\"d35dc95\" data-element_type=\"container\" data-e-type=\"container\" data-settings=\"{&quot;background_background&quot;:&quot;classic&quot;}\">\n\t\t\t\t<div class=\"elementor-element elementor-element-328df19 elementor-widget__width-inherit elementor-widget elementor-widget-heading\" data-id=\"328df19\" data-element_type=\"widget\" data-e-type=\"widget\" data-widget_type=\"heading.default\">\n\t\t\t\t<div class=\"elementor-widget-container\">\n\t\t\t\t\t<h1 class=\"elementor-heading-title elementor-size-default\">&nbsp;&nbsp;&nbsp;&nbsp;&nbsp;&nbsp;&nbsp;&nbsp;&nbsp;&nbsp;<\/h1>\t\t\t\t<\/div>\n\t\t\t\t<\/div>\n\t\t\t\t<\/div>\n\t\t<div class=\"elementor-element elementor-element-1eb4d41 e-flex e-con-boxed e-con e-child\" data-id=\"1eb4d41\" data-element_type=\"container\" data-e-type=\"container\">\n\t\t\t\t\t<div class=\"e-con-inner\">\n\t\t<div class=\"elementor-element elementor-element-14e094f e-con-full e-flex e-con e-child\" data-id=\"14e094f\" data-element_type=\"container\" data-e-type=\"container\" data-settings=\"{&quot;background_background&quot;:&quot;gradient&quot;}\">\n\t\t\t\t<div class=\"elementor-element elementor-element-03ebc45 elementor-widget elementor-widget-heading\" data-id=\"03ebc45\" data-element_type=\"widget\" data-e-type=\"widget\" data-widget_type=\"heading.default\">\n\t\t\t\t<div class=\"elementor-widget-container\">\n\t\t\t\t\t<h1 class=\"elementor-heading-title elementor-size-default\">The region Westmecklenburg<\/h1>\t\t\t\t<\/div>\n\t\t\t\t<\/div>\n\t\t\t\t<div class=\"elementor-element elementor-element-797a151 elementor-widget elementor-widget-heading\" data-id=\"797a151\" data-element_type=\"widget\" data-e-type=\"widget\" data-widget_type=\"heading.default\">\n\t\t\t\t<div class=\"elementor-widget-container\">\n\t\t\t\t\t<h2 class=\"elementor-heading-title elementor-size-default\">Land for living and working<\/h2>\t\t\t\t<\/div>\n\t\t\t\t<\/div>\n\t\t<div class=\"elementor-element elementor-element-62d4419 e-flex e-con-boxed e-con e-child\" data-id=\"62d4419\" data-element_type=\"container\" data-e-type=\"container\">\n\t\t\t\t\t<div class=\"e-con-inner\">\n\t\t\t\t<div class=\"elementor-element elementor-element-5ff06e7 elementor-widget elementor-widget-text-editor\" data-id=\"5ff06e7\" data-element_type=\"widget\" data-e-type=\"widget\" data-widget_type=\"text-editor.default\">\n\t\t\t\t<div class=\"elementor-widget-container\">\n\t\t\t\t\t\t\t\t\t<p style=\"text-align: left;\">The economic region of Westmecklenburg is characterised by traditional branches of industry and innovative companies<br \/>companies that work successfully on national and international markets in harmony with people and nature.<\/p>\t\t\t\t\t\t\t\t<\/div>\n\t\t\t\t<\/div>\n\t\t\t\t<div class=\"elementor-element elementor-element-2d4b86c elementor-widget elementor-widget-text-editor\" data-id=\"2d4b86c\" data-element_type=\"widget\" data-e-type=\"widget\" data-widget_type=\"text-editor.default\">\n\t\t\t\t<div class=\"elementor-widget-container\">\n\t\t\t\t\t\t\t\t\t<p>We present well-known companies and entrepreneurs from the region here and hope you enjoy exploring!<\/p>\n\t\t\t\t\t\t\t\t<\/div>\n\t\t\t\t<\/div>\n\t\t\t\t\t<\/div>\n\t\t\t\t<\/div>\n\t\t\t\t<\/div>\n\t\t<div class=\"elementor-element elementor-element-11a3835 e-con-full e-flex e-con e-child\" data-id=\"11a3835\" data-element_type=\"container\" data-e-type=\"container\">\n\t\t\t\t<div class=\"elementor-element elementor-element-3ab9ca5 elementor-invisible elementor-widget elementor-widget-image\" data-id=\"3ab9ca5\" data-element_type=\"widget\" data-e-type=\"widget\" data-settings=\"{&quot;_animation&quot;:&quot;fadeInRight&quot;}\" data-widget_type=\"image.default\">\n\t\t\t\t<div class=\"elementor-widget-container\">\n\t\t\t\t\t\t\t\t\t\t\t\t\t\t\t\t<a href=\"https:\/\/www.yumpu.com\/de\/embed\/view\/GUqhx5zb2ytpR9io\">\n\t\t\t\t\t\t\t<img fetchpriority=\"high\" decoding=\"async\" width=\"768\" height=\"968\" src=\"https:\/\/wirtschaftsstandort-westmecklenburg.de\/wp-content\/uploads\/2024\/09\/Titel_Westmecklenburg-768x968.png\" class=\"attachment-medium_large size-medium_large wp-image-6080\" alt=\"Titel Printausgabe Westmecklenburg\" srcset=\"https:\/\/wirtschaftsstandort-westmecklenburg.de\/wp-content\/uploads\/2024\/09\/Titel_Westmecklenburg-768x968.png 768w, https:\/\/wirtschaftsstandort-westmecklenburg.de\/wp-content\/uploads\/2024\/09\/Titel_Westmecklenburg-238x300.png 238w, https:\/\/wirtschaftsstandort-westmecklenburg.de\/wp-content\/uploads\/2024\/09\/Titel_Westmecklenburg-812x1024.png 812w, https:\/\/wirtschaftsstandort-westmecklenburg.de\/wp-content\/uploads\/2024\/09\/Titel_Westmecklenburg.png 870w\" sizes=\"(max-width: 768px) 100vw, 768px\" \/>\t\t\t\t\t\t\t\t<\/a>\n\t\t\t\t\t\t\t\t\t\t\t\t\t\t\t<\/div>\n\t\t\t\t<\/div>\n\t\t\t\t<div class=\"elementor-element elementor-element-44735a0 elementor-align-center elementor-invisible elementor-widget elementor-widget-button\" data-id=\"44735a0\" data-element_type=\"widget\" data-e-type=\"widget\" data-settings=\"{&quot;motion_fx_motion_fx_scrolling&quot;:&quot;yes&quot;,&quot;_animation&quot;:&quot;fadeInRight&quot;,&quot;motion_fx_devices&quot;:[&quot;desktop&quot;,&quot;tablet&quot;,&quot;mobile&quot;]}\" data-widget_type=\"button.default\">\n\t\t\t\t<div class=\"elementor-widget-container\">\n\t\t\t\t\t\t\t\t\t<div class=\"elementor-button-wrapper\">\n\t\t\t\t\t<a class=\"elementor-button elementor-button-link elementor-size-sm\" href=\"https:\/\/www.yumpu.com\/de\/document\/view\/68840744\/monographie-westmecklenburg\" target=\"_blank\">\n\t\t\t\t\t\t<span class=\"elementor-button-content-wrapper\">\n\t\t\t\t\t\t\t\t\t<span class=\"elementor-button-text\">E-book<\/span>\n\t\t\t\t\t<\/span>\n\t\t\t\t\t<\/a>\n\t\t\t\t<\/div>\n\t\t\t\t\t\t\t\t<\/div>\n\t\t\t\t<\/div>\n\t\t\t\t<\/div>\n\t\t\t\t\t<\/div>\n\t\t\t\t<\/div>\n\t\t<div class=\"elementor-element elementor-element-8acac99 e-flex e-con-boxed e-con e-child\" data-id=\"8acac99\" data-element_type=\"container\" data-e-type=\"container\" data-settings=\"{&quot;background_background&quot;:&quot;gradient&quot;}\">\n\t\t\t\t\t<div class=\"e-con-inner\">\n\t\t\t\t<div class=\"elementor-element elementor-element-c531e57 elementor-widget elementor-widget-image\" data-id=\"c531e57\" data-element_type=\"widget\" data-e-type=\"widget\" data-widget_type=\"image.default\">\n\t\t\t\t<div class=\"elementor-widget-container\">\n\t\t\t\t\t\t\t\t\t\t\t\t<figure class=\"wp-caption\">\n\t\t\t\t\t\t\t\t\t\t<img decoding=\"async\" width=\"999\" height=\"1024\" src=\"https:\/\/wirtschaftsstandort-westmecklenburg.de\/wp-content\/uploads\/2023\/11\/Matthias-Belke_Praesident-IHK-zu-Schwerin_\u00a9info@paperheroes.de_01_b_web-999x1024.jpg\" class=\"attachment-large size-large wp-image-5600\" alt=\"Matthias Belke Pr\u00e4sident, Industrie- und Handelskammer zu Schwerin\" srcset=\"https:\/\/wirtschaftsstandort-westmecklenburg.de\/wp-content\/uploads\/2023\/11\/Matthias-Belke_Praesident-IHK-zu-Schwerin_\u00a9info@paperheroes.de_01_b_web-999x1024.jpg 999w, https:\/\/wirtschaftsstandort-westmecklenburg.de\/wp-content\/uploads\/2023\/11\/Matthias-Belke_Praesident-IHK-zu-Schwerin_\u00a9info@paperheroes.de_01_b_web-293x300.jpg 293w, https:\/\/wirtschaftsstandort-westmecklenburg.de\/wp-content\/uploads\/2023\/11\/Matthias-Belke_Praesident-IHK-zu-Schwerin_\u00a9info@paperheroes.de_01_b_web-768x787.jpg 768w, https:\/\/wirtschaftsstandort-westmecklenburg.de\/wp-content\/uploads\/2023\/11\/Matthias-Belke_Praesident-IHK-zu-Schwerin_\u00a9info@paperheroes.de_01_b_web-1499x1536.jpg 1499w, https:\/\/wirtschaftsstandort-westmecklenburg.de\/wp-content\/uploads\/2023\/11\/Matthias-Belke_Praesident-IHK-zu-Schwerin_\u00a9info@paperheroes.de_01_b_web-1999x2048.jpg 1999w\" sizes=\"(max-width: 999px) 100vw, 999px\" \/>\t\t\t\t\t\t\t\t\t\t\t<figcaption class=\"widget-image-caption wp-caption-text\">Matthias Belke, President of Industrie- und Handelskammer zu Schwerin<\/figcaption>\n\t\t\t\t\t\t\t\t\t\t<\/figure>\n\t\t\t\t\t\t\t\t\t<\/div>\n\t\t\t\t<\/div>\n\t\t<div class=\"elementor-element elementor-element-e046677 e-con-full e-flex e-con e-child\" data-id=\"e046677\" data-element_type=\"container\" data-e-type=\"container\">\n\t\t\t\t<div class=\"elementor-element elementor-element-637b12f elementor-widget elementor-widget-heading\" data-id=\"637b12f\" data-element_type=\"widget\" data-e-type=\"widget\" data-widget_type=\"heading.default\">\n\t\t\t\t<div class=\"elementor-widget-container\">\n\t\t\t\t\t<h2 class=\"elementor-heading-title elementor-size-default\">Foreword<\/h2>\t\t\t\t<\/div>\n\t\t\t\t<\/div>\n\t\t\t\t<div class=\"elementor-element elementor-element-c016d20 elementor-widget__width-initial elementor-widget elementor-widget-text-editor\" data-id=\"c016d20\" data-element_type=\"widget\" data-e-type=\"widget\" data-widget_type=\"text-editor.default\">\n\t\t\t\t<div class=\"elementor-widget-container\">\n\t\t\t\t\t\t\t\t\t<p>Wisbar bay and the Salzhaff lagoon, Schwerin with its lakes and the Elbe valley meadows: Western Mecklenburg stands out with beautiful countryside, old towns, rolling fields and dense woodlands. This beauty not only attracts tourists but is also an important location factor for companies. The harmonious combination of aesthetical natural surroundings and a significant business location with infrastructure advantages creates a unique quality of living and working conditions that is rarely encountered in this form.<\/p><p>This publication aims to give a comprehensive overview of the economic structures and developments in the west of Mecklenburg-Western Pomerania.<\/p><p><strong><a style=\"text-decoration: underline;\" href=\"https:\/\/wirtschaftsstandort-westmecklenburg.de\/en\/unkategorisiert\/foreword\/\">Read more \u00bb<\/a><\/strong><\/p>\t\t\t\t\t\t\t\t<\/div>\n\t\t\t\t<\/div>\n\t\t\t\t<\/div>\n\t\t\t\t\t<\/div>\n\t\t\t\t<\/div>\n\t\t<div class=\"elementor-element elementor-element-5df2f9b e-flex e-con-boxed e-con e-child\" data-id=\"5df2f9b\" data-element_type=\"container\" data-e-type=\"container\">\n\t\t\t\t\t<div class=\"e-con-inner\">\n\t\t\t\t<div class=\"elementor-element elementor-element-32eeb6e elementor-widget elementor-widget-heading\" data-id=\"32eeb6e\" data-element_type=\"widget\" data-e-type=\"widget\" data-widget_type=\"heading.default\">\n\t\t\t\t<div class=\"elementor-widget-container\">\n\t\t\t\t\t<h2 class=\"elementor-heading-title elementor-size-default\"><a href=\"https:\/\/wirtschaftsstandort-westmecklenburg.de\/en\/members\/\">Companies in the region<\/a><\/h2>\t\t\t\t<\/div>\n\t\t\t\t<\/div>\n\t\t\t\t<div class=\"elementor-element elementor-element-3ecd5df elementor-widget elementor-widget-wb-post-slider\" data-id=\"3ecd5df\" data-element_type=\"widget\" data-e-type=\"widget\" data-widget_type=\"wb-post-slider.default\">\n\t\t\t\t<div class=\"elementor-widget-container\">\n\t\t\t\t\t<div\r\n\t        \t\tclass=\"wbel_post_slider_wrapper wbel_post_slider_default\"\r\n\t        \t\tid=\"wbel_post_slider_wb_post_slider3ecd5df\"\r\n\t        \t\tdata-slide-to-show=\"3\"\r\n\t        \t\tdata-slides-to-scroll=\"1\"\r\n\t        \t><div class=\"wb_ps_item\">\r\n\t<div class=\"wb_ps_single_item\">\r\n\t\t\t\t\t<div class=\"wb_ps_thumbnail\">\r\n\t\t\t\t<a href=\"https:\/\/wirtschaftsstandort-westmecklenburg.de\/en\/user\/airsense-analytics-gmbh\/\">\r\n\t\t\t\t\t<img decoding=\"async\" src=\"https:\/\/wirtschaftsstandort-westmecklenburg.de\/wp-content\/uploads\/ultimatemember\/95\/cover_photo-600.jpg?1777297909\" alt=\"AIRSENSE\"  \/>\t\t\t\t<\/a>\r\n\t\t\t<\/div>\r\n\t\t\t\t<div class=\"wb_ps_content\">\r\n\r\n\t\t\t<div class=\"wb_ps_title\">\r\n\t\t\t\t<h3><a href=\"https:\/\/wirtschaftsstandort-westmecklenburg.de\/en\/user\/airsense-analytics-gmbh\/\">AIRSENSE Analytics GmbH<\/a><\/h3>\r\n\t\t\t<\/div>\r\n\r\n\t\t\t<div class=\"wb_ps_description\">\r\n\r\n\t\t\t\t<div class=\"wb_ps_text\"><\/div>\r\n\r\n\t\t\t\r\n\t\t\t<\/div>\r\n\t\t\r\n\t\t<\/div>\r\n\t<\/div>\r\n<\/div><div class=\"wb_ps_item\">\r\n\t<div class=\"wb_ps_single_item\">\r\n\t\t\t\t\t<div class=\"wb_ps_thumbnail\">\r\n\t\t\t\t<a href=\"https:\/\/wirtschaftsstandort-westmecklenburg.de\/en\/user\/aqua-service-schwerin-beratungs-und-betriebsf%C3%BChrungsgesellschaft-mbh\/\">\r\n\t\t\t\t\t<img decoding=\"async\" src=\"https:\/\/wirtschaftsstandort-westmecklenburg.de\/wp-content\/uploads\/ultimatemember\/139\/cover_photo-600.jpg?1777297909\" alt=\"Aqua\"  \/>\t\t\t\t<\/a>\r\n\t\t\t<\/div>\r\n\t\t\t\t<div class=\"wb_ps_content\">\r\n\r\n\t\t\t<div class=\"wb_ps_title\">\r\n\t\t\t\t<h3><a href=\"https:\/\/wirtschaftsstandort-westmecklenburg.de\/en\/user\/aqua-service-schwerin-beratungs-und-betriebsf%C3%BChrungsgesellschaft-mbh\/\">Aqua Service Schwerin Beratungs- und Betriebsf\u00fchrungsgesellschaft mbH<\/a><\/h3>\r\n\t\t\t<\/div>\r\n\r\n\t\t\t<div class=\"wb_ps_description\">\r\n\r\n\t\t\t\t<div class=\"wb_ps_text\"><\/div>\r\n\r\n\t\t\t\r\n\t\t\t<\/div>\r\n\t\t\r\n\t\t<\/div>\r\n\t<\/div>\r\n<\/div><div class=\"wb_ps_item\">\r\n\t<div class=\"wb_ps_single_item\">\r\n\t\t\t\t\t<div class=\"wb_ps_thumbnail\">\r\n\t\t\t\t<a href=\"https:\/\/wirtschaftsstandort-westmecklenburg.de\/en\/user\/awus-mobile-gmbh-amp%3B-co-kg\/\">\r\n\t\t\t\t\t<img decoding=\"async\" src=\"https:\/\/wirtschaftsstandort-westmecklenburg.de\/wp-content\/uploads\/ultimatemember\/107\/cover_photo-600.jpg?1777297909\" alt=\"AWUS\"  \/>\t\t\t\t<\/a>\r\n\t\t\t<\/div>\r\n\t\t\t\t<div class=\"wb_ps_content\">\r\n\r\n\t\t\t<div class=\"wb_ps_title\">\r\n\t\t\t\t<h3><a href=\"https:\/\/wirtschaftsstandort-westmecklenburg.de\/en\/user\/awus-mobile-gmbh-amp%3B-co-kg\/\">AWUS mobile GmbH & Co. KG<\/a><\/h3>\r\n\t\t\t<\/div>\r\n\r\n\t\t\t<div class=\"wb_ps_description\">\r\n\r\n\t\t\t\t<div class=\"wb_ps_text\"><\/div>\r\n\r\n\t\t\t\r\n\t\t\t<\/div>\r\n\t\t\r\n\t\t<\/div>\r\n\t<\/div>\r\n<\/div><div class=\"wb_ps_item\">\r\n\t<div class=\"wb_ps_single_item\">\r\n\t\t\t\t\t<div class=\"wb_ps_thumbnail\">\r\n\t\t\t\t<a href=\"https:\/\/wirtschaftsstandort-westmecklenburg.de\/en\/user\/baker-tilly\/\">\r\n\t\t\t\t\t<img decoding=\"async\" src=\"https:\/\/wirtschaftsstandort-westmecklenburg.de\/wp-content\/uploads\/ultimatemember\/96\/cover_photo-600.jpg?1777297909\" alt=\"Baker Tilly\"  \/>\t\t\t\t<\/a>\r\n\t\t\t<\/div>\r\n\t\t\t\t<div class=\"wb_ps_content\">\r\n\r\n\t\t\t<div class=\"wb_ps_title\">\r\n\t\t\t\t<h3><a href=\"https:\/\/wirtschaftsstandort-westmecklenburg.de\/en\/user\/baker-tilly\/\">Baker Tilly<\/a><\/h3>\r\n\t\t\t<\/div>\r\n\r\n\t\t\t<div class=\"wb_ps_description\">\r\n\r\n\t\t\t\t<div class=\"wb_ps_text\"><\/div>\r\n\r\n\t\t\t\r\n\t\t\t<\/div>\r\n\t\t\r\n\t\t<\/div>\r\n\t<\/div>\r\n<\/div><div class=\"wb_ps_item\">\r\n\t<div class=\"wb_ps_single_item\">\r\n\t\t\t\t\t<div class=\"wb_ps_thumbnail\">\r\n\t\t\t\t<a href=\"https:\/\/wirtschaftsstandort-westmecklenburg.de\/en\/user\/bauunion-wismar-gmbh\/\">\r\n\t\t\t\t\t<img decoding=\"async\" src=\"https:\/\/wirtschaftsstandort-westmecklenburg.de\/wp-content\/uploads\/ultimatemember\/87\/cover_photo-600.jpg?1777297909\" alt=\"BAUUNION\"  \/>\t\t\t\t<\/a>\r\n\t\t\t<\/div>\r\n\t\t\t\t<div class=\"wb_ps_content\">\r\n\r\n\t\t\t<div class=\"wb_ps_title\">\r\n\t\t\t\t<h3><a href=\"https:\/\/wirtschaftsstandort-westmecklenburg.de\/en\/user\/bauunion-wismar-gmbh\/\">BAUUNION Wismar GmbH<\/a><\/h3>\r\n\t\t\t<\/div>\r\n\r\n\t\t\t<div class=\"wb_ps_description\">\r\n\r\n\t\t\t\t<div class=\"wb_ps_text\"><\/div>\r\n\r\n\t\t\t\r\n\t\t\t<\/div>\r\n\t\t\r\n\t\t<\/div>\r\n\t<\/div>\r\n<\/div><div class=\"wb_ps_item\">\r\n\t<div class=\"wb_ps_single_item\">\r\n\t\t\t\t\t<div class=\"wb_ps_thumbnail\">\r\n\t\t\t\t<a href=\"https:\/\/wirtschaftsstandort-westmecklenburg.de\/en\/user\/bewi-raw-gmbh-werk-wismar\/\">\r\n\t\t\t\t\t<img decoding=\"async\" src=\"https:\/\/wirtschaftsstandort-westmecklenburg.de\/wp-content\/uploads\/ultimatemember\/100\/cover_photo-600.jpg?1777297909\" alt=\"BEWI RAW\"  \/>\t\t\t\t<\/a>\r\n\t\t\t<\/div>\r\n\t\t\t\t<div class=\"wb_ps_content\">\r\n\r\n\t\t\t<div class=\"wb_ps_title\">\r\n\t\t\t\t<h3><a href=\"https:\/\/wirtschaftsstandort-westmecklenburg.de\/en\/user\/bewi-raw-gmbh-werk-wismar\/\">BEWI RAW GmbH Werk Wismar<\/a><\/h3>\r\n\t\t\t<\/div>\r\n\r\n\t\t\t<div class=\"wb_ps_description\">\r\n\r\n\t\t\t\t<div class=\"wb_ps_text\"><\/div>\r\n\r\n\t\t\t\r\n\t\t\t<\/div>\r\n\t\t\r\n\t\t<\/div>\r\n\t<\/div>\r\n<\/div><div class=\"wb_ps_item\">\r\n\t<div class=\"wb_ps_single_item\">\r\n\t\t\t\t\t<div class=\"wb_ps_thumbnail\">\r\n\t\t\t\t<a href=\"https:\/\/wirtschaftsstandort-westmecklenburg.de\/en\/user\/br%C3%BCggen-gmbh\/\">\r\n\t\t\t\t\t<img decoding=\"async\" src=\"https:\/\/wirtschaftsstandort-westmecklenburg.de\/wp-content\/uploads\/ultimatemember\/115\/cover_photo-600.jpg?1777297909\" alt=\"Brueggen\"  \/>\t\t\t\t<\/a>\r\n\t\t\t<\/div>\r\n\t\t\t\t<div class=\"wb_ps_content\">\r\n\r\n\t\t\t<div class=\"wb_ps_title\">\r\n\t\t\t\t<h3><a href=\"https:\/\/wirtschaftsstandort-westmecklenburg.de\/en\/user\/br%C3%BCggen-gmbh\/\">Br\u00fcggen GmbH<\/a><\/h3>\r\n\t\t\t<\/div>\r\n\r\n\t\t\t<div class=\"wb_ps_description\">\r\n\r\n\t\t\t\t<div class=\"wb_ps_text\"><\/div>\r\n\r\n\t\t\t\r\n\t\t\t<\/div>\r\n\t\t\r\n\t\t<\/div>\r\n\t<\/div>\r\n<\/div><div class=\"wb_ps_item\">\r\n\t<div class=\"wb_ps_single_item\">\r\n\t\t\t\t\t<div class=\"wb_ps_thumbnail\">\r\n\t\t\t\t<a href=\"https:\/\/wirtschaftsstandort-westmecklenburg.de\/en\/user\/b%C3%BCtow-industrie-elektronik\/\">\r\n\t\t\t\t\t<img decoding=\"async\" src=\"https:\/\/wirtschaftsstandort-westmecklenburg.de\/wp-content\/uploads\/ultimatemember\/116\/cover_photo-600.jpg?1777297909\" alt=\"Buetow\"  \/>\t\t\t\t<\/a>\r\n\t\t\t<\/div>\r\n\t\t\t\t<div class=\"wb_ps_content\">\r\n\r\n\t\t\t<div class=\"wb_ps_title\">\r\n\t\t\t\t<h3><a href=\"https:\/\/wirtschaftsstandort-westmecklenburg.de\/en\/user\/b%C3%BCtow-industrie-elektronik\/\">B\u00dcTOW Industrie-Elektronik GmbH<\/a><\/h3>\r\n\t\t\t<\/div>\r\n\r\n\t\t\t<div class=\"wb_ps_description\">\r\n\r\n\t\t\t\t<div class=\"wb_ps_text\"><\/div>\r\n\r\n\t\t\t\r\n\t\t\t<\/div>\r\n\t\t\r\n\t\t<\/div>\r\n\t<\/div>\r\n<\/div><div class=\"wb_ps_item\">\r\n\t<div class=\"wb_ps_single_item\">\r\n\t\t\t\t\t<div class=\"wb_ps_thumbnail\">\r\n\t\t\t\t<a href=\"https:\/\/wirtschaftsstandort-westmecklenburg.de\/en\/user\/dr-august-oetker-nahrungsmittel-kg\/\">\r\n\t\t\t\t\t<img decoding=\"async\" src=\"https:\/\/wirtschaftsstandort-westmecklenburg.de\/wp-content\/uploads\/ultimatemember\/147\/cover_photo-600.jpg?1777297909\" alt=\"Dr Oetker\"  \/>\t\t\t\t<\/a>\r\n\t\t\t<\/div>\r\n\t\t\t\t<div class=\"wb_ps_content\">\r\n\r\n\t\t\t<div class=\"wb_ps_title\">\r\n\t\t\t\t<h3><a href=\"https:\/\/wirtschaftsstandort-westmecklenburg.de\/en\/user\/dr-august-oetker-nahrungsmittel-kg\/\">Dr. Oetker Tiefk\u00fchlprodukte Wittenburg KG<\/a><\/h3>\r\n\t\t\t<\/div>\r\n\r\n\t\t\t<div class=\"wb_ps_description\">\r\n\r\n\t\t\t\t<div class=\"wb_ps_text\"><\/div>\r\n\r\n\t\t\t\r\n\t\t\t<\/div>\r\n\t\t\r\n\t\t<\/div>\r\n\t<\/div>\r\n<\/div><div class=\"wb_ps_item\">\r\n\t<div class=\"wb_ps_single_item\">\r\n\t\t\t\t\t<div class=\"wb_ps_thumbnail\">\r\n\t\t\t\t<a href=\"https:\/\/wirtschaftsstandort-westmecklenburg.de\/en\/user\/ds-automation-gmbh\/\">\r\n\t\t\t\t\t<img decoding=\"async\" src=\"https:\/\/wirtschaftsstandort-westmecklenburg.de\/wp-content\/uploads\/ultimatemember\/101\/cover_photo-600.jpg?1777297910\" alt=\"ds automation\"  \/>\t\t\t\t<\/a>\r\n\t\t\t<\/div>\r\n\t\t\t\t<div class=\"wb_ps_content\">\r\n\r\n\t\t\t<div class=\"wb_ps_title\">\r\n\t\t\t\t<h3><a href=\"https:\/\/wirtschaftsstandort-westmecklenburg.de\/en\/user\/ds-automation-gmbh\/\">ds automation gmbh<\/a><\/h3>\r\n\t\t\t<\/div>\r\n\r\n\t\t\t<div class=\"wb_ps_description\">\r\n\r\n\t\t\t\t<div class=\"wb_ps_text\"><\/div>\r\n\r\n\t\t\t\r\n\t\t\t<\/div>\r\n\t\t\r\n\t\t<\/div>\r\n\t<\/div>\r\n<\/div><div class=\"wb_ps_item\">\r\n\t<div class=\"wb_ps_single_item\">\r\n\t\t\t\t\t<div class=\"wb_ps_thumbnail\">\r\n\t\t\t\t<a href=\"https:\/\/wirtschaftsstandort-westmecklenburg.de\/en\/user\/dst-%E2%80%93-diagnostische-systeme-amp%3B-technologien-gmbh\/\">\r\n\t\t\t\t\t<img decoding=\"async\" src=\"https:\/\/wirtschaftsstandort-westmecklenburg.de\/wp-content\/uploads\/ultimatemember\/97\/cover_photo-600.jpg?1777297910\" alt=\"DST\"  \/>\t\t\t\t<\/a>\r\n\t\t\t<\/div>\r\n\t\t\t\t<div class=\"wb_ps_content\">\r\n\r\n\t\t\t<div class=\"wb_ps_title\">\r\n\t\t\t\t<h3><a href=\"https:\/\/wirtschaftsstandort-westmecklenburg.de\/en\/user\/dst-%E2%80%93-diagnostische-systeme-amp%3B-technologien-gmbh\/\">DST \u2013 Diagnostische Systeme & Technologien GmbH<\/a><\/h3>\r\n\t\t\t<\/div>\r\n\r\n\t\t\t<div class=\"wb_ps_description\">\r\n\r\n\t\t\t\t<div class=\"wb_ps_text\"><\/div>\r\n\r\n\t\t\t\r\n\t\t\t<\/div>\r\n\t\t\r\n\t\t<\/div>\r\n\t<\/div>\r\n<\/div><div class=\"wb_ps_item\">\r\n\t<div class=\"wb_ps_single_item\">\r\n\t\t\t\t\t<div class=\"wb_ps_thumbnail\">\r\n\t\t\t\t<a href=\"https:\/\/wirtschaftsstandort-westmecklenburg.de\/en\/user\/dvz-datenverarbeitungszentrum\/\">\r\n\t\t\t\t\t<img decoding=\"async\" src=\"https:\/\/wirtschaftsstandort-westmecklenburg.de\/wp-content\/uploads\/ultimatemember\/131\/cover_photo-600.jpg?1777297910\" alt=\"DVZ\"  \/>\t\t\t\t<\/a>\r\n\t\t\t<\/div>\r\n\t\t\t\t<div class=\"wb_ps_content\">\r\n\r\n\t\t\t<div class=\"wb_ps_title\">\r\n\t\t\t\t<h3><a href=\"https:\/\/wirtschaftsstandort-westmecklenburg.de\/en\/user\/dvz-datenverarbeitungszentrum\/\">DVZ Datenverarbeitungszentrum Mecklenburg-Vorpommern GmbH<\/a><\/h3>\r\n\t\t\t<\/div>\r\n\r\n\t\t\t<div class=\"wb_ps_description\">\r\n\r\n\t\t\t\t<div class=\"wb_ps_text\"><\/div>\r\n\r\n\t\t\t\r\n\t\t\t<\/div>\r\n\t\t\r\n\t\t<\/div>\r\n\t<\/div>\r\n<\/div><div class=\"wb_ps_item\">\r\n\t<div class=\"wb_ps_single_item\">\r\n\t\t\t\t\t<div class=\"wb_ps_thumbnail\">\r\n\t\t\t\t<a href=\"https:\/\/wirtschaftsstandort-westmecklenburg.de\/en\/user\/elomatic-maritime-technologies-gmbh-fiege\/\">\r\n\t\t\t\t\t<img decoding=\"async\" src=\"https:\/\/wirtschaftsstandort-westmecklenburg.de\/wp-content\/uploads\/ultimatemember\/133\/cover_photo-600.jpg?1777297910\" alt=\"Elomantic\"  \/>\t\t\t\t<\/a>\r\n\t\t\t<\/div>\r\n\t\t\t\t<div class=\"wb_ps_content\">\r\n\r\n\t\t\t<div class=\"wb_ps_title\">\r\n\t\t\t\t<h3><a href=\"https:\/\/wirtschaftsstandort-westmecklenburg.de\/en\/user\/elomatic-maritime-technologies-gmbh-fiege\/\">Elomatic Maritime Technologies GmbH<\/a><\/h3>\r\n\t\t\t<\/div>\r\n\r\n\t\t\t<div class=\"wb_ps_description\">\r\n\r\n\t\t\t\t<div class=\"wb_ps_text\"><\/div>\r\n\r\n\t\t\t\r\n\t\t\t<\/div>\r\n\t\t\r\n\t\t<\/div>\r\n\t<\/div>\r\n<\/div><div class=\"wb_ps_item\">\r\n\t<div class=\"wb_ps_single_item\">\r\n\t\t\t\t\t<div class=\"wb_ps_thumbnail\">\r\n\t\t\t\t<a href=\"https:\/\/wirtschaftsstandort-westmecklenburg.de\/en\/user\/die-fensterbauer\/\">\r\n\t\t\t\t\t<img decoding=\"async\" src=\"https:\/\/wirtschaftsstandort-westmecklenburg.de\/wp-content\/uploads\/ultimatemember\/117\/cover_photo-600.jpg?1777297910\" alt=\"fensterbauer\"  \/>\t\t\t\t<\/a>\r\n\t\t\t<\/div>\r\n\t\t\t\t<div class=\"wb_ps_content\">\r\n\r\n\t\t\t<div class=\"wb_ps_title\">\r\n\t\t\t\t<h3><a href=\"https:\/\/wirtschaftsstandort-westmecklenburg.de\/en\/user\/die-fensterbauer\/\">die fensterbauer GmbH<\/a><\/h3>\r\n\t\t\t<\/div>\r\n\r\n\t\t\t<div class=\"wb_ps_description\">\r\n\r\n\t\t\t\t<div class=\"wb_ps_text\"><\/div>\r\n\r\n\t\t\t\r\n\t\t\t<\/div>\r\n\t\t\r\n\t\t<\/div>\r\n\t<\/div>\r\n<\/div><div class=\"wb_ps_item\">\r\n\t<div class=\"wb_ps_single_item\">\r\n\t\t\t\t\t<div class=\"wb_ps_thumbnail\">\r\n\t\t\t\t<a href=\"https:\/\/wirtschaftsstandort-westmecklenburg.de\/en\/user\/gl%C3%A4serne-molkerei-gmbh\/\">\r\n\t\t\t\t\t<img decoding=\"async\" src=\"https:\/\/wirtschaftsstandort-westmecklenburg.de\/wp-content\/uploads\/ultimatemember\/108\/cover_photo-600.jpg?1777297910\" alt=\"Glaeserne Molkerei\"  \/>\t\t\t\t<\/a>\r\n\t\t\t<\/div>\r\n\t\t\t\t<div class=\"wb_ps_content\">\r\n\r\n\t\t\t<div class=\"wb_ps_title\">\r\n\t\t\t\t<h3><a href=\"https:\/\/wirtschaftsstandort-westmecklenburg.de\/en\/user\/gl%C3%A4serne-molkerei-gmbh\/\">Gl\u00e4serne Molkerei GmbH<\/a><\/h3>\r\n\t\t\t<\/div>\r\n\r\n\t\t\t<div class=\"wb_ps_description\">\r\n\r\n\t\t\t\t<div class=\"wb_ps_text\"><\/div>\r\n\r\n\t\t\t\r\n\t\t\t<\/div>\r\n\t\t\r\n\t\t<\/div>\r\n\t<\/div>\r\n<\/div><div class=\"wb_ps_item\">\r\n\t<div class=\"wb_ps_single_item\">\r\n\t\t\t\t\t<div class=\"wb_ps_thumbnail\">\r\n\t\t\t\t<a href=\"https:\/\/wirtschaftsstandort-westmecklenburg.de\/en\/user\/gp-medical-staff\/\">\r\n\t\t\t\t\t<img decoding=\"async\" src=\"https:\/\/wirtschaftsstandort-westmecklenburg.de\/wp-content\/uploads\/ultimatemember\/140\/cover_photo-600.jpg?1777297910\" alt=\"GP\"  \/>\t\t\t\t<\/a>\r\n\t\t\t<\/div>\r\n\t\t\t\t<div class=\"wb_ps_content\">\r\n\r\n\t\t\t<div class=\"wb_ps_title\">\r\n\t\t\t\t<h3><a href=\"https:\/\/wirtschaftsstandort-westmecklenburg.de\/en\/user\/gp-medical-staff\/\">GP Medical Staff GmbH<\/a><\/h3>\r\n\t\t\t<\/div>\r\n\r\n\t\t\t<div class=\"wb_ps_description\">\r\n\r\n\t\t\t\t<div class=\"wb_ps_text\"><\/div>\r\n\r\n\t\t\t\r\n\t\t\t<\/div>\r\n\t\t\r\n\t\t<\/div>\r\n\t<\/div>\r\n<\/div><div class=\"wb_ps_item\">\r\n\t<div class=\"wb_ps_single_item\">\r\n\t\t\t\t\t<div class=\"wb_ps_thumbnail\">\r\n\t\t\t\t<a href=\"https:\/\/wirtschaftsstandort-westmecklenburg.de\/en\/user\/graftec\/\">\r\n\t\t\t\t\t<img decoding=\"async\" src=\"https:\/\/wirtschaftsstandort-westmecklenburg.de\/wp-content\/uploads\/ultimatemember\/141\/cover_photo-600.jpg?1777297910\" alt=\"Graftec\"  \/>\t\t\t\t<\/a>\r\n\t\t\t<\/div>\r\n\t\t\t\t<div class=\"wb_ps_content\">\r\n\r\n\t\t\t<div class=\"wb_ps_title\">\r\n\t\t\t\t<h3><a href=\"https:\/\/wirtschaftsstandort-westmecklenburg.de\/en\/user\/graftec\/\">GRAFTEC GmbH<\/a><\/h3>\r\n\t\t\t<\/div>\r\n\r\n\t\t\t<div class=\"wb_ps_description\">\r\n\r\n\t\t\t\t<div class=\"wb_ps_text\"><\/div>\r\n\r\n\t\t\t\r\n\t\t\t<\/div>\r\n\t\t\r\n\t\t<\/div>\r\n\t<\/div>\r\n<\/div><div class=\"wb_ps_item\">\r\n\t<div class=\"wb_ps_single_item\">\r\n\t\t\t\t\t<div class=\"wb_ps_thumbnail\">\r\n\t\t\t\t<a href=\"https:\/\/wirtschaftsstandort-westmecklenburg.de\/en\/user\/hch-umwelt-gmbh\/\">\r\n\t\t\t\t\t<img decoding=\"async\" src=\"https:\/\/wirtschaftsstandort-westmecklenburg.de\/wp-content\/uploads\/ultimatemember\/104\/cover_photo-600.jpg?1777297910\" alt=\"HCH\"  \/>\t\t\t\t<\/a>\r\n\t\t\t<\/div>\r\n\t\t\t\t<div class=\"wb_ps_content\">\r\n\r\n\t\t\t<div class=\"wb_ps_title\">\r\n\t\t\t\t<h3><a href=\"https:\/\/wirtschaftsstandort-westmecklenburg.de\/en\/user\/hch-umwelt-gmbh\/\">HCH Umwelt GmbH<\/a><\/h3>\r\n\t\t\t<\/div>\r\n\r\n\t\t\t<div class=\"wb_ps_description\">\r\n\r\n\t\t\t\t<div class=\"wb_ps_text\"><\/div>\r\n\r\n\t\t\t\r\n\t\t\t<\/div>\r\n\t\t\r\n\t\t<\/div>\r\n\t<\/div>\r\n<\/div><div class=\"wb_ps_item\">\r\n\t<div class=\"wb_ps_single_item\">\r\n\t\t\t\t\t<div class=\"wb_ps_thumbnail\">\r\n\t\t\t\t<a href=\"https:\/\/wirtschaftsstandort-westmecklenburg.de\/en\/user\/hochschule-wismar\/\">\r\n\t\t\t\t\t<img decoding=\"async\" src=\"https:\/\/wirtschaftsstandort-westmecklenburg.de\/wp-content\/uploads\/ultimatemember\/119\/cover_photo-600.jpg?1777297910\" alt=\"Hochschule\"  \/>\t\t\t\t<\/a>\r\n\t\t\t<\/div>\r\n\t\t\t\t<div class=\"wb_ps_content\">\r\n\r\n\t\t\t<div class=\"wb_ps_title\">\r\n\t\t\t\t<h3><a href=\"https:\/\/wirtschaftsstandort-westmecklenburg.de\/en\/user\/hochschule-wismar\/\">Hochschule Wismar<\/a><\/h3>\r\n\t\t\t<\/div>\r\n\r\n\t\t\t<div class=\"wb_ps_description\">\r\n\r\n\t\t\t\t<div class=\"wb_ps_text\"><\/div>\r\n\r\n\t\t\t\r\n\t\t\t<\/div>\r\n\t\t\r\n\t\t<\/div>\r\n\t<\/div>\r\n<\/div><div class=\"wb_ps_item\">\r\n\t<div class=\"wb_ps_single_item\">\r\n\t\t\t\t\t<div class=\"wb_ps_thumbnail\">\r\n\t\t\t\t<a href=\"https:\/\/wirtschaftsstandort-westmecklenburg.de\/en\/user\/hw-leasing-gmbh\/\">\r\n\t\t\t\t\t<img decoding=\"async\" src=\"https:\/\/wirtschaftsstandort-westmecklenburg.de\/wp-content\/uploads\/ultimatemember\/109\/cover_photo-600.jpg?1777297910\" alt=\"HW\"  \/>\t\t\t\t<\/a>\r\n\t\t\t<\/div>\r\n\t\t\t\t<div class=\"wb_ps_content\">\r\n\r\n\t\t\t<div class=\"wb_ps_title\">\r\n\t\t\t\t<h3><a href=\"https:\/\/wirtschaftsstandort-westmecklenburg.de\/en\/user\/hw-leasing-gmbh\/\">HW Leasing GmbH<\/a><\/h3>\r\n\t\t\t<\/div>\r\n\r\n\t\t\t<div class=\"wb_ps_description\">\r\n\r\n\t\t\t\t<div class=\"wb_ps_text\"><\/div>\r\n\r\n\t\t\t\r\n\t\t\t<\/div>\r\n\t\t\r\n\t\t<\/div>\r\n\t<\/div>\r\n<\/div><div class=\"wb_ps_item\">\r\n\t<div class=\"wb_ps_single_item\">\r\n\t\t\t\t\t<div class=\"wb_ps_thumbnail\">\r\n\t\t\t\t<a href=\"https:\/\/wirtschaftsstandort-westmecklenburg.de\/en\/user\/iag--ihlenberger-abfallentsorgungsgesellschaft-mbh\/\">\r\n\t\t\t\t\t<img decoding=\"async\" src=\"https:\/\/wirtschaftsstandort-westmecklenburg.de\/wp-content\/uploads\/ultimatemember\/124\/cover_photo-600.jpg?1777297910\" alt=\"IAG\"  \/>\t\t\t\t<\/a>\r\n\t\t\t<\/div>\r\n\t\t\t\t<div class=\"wb_ps_content\">\r\n\r\n\t\t\t<div class=\"wb_ps_title\">\r\n\t\t\t\t<h3><a href=\"https:\/\/wirtschaftsstandort-westmecklenburg.de\/en\/user\/iag--ihlenberger-abfallentsorgungsgesellschaft-mbh\/\">IAG \u2013 Ihlenberger Abfallentsorgungsgesellschaft mbH<\/a><\/h3>\r\n\t\t\t<\/div>\r\n\r\n\t\t\t<div class=\"wb_ps_description\">\r\n\r\n\t\t\t\t<div class=\"wb_ps_text\"><\/div>\r\n\r\n\t\t\t\r\n\t\t\t<\/div>\r\n\t\t\r\n\t\t<\/div>\r\n\t<\/div>\r\n<\/div><div class=\"wb_ps_item\">\r\n\t<div class=\"wb_ps_single_item\">\r\n\t\t\t\t\t<div class=\"wb_ps_thumbnail\">\r\n\t\t\t\t<a href=\"https:\/\/wirtschaftsstandort-westmecklenburg.de\/en\/user\/ilim-nordic-timber-gmbh-amp%3B-co-kg\/\">\r\n\t\t\t\t\t<img decoding=\"async\" src=\"https:\/\/wirtschaftsstandort-westmecklenburg.de\/wp-content\/uploads\/ultimatemember\/102\/cover_photo-600.jpg?1777297910\" alt=\"Ilim\"  \/>\t\t\t\t<\/a>\r\n\t\t\t<\/div>\r\n\t\t\t\t<div class=\"wb_ps_content\">\r\n\r\n\t\t\t<div class=\"wb_ps_title\">\r\n\t\t\t\t<h3><a href=\"https:\/\/wirtschaftsstandort-westmecklenburg.de\/en\/user\/ilim-nordic-timber-gmbh-amp%3B-co-kg\/\">Ilim Nordic Timber GmbH & Co. KG<\/a><\/h3>\r\n\t\t\t<\/div>\r\n\r\n\t\t\t<div class=\"wb_ps_description\">\r\n\r\n\t\t\t\t<div class=\"wb_ps_text\"><\/div>\r\n\r\n\t\t\t\r\n\t\t\t<\/div>\r\n\t\t\r\n\t\t<\/div>\r\n\t<\/div>\r\n<\/div><div class=\"wb_ps_item\">\r\n\t<div class=\"wb_ps_single_item\">\r\n\t\t\t\t\t<div class=\"wb_ps_thumbnail\">\r\n\t\t\t\t<a href=\"https:\/\/wirtschaftsstandort-westmecklenburg.de\/en\/user\/it-tekten-gmbh\/\">\r\n\t\t\t\t\t<img decoding=\"async\" src=\"https:\/\/wirtschaftsstandort-westmecklenburg.de\/wp-content\/uploads\/ultimatemember\/88\/cover_photo-600.jpg?1777297910\" alt=\"IT-TEKTEN\"  \/>\t\t\t\t<\/a>\r\n\t\t\t<\/div>\r\n\t\t\t\t<div class=\"wb_ps_content\">\r\n\r\n\t\t\t<div class=\"wb_ps_title\">\r\n\t\t\t\t<h3><a href=\"https:\/\/wirtschaftsstandort-westmecklenburg.de\/en\/user\/it-tekten-gmbh\/\">IT-TEKTEN GmbH<\/a><\/h3>\r\n\t\t\t<\/div>\r\n\r\n\t\t\t<div class=\"wb_ps_description\">\r\n\r\n\t\t\t\t<div class=\"wb_ps_text\"><\/div>\r\n\r\n\t\t\t\r\n\t\t\t<\/div>\r\n\t\t\r\n\t\t<\/div>\r\n\t<\/div>\r\n<\/div><div class=\"wb_ps_item\">\r\n\t<div class=\"wb_ps_single_item\">\r\n\t\t\t\t\t<div class=\"wb_ps_thumbnail\">\r\n\t\t\t\t<a href=\"https:\/\/wirtschaftsstandort-westmecklenburg.de\/en\/user\/kgw-schweriner-maschinen-und-anlagenbau-gmbh\/\">\r\n\t\t\t\t\t<img decoding=\"async\" src=\"https:\/\/wirtschaftsstandort-westmecklenburg.de\/wp-content\/uploads\/ultimatemember\/132\/cover_photo-600.jpg?1777297910\" alt=\"KGW\"  \/>\t\t\t\t<\/a>\r\n\t\t\t<\/div>\r\n\t\t\t\t<div class=\"wb_ps_content\">\r\n\r\n\t\t\t<div class=\"wb_ps_title\">\r\n\t\t\t\t<h3><a href=\"https:\/\/wirtschaftsstandort-westmecklenburg.de\/en\/user\/kgw-schweriner-maschinen-und-anlagenbau-gmbh\/\">KGW Schweriner Maschinen- und Anlagenbau GmbH<\/a><\/h3>\r\n\t\t\t<\/div>\r\n\r\n\t\t\t<div class=\"wb_ps_description\">\r\n\r\n\t\t\t\t<div class=\"wb_ps_text\"><\/div>\r\n\r\n\t\t\t\r\n\t\t\t<\/div>\r\n\t\t\r\n\t\t<\/div>\r\n\t<\/div>\r\n<\/div><div class=\"wb_ps_item\">\r\n\t<div class=\"wb_ps_single_item\">\r\n\t\t\t\t\t<div class=\"wb_ps_thumbnail\">\r\n\t\t\t\t<a href=\"https:\/\/wirtschaftsstandort-westmecklenburg.de\/en\/user\/kunststoff-schult-amp%3B-sohn-gmbh\/\">\r\n\t\t\t\t\t<img decoding=\"async\" src=\"https:\/\/wirtschaftsstandort-westmecklenburg.de\/wp-content\/uploads\/ultimatemember\/145\/cover_photo-600.jpg?1777297910\" alt=\"Kunststoff Schult und Sohn\"  \/>\t\t\t\t<\/a>\r\n\t\t\t<\/div>\r\n\t\t\t\t<div class=\"wb_ps_content\">\r\n\r\n\t\t\t<div class=\"wb_ps_title\">\r\n\t\t\t\t<h3><a href=\"https:\/\/wirtschaftsstandort-westmecklenburg.de\/en\/user\/kunststoff-schult-amp%3B-sohn-gmbh\/\">Kunststoff Schult & Sohn GmbH<\/a><\/h3>\r\n\t\t\t<\/div>\r\n\r\n\t\t\t<div class=\"wb_ps_description\">\r\n\r\n\t\t\t\t<div class=\"wb_ps_text\"><\/div>\r\n\r\n\t\t\t\r\n\t\t\t<\/div>\r\n\t\t\r\n\t\t<\/div>\r\n\t<\/div>\r\n<\/div><div class=\"wb_ps_item\">\r\n\t<div class=\"wb_ps_single_item\">\r\n\t\t\t\t\t<div class=\"wb_ps_thumbnail\">\r\n\t\t\t\t<a href=\"https:\/\/wirtschaftsstandort-westmecklenburg.de\/en\/user\/leukhardt-schaltanlagen-systemtechnik-gmbh\/\">\r\n\t\t\t\t\t<img decoding=\"async\" src=\"https:\/\/wirtschaftsstandort-westmecklenburg.de\/wp-content\/uploads\/ultimatemember\/89\/cover_photo-600.jpg?1777297910\" alt=\"Leukhardt\"  \/>\t\t\t\t<\/a>\r\n\t\t\t<\/div>\r\n\t\t\t\t<div class=\"wb_ps_content\">\r\n\r\n\t\t\t<div class=\"wb_ps_title\">\r\n\t\t\t\t<h3><a href=\"https:\/\/wirtschaftsstandort-westmecklenburg.de\/en\/user\/leukhardt-schaltanlagen-systemtechnik-gmbh\/\">Leukhardt Schaltanlagen Systemtechnik GmbH<\/a><\/h3>\r\n\t\t\t<\/div>\r\n\r\n\t\t\t<div class=\"wb_ps_description\">\r\n\r\n\t\t\t\t<div class=\"wb_ps_text\"><\/div>\r\n\r\n\t\t\t\r\n\t\t\t<\/div>\r\n\t\t\r\n\t\t<\/div>\r\n\t<\/div>\r\n<\/div><div class=\"wb_ps_item\">\r\n\t<div class=\"wb_ps_single_item\">\r\n\t\t\t\t\t<div class=\"wb_ps_thumbnail\">\r\n\t\t\t\t<a href=\"https:\/\/wirtschaftsstandort-westmecklenburg.de\/en\/user\/anke-reichert\/\">\r\n\t\t\t\t\t<img decoding=\"async\" src=\"https:\/\/wirtschaftsstandort-westmecklenburg.de\/wp-content\/uploads\/ultimatemember\/148\/cover_photo-600.jpg?1777297910\" alt=\"Logic Way GmbH\"  \/>\t\t\t\t<\/a>\r\n\t\t\t<\/div>\r\n\t\t\t\t<div class=\"wb_ps_content\">\r\n\r\n\t\t\t<div class=\"wb_ps_title\">\r\n\t\t\t\t<h3><a href=\"https:\/\/wirtschaftsstandort-westmecklenburg.de\/en\/user\/anke-reichert\/\">LOGIC WAY GmbH<\/a><\/h3>\r\n\t\t\t<\/div>\r\n\r\n\t\t\t<div class=\"wb_ps_description\">\r\n\r\n\t\t\t\t<div class=\"wb_ps_text\"><\/div>\r\n\r\n\t\t\t\r\n\t\t\t<\/div>\r\n\t\t\r\n\t\t<\/div>\r\n\t<\/div>\r\n<\/div><div class=\"wb_ps_item\">\r\n\t<div class=\"wb_ps_single_item\">\r\n\t\t\t\t\t<div class=\"wb_ps_thumbnail\">\r\n\t\t\t\t<a href=\"https:\/\/wirtschaftsstandort-westmecklenburg.de\/en\/user\/matachana-germany-gmbh\/\">\r\n\t\t\t\t\t<img decoding=\"async\" src=\"https:\/\/wirtschaftsstandort-westmecklenburg.de\/wp-content\/uploads\/ultimatemember\/137\/cover_photo-600.jpg?1777297910\" alt=\"Matachana\"  \/>\t\t\t\t<\/a>\r\n\t\t\t<\/div>\r\n\t\t\t\t<div class=\"wb_ps_content\">\r\n\r\n\t\t\t<div class=\"wb_ps_title\">\r\n\t\t\t\t<h3><a href=\"https:\/\/wirtschaftsstandort-westmecklenburg.de\/en\/user\/matachana-germany-gmbh\/\">MATACHANA Germany GmbH<\/a><\/h3>\r\n\t\t\t<\/div>\r\n\r\n\t\t\t<div class=\"wb_ps_description\">\r\n\r\n\t\t\t\t<div class=\"wb_ps_text\"><\/div>\r\n\r\n\t\t\t\r\n\t\t\t<\/div>\r\n\t\t\r\n\t\t<\/div>\r\n\t<\/div>\r\n<\/div><div class=\"wb_ps_item\">\r\n\t<div class=\"wb_ps_single_item\">\r\n\t\t\t\t\t<div class=\"wb_ps_thumbnail\">\r\n\t\t\t\t<a href=\"https:\/\/wirtschaftsstandort-westmecklenburg.de\/en\/user\/mfg-freizeitm%C3%B6bel\/\">\r\n\t\t\t\t\t<img decoding=\"async\" src=\"https:\/\/wirtschaftsstandort-westmecklenburg.de\/wp-content\/uploads\/ultimatemember\/120\/cover_photo-600.jpg?1777297910\" alt=\"MFG\"  \/>\t\t\t\t<\/a>\r\n\t\t\t<\/div>\r\n\t\t\t\t<div class=\"wb_ps_content\">\r\n\r\n\t\t\t<div class=\"wb_ps_title\">\r\n\t\t\t\t<h3><a href=\"https:\/\/wirtschaftsstandort-westmecklenburg.de\/en\/user\/mfg-freizeitm%C3%B6bel\/\">MFG Freizeitm\u00f6bel<\/a><\/h3>\r\n\t\t\t<\/div>\r\n\r\n\t\t\t<div class=\"wb_ps_description\">\r\n\r\n\t\t\t\t<div class=\"wb_ps_text\"><\/div>\r\n\r\n\t\t\t\r\n\t\t\t<\/div>\r\n\t\t\r\n\t\t<\/div>\r\n\t<\/div>\r\n<\/div><div class=\"wb_ps_item\">\r\n\t<div class=\"wb_ps_single_item\">\r\n\t\t\t\t\t<div class=\"wb_ps_thumbnail\">\r\n\t\t\t\t<a href=\"https:\/\/wirtschaftsstandort-westmecklenburg.de\/en\/user\/miv-mecklenburgisches-ingenieurb%C3%BCro-f%C3%BCr-verkehrsbau-gmbh\/\">\r\n\t\t\t\t\t<img decoding=\"async\" src=\"https:\/\/wirtschaftsstandort-westmecklenburg.de\/wp-content\/uploads\/ultimatemember\/90\/cover_photo-600.jpg?1777297910\" alt=\"MIV\"  \/>\t\t\t\t<\/a>\r\n\t\t\t<\/div>\r\n\t\t\t\t<div class=\"wb_ps_content\">\r\n\r\n\t\t\t<div class=\"wb_ps_title\">\r\n\t\t\t\t<h3><a href=\"https:\/\/wirtschaftsstandort-westmecklenburg.de\/en\/user\/miv-mecklenburgisches-ingenieurb%C3%BCro-f%C3%BCr-verkehrsbau-gmbh\/\">MIV Mecklenburgisches Ingenieurb\u00fcro f\u00fcr Verkehrsbau GmbH<\/a><\/h3>\r\n\t\t\t<\/div>\r\n\r\n\t\t\t<div class=\"wb_ps_description\">\r\n\r\n\t\t\t\t<div class=\"wb_ps_text\"><\/div>\r\n\r\n\t\t\t\r\n\t\t\t<\/div>\r\n\t\t\r\n\t\t<\/div>\r\n\t<\/div>\r\n<\/div><div class=\"wb_ps_item\">\r\n\t<div class=\"wb_ps_single_item\">\r\n\t\t\t\t\t<div class=\"wb_ps_thumbnail\">\r\n\t\t\t\t<a href=\"https:\/\/wirtschaftsstandort-westmecklenburg.de\/en\/user\/m%C3%BCller-kunststofftechnik-gmbh\/\">\r\n\t\t\t\t\t<img decoding=\"async\" src=\"https:\/\/wirtschaftsstandort-westmecklenburg.de\/wp-content\/uploads\/ultimatemember\/110\/cover_photo-600.jpg?1777297910\" alt=\"mueller\"  \/>\t\t\t\t<\/a>\r\n\t\t\t<\/div>\r\n\t\t\t\t<div class=\"wb_ps_content\">\r\n\r\n\t\t\t<div class=\"wb_ps_title\">\r\n\t\t\t\t<h3><a href=\"https:\/\/wirtschaftsstandort-westmecklenburg.de\/en\/user\/m%C3%BCller-kunststofftechnik-gmbh\/\">m\u00fcller Kunststofftechnik GmbH<\/a><\/h3>\r\n\t\t\t<\/div>\r\n\r\n\t\t\t<div class=\"wb_ps_description\">\r\n\r\n\t\t\t\t<div class=\"wb_ps_text\"><\/div>\r\n\r\n\t\t\t\r\n\t\t\t<\/div>\r\n\t\t\r\n\t\t<\/div>\r\n\t<\/div>\r\n<\/div><div class=\"wb_ps_item\">\r\n\t<div class=\"wb_ps_single_item\">\r\n\t\t\t\t\t<div class=\"wb_ps_thumbnail\">\r\n\t\t\t\t<a href=\"https:\/\/wirtschaftsstandort-westmecklenburg.de\/en\/user\/nagel-lk-logistik-gmbh\/\">\r\n\t\t\t\t\t<img decoding=\"async\" src=\"https:\/\/wirtschaftsstandort-westmecklenburg.de\/wp-content\/uploads\/ultimatemember\/121\/cover_photo-600.jpg?1777297910\" alt=\"Nagel\"  \/>\t\t\t\t<\/a>\r\n\t\t\t<\/div>\r\n\t\t\t\t<div class=\"wb_ps_content\">\r\n\r\n\t\t\t<div class=\"wb_ps_title\">\r\n\t\t\t\t<h3><a href=\"https:\/\/wirtschaftsstandort-westmecklenburg.de\/en\/user\/nagel-lk-logistik-gmbh\/\">Nagel LK Logistik GmbH<\/a><\/h3>\r\n\t\t\t<\/div>\r\n\r\n\t\t\t<div class=\"wb_ps_description\">\r\n\r\n\t\t\t\t<div class=\"wb_ps_text\"><\/div>\r\n\r\n\t\t\t\r\n\t\t\t<\/div>\r\n\t\t\r\n\t\t<\/div>\r\n\t<\/div>\r\n<\/div><div class=\"wb_ps_item\">\r\n\t<div class=\"wb_ps_single_item\">\r\n\t\t\t\t\t<div class=\"wb_ps_thumbnail\">\r\n\t\t\t\t<a href=\"https:\/\/wirtschaftsstandort-westmecklenburg.de\/en\/user\/nahbus\/\">\r\n\t\t\t\t\t<img decoding=\"async\" src=\"https:\/\/wirtschaftsstandort-westmecklenburg.de\/wp-content\/uploads\/ultimatemember\/135\/cover_photo-600.jpg?1777297910\" alt=\"NAHBUS\"  \/>\t\t\t\t<\/a>\r\n\t\t\t<\/div>\r\n\t\t\t\t<div class=\"wb_ps_content\">\r\n\r\n\t\t\t<div class=\"wb_ps_title\">\r\n\t\t\t\t<h3><a href=\"https:\/\/wirtschaftsstandort-westmecklenburg.de\/en\/user\/nahbus\/\">NAHBUS<\/a><\/h3>\r\n\t\t\t<\/div>\r\n\r\n\t\t\t<div class=\"wb_ps_description\">\r\n\r\n\t\t\t\t<div class=\"wb_ps_text\"><\/div>\r\n\r\n\t\t\t\r\n\t\t\t<\/div>\r\n\t\t\r\n\t\t<\/div>\r\n\t<\/div>\r\n<\/div><div class=\"wb_ps_item\">\r\n\t<div class=\"wb_ps_single_item\">\r\n\t\t\t\t\t<div class=\"wb_ps_thumbnail\">\r\n\t\t\t\t<a href=\"https:\/\/wirtschaftsstandort-westmecklenburg.de\/en\/user\/nahverkehr-schwerin-gmbh-%28nvs%29\/\">\r\n\t\t\t\t\t<img decoding=\"async\" src=\"https:\/\/wirtschaftsstandort-westmecklenburg.de\/wp-content\/uploads\/ultimatemember\/111\/cover_photo-600.jpg?1777297910\" alt=\"Nahverkehr Schwerin\"  \/>\t\t\t\t<\/a>\r\n\t\t\t<\/div>\r\n\t\t\t\t<div class=\"wb_ps_content\">\r\n\r\n\t\t\t<div class=\"wb_ps_title\">\r\n\t\t\t\t<h3><a href=\"https:\/\/wirtschaftsstandort-westmecklenburg.de\/en\/user\/nahverkehr-schwerin-gmbh-%28nvs%29\/\">Nahverkehr Schwerin GmbH (NVS)<\/a><\/h3>\r\n\t\t\t<\/div>\r\n\r\n\t\t\t<div class=\"wb_ps_description\">\r\n\r\n\t\t\t\t<div class=\"wb_ps_text\"><\/div>\r\n\r\n\t\t\t\r\n\t\t\t<\/div>\r\n\t\t\r\n\t\t<\/div>\r\n\t<\/div>\r\n<\/div><div class=\"wb_ps_item\">\r\n\t<div class=\"wb_ps_single_item\">\r\n\t\t\t\t\t<div class=\"wb_ps_thumbnail\">\r\n\t\t\t\t<a href=\"https:\/\/wirtschaftsstandort-westmecklenburg.de\/en\/user\/ot-oberfl%C3%A4chentechnik-gmbh-amp%3B-co-kg\/\">\r\n\t\t\t\t\t<img decoding=\"async\" src=\"https:\/\/wirtschaftsstandort-westmecklenburg.de\/wp-content\/uploads\/ultimatemember\/105\/cover_photo-600.jpg?1777297910\" alt=\"OT\"  \/>\t\t\t\t<\/a>\r\n\t\t\t<\/div>\r\n\t\t\t\t<div class=\"wb_ps_content\">\r\n\r\n\t\t\t<div class=\"wb_ps_title\">\r\n\t\t\t\t<h3><a href=\"https:\/\/wirtschaftsstandort-westmecklenburg.de\/en\/user\/ot-oberfl%C3%A4chentechnik-gmbh-amp%3B-co-kg\/\">OT Oberfl\u00e4chentechnik GmbH & Co. KG (OT Schwerin)<\/a><\/h3>\r\n\t\t\t<\/div>\r\n\r\n\t\t\t<div class=\"wb_ps_description\">\r\n\r\n\t\t\t\t<div class=\"wb_ps_text\"><\/div>\r\n\r\n\t\t\t\r\n\t\t\t<\/div>\r\n\t\t\r\n\t\t<\/div>\r\n\t<\/div>\r\n<\/div><div class=\"wb_ps_item\">\r\n\t<div class=\"wb_ps_single_item\">\r\n\t\t\t\t\t<div class=\"wb_ps_thumbnail\">\r\n\t\t\t\t<a href=\"https:\/\/wirtschaftsstandort-westmecklenburg.de\/en\/user\/providata-gmbh\/\">\r\n\t\t\t\t\t<img decoding=\"async\" src=\"https:\/\/wirtschaftsstandort-westmecklenburg.de\/wp-content\/uploads\/ultimatemember\/112\/cover_photo-600.jpg?1777297910\" alt=\"providata\"  \/>\t\t\t\t<\/a>\r\n\t\t\t<\/div>\r\n\t\t\t\t<div class=\"wb_ps_content\">\r\n\r\n\t\t\t<div class=\"wb_ps_title\">\r\n\t\t\t\t<h3><a href=\"https:\/\/wirtschaftsstandort-westmecklenburg.de\/en\/user\/providata-gmbh\/\">providata GmbH<\/a><\/h3>\r\n\t\t\t<\/div>\r\n\r\n\t\t\t<div class=\"wb_ps_description\">\r\n\r\n\t\t\t\t<div class=\"wb_ps_text\"><\/div>\r\n\r\n\t\t\t\r\n\t\t\t<\/div>\r\n\t\t\r\n\t\t<\/div>\r\n\t<\/div>\r\n<\/div><div class=\"wb_ps_item\">\r\n\t<div class=\"wb_ps_single_item\">\r\n\t\t\t\t\t<div class=\"wb_ps_thumbnail\">\r\n\t\t\t\t<a href=\"https:\/\/wirtschaftsstandort-westmecklenburg.de\/en\/user\/prysmian-group\/\">\r\n\t\t\t\t\t<img decoding=\"async\" src=\"https:\/\/wirtschaftsstandort-westmecklenburg.de\/wp-content\/uploads\/ultimatemember\/91\/cover_photo-600.jpg?1777297910\" alt=\"Prysmian\"  \/>\t\t\t\t<\/a>\r\n\t\t\t<\/div>\r\n\t\t\t\t<div class=\"wb_ps_content\">\r\n\r\n\t\t\t<div class=\"wb_ps_title\">\r\n\t\t\t\t<h3><a href=\"https:\/\/wirtschaftsstandort-westmecklenburg.de\/en\/user\/prysmian-group\/\">Prysmian Group<\/a><\/h3>\r\n\t\t\t<\/div>\r\n\r\n\t\t\t<div class=\"wb_ps_description\">\r\n\r\n\t\t\t\t<div class=\"wb_ps_text\"><\/div>\r\n\r\n\t\t\t\r\n\t\t\t<\/div>\r\n\t\t\r\n\t\t<\/div>\r\n\t<\/div>\r\n<\/div><div class=\"wb_ps_item\">\r\n\t<div class=\"wb_ps_single_item\">\r\n\t\t\t\t\t<div class=\"wb_ps_thumbnail\">\r\n\t\t\t\t<a href=\"https:\/\/wirtschaftsstandort-westmecklenburg.de\/en\/user\/pts-precision-gmbh\/\">\r\n\t\t\t\t\t<img decoding=\"async\" src=\"https:\/\/wirtschaftsstandort-westmecklenburg.de\/wp-content\/uploads\/ultimatemember\/98\/cover_photo-600.jpg?1777297910\" alt=\"PTS\"  \/>\t\t\t\t<\/a>\r\n\t\t\t<\/div>\r\n\t\t\t\t<div class=\"wb_ps_content\">\r\n\r\n\t\t\t<div class=\"wb_ps_title\">\r\n\t\t\t\t<h3><a href=\"https:\/\/wirtschaftsstandort-westmecklenburg.de\/en\/user\/pts-precision-gmbh\/\">PTS-precision GmbH<\/a><\/h3>\r\n\t\t\t<\/div>\r\n\r\n\t\t\t<div class=\"wb_ps_description\">\r\n\r\n\t\t\t\t<div class=\"wb_ps_text\"><\/div>\r\n\r\n\t\t\t\r\n\t\t\t<\/div>\r\n\t\t\r\n\t\t<\/div>\r\n\t<\/div>\r\n<\/div><div class=\"wb_ps_item\">\r\n\t<div class=\"wb_ps_single_item\">\r\n\t\t\t\t\t<div class=\"wb_ps_thumbnail\">\r\n\t\t\t\t<a href=\"https:\/\/wirtschaftsstandort-westmecklenburg.de\/en\/user\/r%C3%84ber-elektrotechnik-gmbh-amp%3B-co-kg\/\">\r\n\t\t\t\t\t<img decoding=\"async\" src=\"https:\/\/wirtschaftsstandort-westmecklenburg.de\/wp-content\/uploads\/ultimatemember\/92\/cover_photo-600.jpg?1777297910\" alt=\"RAEBER\"  \/>\t\t\t\t<\/a>\r\n\t\t\t<\/div>\r\n\t\t\t\t<div class=\"wb_ps_content\">\r\n\r\n\t\t\t<div class=\"wb_ps_title\">\r\n\t\t\t\t<h3><a href=\"https:\/\/wirtschaftsstandort-westmecklenburg.de\/en\/user\/r%C3%84ber-elektrotechnik-gmbh-amp%3B-co-kg\/\">R\u00c4BER ELEKTROTECHNIK GmbH & Co. KG<\/a><\/h3>\r\n\t\t\t<\/div>\r\n\r\n\t\t\t<div class=\"wb_ps_description\">\r\n\r\n\t\t\t\t<div class=\"wb_ps_text\"><\/div>\r\n\r\n\t\t\t\r\n\t\t\t<\/div>\r\n\t\t\r\n\t\t<\/div>\r\n\t<\/div>\r\n<\/div><div class=\"wb_ps_item\">\r\n\t<div class=\"wb_ps_single_item\">\r\n\t\t\t\t\t<div class=\"wb_ps_thumbnail\">\r\n\t\t\t\t<a href=\"https:\/\/wirtschaftsstandort-westmecklenburg.de\/en\/user\/reformkontor-gmbh-amp%3B-co-kg\/\">\r\n\t\t\t\t\t<img decoding=\"async\" src=\"https:\/\/wirtschaftsstandort-westmecklenburg.de\/wp-content\/uploads\/ultimatemember\/122\/cover_photo-600.jpg?1777297910\" alt=\"Reform\"  \/>\t\t\t\t<\/a>\r\n\t\t\t<\/div>\r\n\t\t\t\t<div class=\"wb_ps_content\">\r\n\r\n\t\t\t<div class=\"wb_ps_title\">\r\n\t\t\t\t<h3><a href=\"https:\/\/wirtschaftsstandort-westmecklenburg.de\/en\/user\/reformkontor-gmbh-amp%3B-co-kg\/\">ReformKontor GmbH & Co. KG<\/a><\/h3>\r\n\t\t\t<\/div>\r\n\r\n\t\t\t<div class=\"wb_ps_description\">\r\n\r\n\t\t\t\t<div class=\"wb_ps_text\"><\/div>\r\n\r\n\t\t\t\r\n\t\t\t<\/div>\r\n\t\t\r\n\t\t<\/div>\r\n\t<\/div>\r\n<\/div><div class=\"wb_ps_item\">\r\n\t<div class=\"wb_ps_single_item\">\r\n\t\t\t\t\t<div class=\"wb_ps_thumbnail\">\r\n\t\t\t\t<a href=\"https:\/\/wirtschaftsstandort-westmecklenburg.de\/en\/user\/saz-%E2%80%93-schweriner-aus-und-weiterbildungszentrum-e-v\/\">\r\n\t\t\t\t\t<img decoding=\"async\" src=\"https:\/\/wirtschaftsstandort-westmecklenburg.de\/wp-content\/uploads\/ultimatemember\/93\/cover_photo-600.jpg?1777297910\" alt=\"saz\"  \/>\t\t\t\t<\/a>\r\n\t\t\t<\/div>\r\n\t\t\t\t<div class=\"wb_ps_content\">\r\n\r\n\t\t\t<div class=\"wb_ps_title\">\r\n\t\t\t\t<h3><a href=\"https:\/\/wirtschaftsstandort-westmecklenburg.de\/en\/user\/saz-%E2%80%93-schweriner-aus-und-weiterbildungszentrum-e-v\/\">saz \u2013 Schweriner Aus- und Weiterbildungszentrum e. V.<\/a><\/h3>\r\n\t\t\t<\/div>\r\n\r\n\t\t\t<div class=\"wb_ps_description\">\r\n\r\n\t\t\t\t<div class=\"wb_ps_text\"><\/div>\r\n\r\n\t\t\t\r\n\t\t\t<\/div>\r\n\t\t\r\n\t\t<\/div>\r\n\t<\/div>\r\n<\/div><div class=\"wb_ps_item\">\r\n\t<div class=\"wb_ps_single_item\">\r\n\t\t\t\t\t<div class=\"wb_ps_thumbnail\">\r\n\t\t\t\t<a href=\"https:\/\/wirtschaftsstandort-westmecklenburg.de\/en\/user\/schmal-verpackungen\/\">\r\n\t\t\t\t\t<img decoding=\"async\" src=\"https:\/\/wirtschaftsstandort-westmecklenburg.de\/wp-content\/uploads\/ultimatemember\/142\/cover_photo-600.jpg?1777297910\" alt=\"Schmal\"  \/>\t\t\t\t<\/a>\r\n\t\t\t<\/div>\r\n\t\t\t\t<div class=\"wb_ps_content\">\r\n\r\n\t\t\t<div class=\"wb_ps_title\">\r\n\t\t\t\t<h3><a href=\"https:\/\/wirtschaftsstandort-westmecklenburg.de\/en\/user\/schmal-verpackungen\/\">Schmal GmbH & Co. Verpackungen KG<\/a><\/h3>\r\n\t\t\t<\/div>\r\n\r\n\t\t\t<div class=\"wb_ps_description\">\r\n\r\n\t\t\t\t<div class=\"wb_ps_text\"><\/div>\r\n\r\n\t\t\t\r\n\t\t\t<\/div>\r\n\t\t\r\n\t\t<\/div>\r\n\t<\/div>\r\n<\/div><div class=\"wb_ps_item\">\r\n\t<div class=\"wb_ps_single_item\">\r\n\t\t\t\t\t<div class=\"wb_ps_thumbnail\">\r\n\t\t\t\t<a href=\"https:\/\/wirtschaftsstandort-westmecklenburg.de\/en\/user\/schoeller-allibert-gmbh%2C-schwerin\/\">\r\n\t\t\t\t\t<img decoding=\"async\" src=\"https:\/\/wirtschaftsstandort-westmecklenburg.de\/wp-content\/uploads\/ultimatemember\/103\/cover_photo-600.jpg?1777297910\" alt=\"Schoeller\"  \/>\t\t\t\t<\/a>\r\n\t\t\t<\/div>\r\n\t\t\t\t<div class=\"wb_ps_content\">\r\n\r\n\t\t\t<div class=\"wb_ps_title\">\r\n\t\t\t\t<h3><a href=\"https:\/\/wirtschaftsstandort-westmecklenburg.de\/en\/user\/schoeller-allibert-gmbh%2C-schwerin\/\">Schoeller Allibert GmbH, Schwerin<\/a><\/h3>\r\n\t\t\t<\/div>\r\n\r\n\t\t\t<div class=\"wb_ps_description\">\r\n\r\n\t\t\t\t<div class=\"wb_ps_text\"><\/div>\r\n\r\n\t\t\t\r\n\t\t\t<\/div>\r\n\t\t\r\n\t\t<\/div>\r\n\t<\/div>\r\n<\/div><div class=\"wb_ps_item\">\r\n\t<div class=\"wb_ps_single_item\">\r\n\t\t\t\t\t<div class=\"wb_ps_thumbnail\">\r\n\t\t\t\t<a href=\"https:\/\/wirtschaftsstandort-westmecklenburg.de\/en\/user\/schottel-gmbh\/\">\r\n\t\t\t\t\t<img decoding=\"async\" src=\"https:\/\/wirtschaftsstandort-westmecklenburg.de\/wp-content\/uploads\/ultimatemember\/114\/cover_photo-600.jpg?1777297910\" alt=\"SCHOTTEL\"  \/>\t\t\t\t<\/a>\r\n\t\t\t<\/div>\r\n\t\t\t\t<div class=\"wb_ps_content\">\r\n\r\n\t\t\t<div class=\"wb_ps_title\">\r\n\t\t\t\t<h3><a href=\"https:\/\/wirtschaftsstandort-westmecklenburg.de\/en\/user\/schottel-gmbh\/\">SCHOTTEL GmbH<\/a><\/h3>\r\n\t\t\t<\/div>\r\n\r\n\t\t\t<div class=\"wb_ps_description\">\r\n\r\n\t\t\t\t<div class=\"wb_ps_text\"><\/div>\r\n\r\n\t\t\t\r\n\t\t\t<\/div>\r\n\t\t\r\n\t\t<\/div>\r\n\t<\/div>\r\n<\/div><div class=\"wb_ps_item\">\r\n\t<div class=\"wb_ps_single_item\">\r\n\t\t\t\t\t<div class=\"wb_ps_thumbnail\">\r\n\t\t\t\t<a href=\"https:\/\/wirtschaftsstandort-westmecklenburg.de\/en\/user\/schwarz-amp%3B-grantz-schwerin-gmbh\/\">\r\n\t\t\t\t\t<img decoding=\"async\" src=\"https:\/\/wirtschaftsstandort-westmecklenburg.de\/wp-content\/uploads\/ultimatemember\/113\/cover_photo-600.jpg?1777297910\" alt=\"Schwarz und Grantz\"  \/>\t\t\t\t<\/a>\r\n\t\t\t<\/div>\r\n\t\t\t\t<div class=\"wb_ps_content\">\r\n\r\n\t\t\t<div class=\"wb_ps_title\">\r\n\t\t\t\t<h3><a href=\"https:\/\/wirtschaftsstandort-westmecklenburg.de\/en\/user\/schwarz-amp%3B-grantz-schwerin-gmbh\/\">Schwarz & Grantz Schwerin GmbH<\/a><\/h3>\r\n\t\t\t<\/div>\r\n\r\n\t\t\t<div class=\"wb_ps_description\">\r\n\r\n\t\t\t\t<div class=\"wb_ps_text\"><\/div>\r\n\r\n\t\t\t\r\n\t\t\t<\/div>\r\n\t\t\r\n\t\t<\/div>\r\n\t<\/div>\r\n<\/div><div class=\"wb_ps_item\">\r\n\t<div class=\"wb_ps_single_item\">\r\n\t\t\t\t\t<div class=\"wb_ps_thumbnail\">\r\n\t\t\t\t<a href=\"https:\/\/wirtschaftsstandort-westmecklenburg.de\/en\/user\/seehafen-wismar-gmbh\/\">\r\n\t\t\t\t\t<img decoding=\"async\" src=\"https:\/\/wirtschaftsstandort-westmecklenburg.de\/wp-content\/uploads\/ultimatemember\/94\/cover_photo-600.jpg?1777297910\" alt=\"Seehafen\"  \/>\t\t\t\t<\/a>\r\n\t\t\t<\/div>\r\n\t\t\t\t<div class=\"wb_ps_content\">\r\n\r\n\t\t\t<div class=\"wb_ps_title\">\r\n\t\t\t\t<h3><a href=\"https:\/\/wirtschaftsstandort-westmecklenburg.de\/en\/user\/seehafen-wismar-gmbh\/\">Seehafen Wismar GmbH<\/a><\/h3>\r\n\t\t\t<\/div>\r\n\r\n\t\t\t<div class=\"wb_ps_description\">\r\n\r\n\t\t\t\t<div class=\"wb_ps_text\"><\/div>\r\n\r\n\t\t\t\r\n\t\t\t<\/div>\r\n\t\t\r\n\t\t<\/div>\r\n\t<\/div>\r\n<\/div><div class=\"wb_ps_item\">\r\n\t<div class=\"wb_ps_single_item\">\r\n\t\t\t\t\t<div class=\"wb_ps_thumbnail\">\r\n\t\t\t\t<a href=\"https:\/\/wirtschaftsstandort-westmecklenburg.de\/en\/user\/sis-amp%3B-ksm\/\">\r\n\t\t\t\t\t<img decoding=\"async\" src=\"https:\/\/wirtschaftsstandort-westmecklenburg.de\/wp-content\/uploads\/ultimatemember\/106\/cover_photo-600.jpg?1777297910\" alt=\"SIS und KSM\"  \/>\t\t\t\t<\/a>\r\n\t\t\t<\/div>\r\n\t\t\t\t<div class=\"wb_ps_content\">\r\n\r\n\t\t\t<div class=\"wb_ps_title\">\r\n\t\t\t\t<h3><a href=\"https:\/\/wirtschaftsstandort-westmecklenburg.de\/en\/user\/sis-amp%3B-ksm\/\">SIS & KSM kommunal . regional . digital<\/a><\/h3>\r\n\t\t\t<\/div>\r\n\r\n\t\t\t<div class=\"wb_ps_description\">\r\n\r\n\t\t\t\t<div class=\"wb_ps_text\"><\/div>\r\n\r\n\t\t\t\r\n\t\t\t<\/div>\r\n\t\t\r\n\t\t<\/div>\r\n\t<\/div>\r\n<\/div><div class=\"wb_ps_item\">\r\n\t<div class=\"wb_ps_single_item\">\r\n\t\t\t\t\t<div class=\"wb_ps_thumbnail\">\r\n\t\t\t\t<a href=\"https:\/\/wirtschaftsstandort-westmecklenburg.de\/en\/user\/sparkasse-mecklenburg-schwerin\/\">\r\n\t\t\t\t\t<img decoding=\"async\" src=\"https:\/\/wirtschaftsstandort-westmecklenburg.de\/wp-content\/uploads\/ultimatemember\/136\/cover_photo-600.jpg?1777297910\" alt=\"Sparkasse\"  \/>\t\t\t\t<\/a>\r\n\t\t\t<\/div>\r\n\t\t\t\t<div class=\"wb_ps_content\">\r\n\r\n\t\t\t<div class=\"wb_ps_title\">\r\n\t\t\t\t<h3><a href=\"https:\/\/wirtschaftsstandort-westmecklenburg.de\/en\/user\/sparkasse-mecklenburg-schwerin\/\">Sparkasse Mecklenburg-Schwerin<\/a><\/h3>\r\n\t\t\t<\/div>\r\n\r\n\t\t\t<div class=\"wb_ps_description\">\r\n\r\n\t\t\t\t<div class=\"wb_ps_text\"><\/div>\r\n\r\n\t\t\t\r\n\t\t\t<\/div>\r\n\t\t\r\n\t\t<\/div>\r\n\t<\/div>\r\n<\/div><div class=\"wb_ps_item\">\r\n\t<div class=\"wb_ps_single_item\">\r\n\t\t\t\t\t<div class=\"wb_ps_thumbnail\">\r\n\t\t\t\t<a href=\"https:\/\/wirtschaftsstandort-westmecklenburg.de\/en\/user\/mecklenburgisches-staatstheater\/\">\r\n\t\t\t\t\t<img decoding=\"async\" src=\"https:\/\/wirtschaftsstandort-westmecklenburg.de\/wp-content\/uploads\/ultimatemember\/134\/cover_photo-600.jpg?1777297910\" alt=\"Staatstheater\"  \/>\t\t\t\t<\/a>\r\n\t\t\t<\/div>\r\n\t\t\t\t<div class=\"wb_ps_content\">\r\n\r\n\t\t\t<div class=\"wb_ps_title\">\r\n\t\t\t\t<h3><a href=\"https:\/\/wirtschaftsstandort-westmecklenburg.de\/en\/user\/mecklenburgisches-staatstheater\/\">Mecklenburgisches Staatstheater<\/a><\/h3>\r\n\t\t\t<\/div>\r\n\r\n\t\t\t<div class=\"wb_ps_description\">\r\n\r\n\t\t\t\t<div class=\"wb_ps_text\"><\/div>\r\n\r\n\t\t\t\r\n\t\t\t<\/div>\r\n\t\t\r\n\t\t<\/div>\r\n\t<\/div>\r\n<\/div><div class=\"wb_ps_item\">\r\n\t<div class=\"wb_ps_single_item\">\r\n\t\t\t\t\t<div class=\"wb_ps_thumbnail\">\r\n\t\t\t\t<a href=\"https:\/\/wirtschaftsstandort-westmecklenburg.de\/en\/user\/stadtwerke-ludwigslust-grabow-gmbh\/\">\r\n\t\t\t\t\t<img decoding=\"async\" src=\"https:\/\/wirtschaftsstandort-westmecklenburg.de\/wp-content\/uploads\/ultimatemember\/123\/cover_photo-600.jpg?1777297910\" alt=\"Stadtwerke\"  \/>\t\t\t\t<\/a>\r\n\t\t\t<\/div>\r\n\t\t\t\t<div class=\"wb_ps_content\">\r\n\r\n\t\t\t<div class=\"wb_ps_title\">\r\n\t\t\t\t<h3><a href=\"https:\/\/wirtschaftsstandort-westmecklenburg.de\/en\/user\/stadtwerke-ludwigslust-grabow-gmbh\/\">Stadtwerke Ludwigslust-Grabow GmbH<\/a><\/h3>\r\n\t\t\t<\/div>\r\n\r\n\t\t\t<div class=\"wb_ps_description\">\r\n\r\n\t\t\t\t<div class=\"wb_ps_text\"><\/div>\r\n\r\n\t\t\t\r\n\t\t\t<\/div>\r\n\t\t\r\n\t\t<\/div>\r\n\t<\/div>\r\n<\/div><div class=\"wb_ps_item\">\r\n\t<div class=\"wb_ps_single_item\">\r\n\t\t\t\t\t<div class=\"wb_ps_thumbnail\">\r\n\t\t\t\t<a href=\"https:\/\/wirtschaftsstandort-westmecklenburg.de\/en\/user\/stadtwerke-schwerin-gmbh-%28sws%29\/\">\r\n\t\t\t\t\t<img decoding=\"async\" src=\"https:\/\/wirtschaftsstandort-westmecklenburg.de\/wp-content\/uploads\/ultimatemember\/138\/cover_photo-600.jpg?1777297910\" alt=\"SWS\"  \/>\t\t\t\t<\/a>\r\n\t\t\t<\/div>\r\n\t\t\t\t<div class=\"wb_ps_content\">\r\n\r\n\t\t\t<div class=\"wb_ps_title\">\r\n\t\t\t\t<h3><a href=\"https:\/\/wirtschaftsstandort-westmecklenburg.de\/en\/user\/stadtwerke-schwerin-gmbh-%28sws%29\/\">Stadtwerke Schwerin GmbH (SWS)<\/a><\/h3>\r\n\t\t\t<\/div>\r\n\r\n\t\t\t<div class=\"wb_ps_description\">\r\n\r\n\t\t\t\t<div class=\"wb_ps_text\"><\/div>\r\n\r\n\t\t\t\r\n\t\t\t<\/div>\r\n\t\t\r\n\t\t<\/div>\r\n\t<\/div>\r\n<\/div><div class=\"wb_ps_item\">\r\n\t<div class=\"wb_ps_single_item\">\r\n\t\t\t\t\t<div class=\"wb_ps_thumbnail\">\r\n\t\t\t\t<a href=\"https:\/\/wirtschaftsstandort-westmecklenburg.de\/en\/user\/trolli-gmbh\/\">\r\n\t\t\t\t\t<img decoding=\"async\" src=\"https:\/\/wirtschaftsstandort-westmecklenburg.de\/wp-content\/uploads\/ultimatemember\/125\/cover_photo-600.jpg?1777297910\" alt=\"Trolli\"  \/>\t\t\t\t<\/a>\r\n\t\t\t<\/div>\r\n\t\t\t\t<div class=\"wb_ps_content\">\r\n\r\n\t\t\t<div class=\"wb_ps_title\">\r\n\t\t\t\t<h3><a href=\"https:\/\/wirtschaftsstandort-westmecklenburg.de\/en\/user\/trolli-gmbh\/\">Trolli GmbH<\/a><\/h3>\r\n\t\t\t<\/div>\r\n\r\n\t\t\t<div class=\"wb_ps_description\">\r\n\r\n\t\t\t\t<div class=\"wb_ps_text\"><\/div>\r\n\r\n\t\t\t\r\n\t\t\t<\/div>\r\n\t\t\r\n\t\t<\/div>\r\n\t<\/div>\r\n<\/div><div class=\"wb_ps_item\">\r\n\t<div class=\"wb_ps_single_item\">\r\n\t\t\t\t\t<div class=\"wb_ps_thumbnail\">\r\n\t\t\t\t<a href=\"https:\/\/wirtschaftsstandort-westmecklenburg.de\/en\/user\/variovac-ps-systempack-gmbh\/\">\r\n\t\t\t\t\t<img decoding=\"async\" src=\"https:\/\/wirtschaftsstandort-westmecklenburg.de\/wp-content\/uploads\/ultimatemember\/126\/cover_photo-600.jpg?1777297910\" alt=\"VARIOVAC\"  \/>\t\t\t\t<\/a>\r\n\t\t\t<\/div>\r\n\t\t\t\t<div class=\"wb_ps_content\">\r\n\r\n\t\t\t<div class=\"wb_ps_title\">\r\n\t\t\t\t<h3><a href=\"https:\/\/wirtschaftsstandort-westmecklenburg.de\/en\/user\/variovac-ps-systempack-gmbh\/\">VARIOVAC<\/a><\/h3>\r\n\t\t\t<\/div>\r\n\r\n\t\t\t<div class=\"wb_ps_description\">\r\n\r\n\t\t\t\t<div class=\"wb_ps_text\"><\/div>\r\n\r\n\t\t\t\r\n\t\t\t<\/div>\r\n\t\t\r\n\t\t<\/div>\r\n\t<\/div>\r\n<\/div><div class=\"wb_ps_item\">\r\n\t<div class=\"wb_ps_single_item\">\r\n\t\t\t\t\t<div class=\"wb_ps_thumbnail\">\r\n\t\t\t\t<a href=\"https:\/\/wirtschaftsstandort-westmecklenburg.de\/en\/user\/vr-bank-westmecklenburg\/\">\r\n\t\t\t\t\t<img decoding=\"async\" src=\"https:\/\/wirtschaftsstandort-westmecklenburg.de\/wp-content\/uploads\/ultimatemember\/143\/cover_photo-600.jpg?1777297910\" alt=\"VR\"  \/>\t\t\t\t<\/a>\r\n\t\t\t<\/div>\r\n\t\t\t\t<div class=\"wb_ps_content\">\r\n\r\n\t\t\t<div class=\"wb_ps_title\">\r\n\t\t\t\t<h3><a href=\"https:\/\/wirtschaftsstandort-westmecklenburg.de\/en\/user\/vr-bank-westmecklenburg\/\">VR Bank Mecklenburg eG<\/a><\/h3>\r\n\t\t\t<\/div>\r\n\r\n\t\t\t<div class=\"wb_ps_description\">\r\n\r\n\t\t\t\t<div class=\"wb_ps_text\"><\/div>\r\n\r\n\t\t\t\r\n\t\t\t<\/div>\r\n\t\t\r\n\t\t<\/div>\r\n\t<\/div>\r\n<\/div><div class=\"wb_ps_item\">\r\n\t<div class=\"wb_ps_single_item\">\r\n\t\t\t\t\t<div class=\"wb_ps_thumbnail\">\r\n\t\t\t\t<a href=\"https:\/\/wirtschaftsstandort-westmecklenburg.de\/en\/user\/wdi-cp-gmbh-amp%3B-co-kg\/\">\r\n\t\t\t\t\t<img decoding=\"async\" src=\"https:\/\/wirtschaftsstandort-westmecklenburg.de\/wp-content\/uploads\/ultimatemember\/127\/cover_photo-600.jpg?1777297910\" alt=\"WDI\"  \/>\t\t\t\t<\/a>\r\n\t\t\t<\/div>\r\n\t\t\t\t<div class=\"wb_ps_content\">\r\n\r\n\t\t\t<div class=\"wb_ps_title\">\r\n\t\t\t\t<h3><a href=\"https:\/\/wirtschaftsstandort-westmecklenburg.de\/en\/user\/wdi-cp-gmbh-amp%3B-co-kg\/\">WDI CP GmbH & Co. KG<\/a><\/h3>\r\n\t\t\t<\/div>\r\n\r\n\t\t\t<div class=\"wb_ps_description\">\r\n\r\n\t\t\t\t<div class=\"wb_ps_text\"><\/div>\r\n\r\n\t\t\t\r\n\t\t\t<\/div>\r\n\t\t\r\n\t\t<\/div>\r\n\t<\/div>\r\n<\/div><div class=\"wb_ps_item\">\r\n\t<div class=\"wb_ps_single_item\">\r\n\t\t\t\t\t<div class=\"wb_ps_thumbnail\">\r\n\t\t\t\t<a href=\"https:\/\/wirtschaftsstandort-westmecklenburg.de\/en\/user\/wemag-menschen-machen-zukunft\/\">\r\n\t\t\t\t\t<img decoding=\"async\" src=\"https:\/\/wirtschaftsstandort-westmecklenburg.de\/wp-content\/uploads\/ultimatemember\/99\/cover_photo-600.jpg?1777297910\" alt=\"WEMAG\"  \/>\t\t\t\t<\/a>\r\n\t\t\t<\/div>\r\n\t\t\t\t<div class=\"wb_ps_content\">\r\n\r\n\t\t\t<div class=\"wb_ps_title\">\r\n\t\t\t\t<h3><a href=\"https:\/\/wirtschaftsstandort-westmecklenburg.de\/en\/user\/wemag-menschen-machen-zukunft\/\">WEMAG AG<\/a><\/h3>\r\n\t\t\t<\/div>\r\n\r\n\t\t\t<div class=\"wb_ps_description\">\r\n\r\n\t\t\t\t<div class=\"wb_ps_text\"><\/div>\r\n\r\n\t\t\t\r\n\t\t\t<\/div>\r\n\t\t\r\n\t\t<\/div>\r\n\t<\/div>\r\n<\/div><\/div>\t\t\t\t<div class=\"wbel-arrow wb-arrow-prev\">\r\n\t\t\t\t\t<i class=\"fa fa-angle-left\"><\/i>\r\n\t\t\t\t<\/div>\r\n\t\t\t\t<div class=\"wbel-arrow wb-arrow-next\">\r\n\t\t\t\t\t<i class=\"fa fa-angle-right\"><\/i>\r\n\t\t\t\t<\/div>\r\n\t\t\t\t\t\t\t<\/div>\n\t\t\t\t<\/div>\n\t\t\t\t\t<\/div>\n\t\t\t\t<\/div>\n\t\t<div class=\"elementor-element elementor-element-95a50f7 e-con-full e-flex e-con e-child\" data-id=\"95a50f7\" data-element_type=\"container\" data-e-type=\"container\" data-settings=\"{&quot;background_background&quot;:&quot;classic&quot;}\">\n\t\t\t\t<div class=\"elementor-element elementor-element-d8b9a8d elementor-widget__width-inherit elementor-widget elementor-widget-heading\" data-id=\"d8b9a8d\" data-element_type=\"widget\" data-e-type=\"widget\" data-settings=\"{&quot;_animation&quot;:&quot;none&quot;}\" data-widget_type=\"heading.default\">\n\t\t\t\t<div class=\"elementor-widget-container\">\n\t\t\t\t\t<h1 class=\"elementor-heading-title elementor-size-default\">&nbsp;&nbsp;&nbsp;&nbsp;&nbsp; &nbsp;&nbsp;&nbsp;&nbsp;<\/h1>\t\t\t\t<\/div>\n\t\t\t\t<\/div>\n\t\t\t\t<\/div>\n\t\t<div class=\"elementor-element elementor-element-46e031f e-flex e-con-boxed e-con e-child\" data-id=\"46e031f\" data-element_type=\"container\" data-e-type=\"container\" data-settings=\"{&quot;background_background&quot;:&quot;classic&quot;,&quot;shape_divider_bottom&quot;:&quot;opacity-tilt&quot;,&quot;shape_divider_top&quot;:&quot;tilt&quot;}\">\n\t\t\t\t\t<div class=\"e-con-inner\">\n\t\t\t\t<div class=\"elementor-shape elementor-shape-top\" aria-hidden=\"true\" data-negative=\"false\">\n\t\t\t<svg xmlns=\"http:\/\/www.w3.org\/2000\/svg\" viewBox=\"0 0 1000 100\" preserveAspectRatio=\"none\">\n\t<path class=\"elementor-shape-fill\" d=\"M0,6V0h1000v100L0,6z\"\/>\n<\/svg>\t\t<\/div>\n\t\t\t\t<div class=\"elementor-shape elementor-shape-bottom\" aria-hidden=\"true\" data-negative=\"false\">\n\t\t\t<svg xmlns=\"http:\/\/www.w3.org\/2000\/svg\" viewBox=\"0 0 2600 131.1\" preserveAspectRatio=\"none\">\n\t<path class=\"elementor-shape-fill\" d=\"M0 0L2600 0 2600 69.1 0 0z\"\/>\n\t<path class=\"elementor-shape-fill\" style=\"opacity:0.5\" d=\"M0 0L2600 0 2600 69.1 0 69.1z\"\/>\n\t<path class=\"elementor-shape-fill\" style=\"opacity:0.25\" d=\"M2600 0L0 0 0 130.1 2600 69.1z\"\/>\n<\/svg>\t\t<\/div>\n\t\t\t\t<div class=\"elementor-element elementor-element-7d18dd4 elementor-widget elementor-widget-heading\" data-id=\"7d18dd4\" data-element_type=\"widget\" data-e-type=\"widget\" data-widget_type=\"heading.default\">\n\t\t\t\t<div class=\"elementor-widget-container\">\n\t\t\t\t\t<h2 class=\"elementor-heading-title elementor-size-default\"><a href=\"https:\/\/wirtschaftsstandort-westmecklenburg.de\/en\/people\/\">The people of our region<\/a><\/h2>\t\t\t\t<\/div>\n\t\t\t\t<\/div>\n\t\t\t\t<div class=\"elementor-element elementor-element-a7481cc elementor-widget elementor-widget-text-editor\" data-id=\"a7481cc\" data-element_type=\"widget\" data-e-type=\"widget\" data-widget_type=\"text-editor.default\">\n\t\t\t\t<div class=\"elementor-widget-container\">\n\t\t\t\t\t\t\t\t\t<p>Successful and well-known personalities are based in Westmecklenburg. Some of these protagonists tell us their stories here.<\/p>\t\t\t\t\t\t\t\t<\/div>\n\t\t\t\t<\/div>\n\t\t\t\t\t<\/div>\n\t\t\t\t<\/div>\n\t\t<div class=\"elementor-element elementor-element-0c610df e-flex e-con-boxed elementor-invisible e-con e-child\" data-id=\"0c610df\" data-element_type=\"container\" data-e-type=\"container\" data-settings=\"{&quot;background_background&quot;:&quot;classic&quot;,&quot;shape_divider_bottom&quot;:&quot;tilt&quot;,&quot;animation&quot;:&quot;fadeIn&quot;}\">\n\t\t\t\t\t<div class=\"e-con-inner\">\n\t\t\t\t<div class=\"elementor-shape elementor-shape-bottom\" aria-hidden=\"true\" data-negative=\"false\">\n\t\t\t<svg xmlns=\"http:\/\/www.w3.org\/2000\/svg\" viewBox=\"0 0 1000 100\" preserveAspectRatio=\"none\">\n\t<path class=\"elementor-shape-fill\" d=\"M0,6V0h1000v100L0,6z\"\/>\n<\/svg>\t\t<\/div>\n\t\t\t\t<div class=\"elementor-element elementor-element-56ea9c2 elementor-arrows-position-inside elementor-widget elementor-widget-loop-carousel\" data-id=\"56ea9c2\" data-element_type=\"widget\" data-e-type=\"widget\" data-settings=\"{&quot;template_id&quot;:3801,&quot;autoplay_speed&quot;:5050,&quot;speed&quot;:540,&quot;_skin&quot;:&quot;post&quot;,&quot;slides_to_show&quot;:&quot;3&quot;,&quot;slides_to_show_tablet&quot;:&quot;2&quot;,&quot;slides_to_show_mobile&quot;:&quot;1&quot;,&quot;slides_to_scroll&quot;:&quot;1&quot;,&quot;edit_handle_selector&quot;:&quot;.elementor-loop-container&quot;,&quot;autoplay&quot;:&quot;yes&quot;,&quot;pause_on_hover&quot;:&quot;yes&quot;,&quot;pause_on_interaction&quot;:&quot;yes&quot;,&quot;infinite&quot;:&quot;yes&quot;,&quot;offset_sides&quot;:&quot;none&quot;,&quot;arrows&quot;:&quot;yes&quot;,&quot;image_spacing_custom&quot;:{&quot;unit&quot;:&quot;px&quot;,&quot;size&quot;:10,&quot;sizes&quot;:[]},&quot;image_spacing_custom_tablet&quot;:{&quot;unit&quot;:&quot;px&quot;,&quot;size&quot;:&quot;&quot;,&quot;sizes&quot;:[]},&quot;image_spacing_custom_mobile&quot;:{&quot;unit&quot;:&quot;px&quot;,&quot;size&quot;:&quot;&quot;,&quot;sizes&quot;:[]}}\" data-widget_type=\"loop-carousel.post\">\n\t\t\t\t<div class=\"elementor-widget-container\">\n\t\t\t\t\t\t\t<div class=\"swiper elementor-loop-container elementor-grid\" role=\"list\" dir=\"ltr\">\n\t\t\t\t<div class=\"swiper-wrapper\" aria-live=\"off\">\n\t\t<style id=\"loop-3801\">.elementor-3801 .elementor-element.elementor-element-28ca9618{--display:flex;--min-height:450px;--gap:20px 20px;--row-gap:20px;--column-gap:20px;border-style:solid;--border-style:solid;border-width:1px 1px 1px 1px;--border-top-width:1px;--border-right-width:1px;--border-bottom-width:1px;--border-left-width:1px;border-color:#D5D5D5;--border-color:#D5D5D5;--border-radius:3px 3px 3px 3px;box-shadow:0px 0px 10px 0px rgba(0,0,0,0.5);--margin-top:0px;--margin-bottom:0px;--margin-left:0px;--margin-right:0px;--padding-top:0px;--padding-bottom:0px;--padding-left:0px;--padding-right:0px;}.elementor-3801 .elementor-element.elementor-element-28ca9618:not(.elementor-motion-effects-element-type-background), .elementor-3801 .elementor-element.elementor-element-28ca9618 > .elementor-motion-effects-container > .elementor-motion-effects-layer{background-color:var( --e-global-color-nvsitebg );}.elementor-widget-theme-post-featured-image .widget-image-caption{color:var( --e-global-color-text );font-weight:var( --e-global-typography-text-font-weight );text-transform:var( --e-global-typography-text-text-transform );}.elementor-widget-theme-post-featured-image .neb-protected-content-message, .elementor-widget-theme-post-featured-image .protected-content-error-msg{text-transform:var( --e-global-typography-secondary-text-transform );}.elementor-3801 .elementor-element.elementor-element-546eca50{text-align:center;}.elementor-3801 .elementor-element.elementor-element-546eca50 > .elementor-widget-container{margin:0px 0px 0px 0px;padding:0px 0px 0px 0px;}.elementor-3801 .elementor-element.elementor-element-546eca50.elementor-element{--flex-grow:1;--flex-shrink:1;}.elementor-3801 .elementor-element.elementor-element-6ce0f71c{--display:flex;--min-height:140px;--margin-top:0px;--margin-bottom:-15px;--margin-left:0px;--margin-right:0px;--padding-top:0px;--padding-bottom:0px;--padding-left:20px;--padding-right:20px;}.elementor-widget-theme-post-title .elementor-heading-title{font-weight:var( --e-global-typography-primary-font-weight );text-transform:var( --e-global-typography-primary-text-transform );color:var( --e-global-color-primary );}.elementor-widget-theme-post-title .neb-protected-content-message, .elementor-widget-theme-post-title .protected-content-error-msg{text-transform:var( --e-global-typography-secondary-text-transform );}.elementor-widget-theme-post-excerpt .elementor-widget-container{font-weight:var( --e-global-typography-text-font-weight );text-transform:var( --e-global-typography-text-text-transform );color:var( --e-global-color-text );}.elementor-widget-theme-post-excerpt .neb-protected-content-message, .elementor-widget-theme-post-excerpt .protected-content-error-msg{text-transform:var( --e-global-typography-secondary-text-transform );}.elementor-widget-button .elementor-button{text-transform:var( --e-global-typography-accent-text-transform );background-color:var( --e-global-color-accent );}.elementor-widget-button .neb-protected-content-message, .elementor-widget-button .protected-content-error-msg{text-transform:var( --e-global-typography-secondary-text-transform );}.elementor-3801 .elementor-element.elementor-element-65e0563c .elementor-button{font-weight:700;text-transform:none;fill:var( --e-global-color-accent );color:var( --e-global-color-accent );background-color:var( --e-global-color-nvtextdarkbg );padding:0px 0px 0px 5px;}.elementor-3801 .elementor-element.elementor-element-65e0563c > .elementor-widget-container{padding:0px 0px 0px 15px;}.elementor-widget-spacer .neb-protected-content-message, .elementor-widget-spacer .protected-content-error-msg{text-transform:var( --e-global-typography-secondary-text-transform );}.elementor-3801 .elementor-element.elementor-element-7b95dd0a{--spacer-size:10px;}<\/style>\t\t<div data-elementor-type=\"loop-item\" data-elementor-id=\"3801\" class=\"elementor elementor-3801 swiper-slide e-loop-item e-loop-item-4652 post-4652 post type-post status-publish format-standard has-post-thumbnail hentry category-people-of-the-region tag-packaging-solutions tag-protagonists-of-the-region-en tag-zarrentin-am-schaalsee-en\" data-elementor-post-type=\"elementor_library\" role=\"group\" aria-roledescription=\"slide\" data-custom-edit-handle=\"1\">\n\t\t\t<div class=\"elementor-element elementor-element-28ca9618 e-flex e-con-boxed e-con e-parent\" data-id=\"28ca9618\" data-element_type=\"container\" data-e-type=\"container\" data-settings=\"{&quot;background_background&quot;:&quot;classic&quot;}\">\n\t\t\t\t\t<div class=\"e-con-inner\">\n\t\t\t\t<div class=\"elementor-element elementor-element-546eca50 elementor-widget elementor-widget-theme-post-featured-image elementor-widget-image\" data-id=\"546eca50\" data-element_type=\"widget\" data-e-type=\"widget\" data-widget_type=\"theme-post-featured-image.default\">\n\t\t\t\t<div class=\"elementor-widget-container\">\n\t\t\t\t\t\t\t\t\t\t\t\t\t\t\t\t<a href=\"https:\/\/wirtschaftsstandort-westmecklenburg.de\/en\/people-of-the-region\/reimer\/\">\n\t\t\t\t\t\t\t<img decoding=\"async\" width=\"768\" height=\"512\" src=\"https:\/\/wirtschaftsstandort-westmecklenburg.de\/wp-content\/uploads\/2024\/08\/web_A-Jo\u2560erg-Reimer-768x512.jpg\" class=\"attachment-medium_large size-medium_large wp-image-4647\" alt=\"J\u00f6rg Reimer\" srcset=\"https:\/\/wirtschaftsstandort-westmecklenburg.de\/wp-content\/uploads\/2024\/08\/web_A-Jo\u2560erg-Reimer-768x512.jpg 768w, https:\/\/wirtschaftsstandort-westmecklenburg.de\/wp-content\/uploads\/2024\/08\/web_A-Jo\u2560erg-Reimer-300x200.jpg 300w, https:\/\/wirtschaftsstandort-westmecklenburg.de\/wp-content\/uploads\/2024\/08\/web_A-Jo\u2560erg-Reimer-1024x683.jpg 1024w, https:\/\/wirtschaftsstandort-westmecklenburg.de\/wp-content\/uploads\/2024\/08\/web_A-Jo\u2560erg-Reimer-1536x1024.jpg 1536w, https:\/\/wirtschaftsstandort-westmecklenburg.de\/wp-content\/uploads\/2024\/08\/web_A-Jo\u2560erg-Reimer-2048x1366.jpg 2048w, https:\/\/wirtschaftsstandort-westmecklenburg.de\/wp-content\/uploads\/2024\/08\/web_A-Jo\u2560erg-Reimer-930x620.jpg 930w\" sizes=\"(max-width: 768px) 100vw, 768px\" \/>\t\t\t\t\t\t\t\t<\/a>\n\t\t\t\t\t\t\t\t\t\t\t\t\t\t\t<\/div>\n\t\t\t\t<\/div>\n\t\t<div class=\"elementor-element elementor-element-6ce0f71c e-flex e-con-boxed e-con e-child\" data-id=\"6ce0f71c\" data-element_type=\"container\" data-e-type=\"container\">\n\t\t\t\t\t<div class=\"e-con-inner\">\n\t\t\t\t<div class=\"elementor-element elementor-element-133d6972 elementor-widget elementor-widget-theme-post-title elementor-page-title elementor-widget-heading\" data-id=\"133d6972\" data-element_type=\"widget\" data-e-type=\"widget\" data-widget_type=\"theme-post-title.default\">\n\t\t\t\t<div class=\"elementor-widget-container\">\n\t\t\t\t\t<h3 class=\"elementor-heading-title elementor-size-default\"><a href=\"https:\/\/wirtschaftsstandort-westmecklenburg.de\/en\/people-of-the-region\/reimer\/\">Thinking differently. Developing differently.<\/a><\/h3>\t\t\t\t<\/div>\n\t\t\t\t<\/div>\n\t\t\t\t<div class=\"elementor-element elementor-element-3e54aed1 elementor-widget elementor-widget-theme-post-excerpt\" data-id=\"3e54aed1\" data-element_type=\"widget\" data-e-type=\"widget\" data-widget_type=\"theme-post-excerpt.default\">\n\t\t\t\t<div class=\"elementor-widget-container\">\n\t\t\t\t\tIn conversation with J\u00f6rg Reimer, Managing Director of VARIOVAC PS SystemPack GmbH.\t\t\t\t<\/div>\n\t\t\t\t<\/div>\n\t\t\t\t\t<\/div>\n\t\t\t\t<\/div>\n\t\t\t\t<div class=\"elementor-element elementor-element-65e0563c elementor-widget elementor-widget-button\" data-id=\"65e0563c\" data-element_type=\"widget\" data-e-type=\"widget\" data-widget_type=\"button.default\">\n\t\t\t\t<div class=\"elementor-widget-container\">\n\t\t\t\t\t\t\t\t\t<div class=\"elementor-button-wrapper\">\n\t\t\t\t\t<a class=\"elementor-button elementor-button-link elementor-size-sm\" href=\"https:\/\/wirtschaftsstandort-westmecklenburg.de\/en\/people-of-the-region\/reimer\/\">\n\t\t\t\t\t\t<span class=\"elementor-button-content-wrapper\">\n\t\t\t\t\t\t\t\t\t<span class=\"elementor-button-text\">Read more &gt;&gt;<\/span>\n\t\t\t\t\t<\/span>\n\t\t\t\t\t<\/a>\n\t\t\t\t<\/div>\n\t\t\t\t\t\t\t\t<\/div>\n\t\t\t\t<\/div>\n\t\t\t\t<div class=\"elementor-element elementor-element-7b95dd0a elementor-widget elementor-widget-spacer\" data-id=\"7b95dd0a\" data-element_type=\"widget\" data-e-type=\"widget\" data-widget_type=\"spacer.default\">\n\t\t\t\t<div class=\"elementor-widget-container\">\n\t\t\t\t\t\t\t<div class=\"elementor-spacer\">\n\t\t\t<div class=\"elementor-spacer-inner\"><\/div>\n\t\t<\/div>\n\t\t\t\t\t\t<\/div>\n\t\t\t\t<\/div>\n\t\t\t\t\t<\/div>\n\t\t\t\t<\/div>\n\t\t\t\t<\/div>\n\t\t\t\t<div data-elementor-type=\"loop-item\" data-elementor-id=\"3801\" class=\"elementor elementor-3801 swiper-slide e-loop-item e-loop-item-5258 post-5258 post type-post status-publish format-standard has-post-thumbnail hentry category-people-of-the-region tag-healthcare tag-protagonists-of-the-region tag-schwerin-en\" data-elementor-post-type=\"elementor_library\" role=\"group\" aria-roledescription=\"slide\" data-custom-edit-handle=\"1\">\n\t\t\t<div class=\"elementor-element elementor-element-28ca9618 e-flex e-con-boxed e-con e-parent\" data-id=\"28ca9618\" data-element_type=\"container\" data-e-type=\"container\" data-settings=\"{&quot;background_background&quot;:&quot;classic&quot;}\">\n\t\t\t\t\t<div class=\"e-con-inner\">\n\t\t\t\t<div class=\"elementor-element elementor-element-546eca50 elementor-widget elementor-widget-theme-post-featured-image elementor-widget-image\" data-id=\"546eca50\" data-element_type=\"widget\" data-e-type=\"widget\" data-widget_type=\"theme-post-featured-image.default\">\n\t\t\t\t<div class=\"elementor-widget-container\">\n\t\t\t\t\t\t\t\t\t\t\t\t\t\t\t\t<a href=\"https:\/\/wirtschaftsstandort-westmecklenburg.de\/en\/people-of-the-region\/bauer\/\">\n\t\t\t\t\t\t\t<img loading=\"lazy\" decoding=\"async\" width=\"768\" height=\"512\" src=\"https:\/\/wirtschaftsstandort-westmecklenburg.de\/wp-content\/uploads\/2024\/08\/A-Lars-Bauer_weboptimiert-768x512.jpg\" class=\"attachment-medium_large size-medium_large wp-image-5262\" alt=\"Lars Bauer\" srcset=\"https:\/\/wirtschaftsstandort-westmecklenburg.de\/wp-content\/uploads\/2024\/08\/A-Lars-Bauer_weboptimiert-768x512.jpg 768w, https:\/\/wirtschaftsstandort-westmecklenburg.de\/wp-content\/uploads\/2024\/08\/A-Lars-Bauer_weboptimiert-300x200.jpg 300w, https:\/\/wirtschaftsstandort-westmecklenburg.de\/wp-content\/uploads\/2024\/08\/A-Lars-Bauer_weboptimiert-1024x683.jpg 1024w, https:\/\/wirtschaftsstandort-westmecklenburg.de\/wp-content\/uploads\/2024\/08\/A-Lars-Bauer_weboptimiert-1536x1024.jpg 1536w\" sizes=\"(max-width: 768px) 100vw, 768px\" \/>\t\t\t\t\t\t\t\t<\/a>\n\t\t\t\t\t\t\t\t\t\t\t\t\t\t\t<\/div>\n\t\t\t\t<\/div>\n\t\t<div class=\"elementor-element elementor-element-6ce0f71c e-flex e-con-boxed e-con e-child\" data-id=\"6ce0f71c\" data-element_type=\"container\" data-e-type=\"container\">\n\t\t\t\t\t<div class=\"e-con-inner\">\n\t\t\t\t<div class=\"elementor-element elementor-element-133d6972 elementor-widget elementor-widget-theme-post-title elementor-page-title elementor-widget-heading\" data-id=\"133d6972\" data-element_type=\"widget\" data-e-type=\"widget\" data-widget_type=\"theme-post-title.default\">\n\t\t\t\t<div class=\"elementor-widget-container\">\n\t\t\t\t\t<h3 class=\"elementor-heading-title elementor-size-default\"><a href=\"https:\/\/wirtschaftsstandort-westmecklenburg.de\/en\/people-of-the-region\/bauer\/\">The healthcare sector: resilient growth engine<\/a><\/h3>\t\t\t\t<\/div>\n\t\t\t\t<\/div>\n\t\t\t\t<div class=\"elementor-element elementor-element-3e54aed1 elementor-widget elementor-widget-theme-post-excerpt\" data-id=\"3e54aed1\" data-element_type=\"widget\" data-e-type=\"widget\" data-widget_type=\"theme-post-excerpt.default\">\n\t\t\t\t<div class=\"elementor-widget-container\">\n\t\t\t\t\tThe healthcare industry is a strategically important future sector and economic factor.\t\t\t\t<\/div>\n\t\t\t\t<\/div>\n\t\t\t\t\t<\/div>\n\t\t\t\t<\/div>\n\t\t\t\t<div class=\"elementor-element elementor-element-65e0563c elementor-widget elementor-widget-button\" data-id=\"65e0563c\" data-element_type=\"widget\" data-e-type=\"widget\" data-widget_type=\"button.default\">\n\t\t\t\t<div class=\"elementor-widget-container\">\n\t\t\t\t\t\t\t\t\t<div class=\"elementor-button-wrapper\">\n\t\t\t\t\t<a class=\"elementor-button elementor-button-link elementor-size-sm\" href=\"https:\/\/wirtschaftsstandort-westmecklenburg.de\/en\/people-of-the-region\/bauer\/\">\n\t\t\t\t\t\t<span class=\"elementor-button-content-wrapper\">\n\t\t\t\t\t\t\t\t\t<span class=\"elementor-button-text\">Read more &gt;&gt;<\/span>\n\t\t\t\t\t<\/span>\n\t\t\t\t\t<\/a>\n\t\t\t\t<\/div>\n\t\t\t\t\t\t\t\t<\/div>\n\t\t\t\t<\/div>\n\t\t\t\t<div class=\"elementor-element elementor-element-7b95dd0a elementor-widget elementor-widget-spacer\" data-id=\"7b95dd0a\" data-element_type=\"widget\" data-e-type=\"widget\" data-widget_type=\"spacer.default\">\n\t\t\t\t<div class=\"elementor-widget-container\">\n\t\t\t\t\t\t\t<div class=\"elementor-spacer\">\n\t\t\t<div class=\"elementor-spacer-inner\"><\/div>\n\t\t<\/div>\n\t\t\t\t\t\t<\/div>\n\t\t\t\t<\/div>\n\t\t\t\t\t<\/div>\n\t\t\t\t<\/div>\n\t\t\t\t<\/div>\n\t\t\t\t<div data-elementor-type=\"loop-item\" data-elementor-id=\"3801\" class=\"elementor elementor-3801 swiper-slide e-loop-item e-loop-item-4607 post-4607 post type-post status-publish format-standard has-post-thumbnail hentry category-people-of-the-region tag-organic-agriculture tag-protagonists-of-the-region-en tag-severin-en\" data-elementor-post-type=\"elementor_library\" role=\"group\" aria-roledescription=\"slide\" data-custom-edit-handle=\"1\">\n\t\t\t<div class=\"elementor-element elementor-element-28ca9618 e-flex e-con-boxed e-con e-parent\" data-id=\"28ca9618\" data-element_type=\"container\" data-e-type=\"container\" data-settings=\"{&quot;background_background&quot;:&quot;classic&quot;}\">\n\t\t\t\t\t<div class=\"e-con-inner\">\n\t\t\t\t<div class=\"elementor-element elementor-element-546eca50 elementor-widget elementor-widget-theme-post-featured-image elementor-widget-image\" data-id=\"546eca50\" data-element_type=\"widget\" data-e-type=\"widget\" data-widget_type=\"theme-post-featured-image.default\">\n\t\t\t\t<div class=\"elementor-widget-container\">\n\t\t\t\t\t\t\t\t\t\t\t\t\t\t\t\t<a href=\"https:\/\/wirtschaftsstandort-westmecklenburg.de\/en\/people-of-the-region\/organic-by-conviction\/\">\n\t\t\t\t\t\t\t<img loading=\"lazy\" decoding=\"async\" width=\"768\" height=\"512\" src=\"https:\/\/wirtschaftsstandort-westmecklenburg.de\/wp-content\/uploads\/2024\/08\/web_B-Ella-Kremer-768x512.jpg\" class=\"attachment-medium_large size-medium_large wp-image-4612\" alt=\"Ella Kremer\" srcset=\"https:\/\/wirtschaftsstandort-westmecklenburg.de\/wp-content\/uploads\/2024\/08\/web_B-Ella-Kremer-768x512.jpg 768w, https:\/\/wirtschaftsstandort-westmecklenburg.de\/wp-content\/uploads\/2024\/08\/web_B-Ella-Kremer-300x200.jpg 300w, https:\/\/wirtschaftsstandort-westmecklenburg.de\/wp-content\/uploads\/2024\/08\/web_B-Ella-Kremer-1024x683.jpg 1024w, https:\/\/wirtschaftsstandort-westmecklenburg.de\/wp-content\/uploads\/2024\/08\/web_B-Ella-Kremer-1536x1024.jpg 1536w, https:\/\/wirtschaftsstandort-westmecklenburg.de\/wp-content\/uploads\/2024\/08\/web_B-Ella-Kremer-2048x1366.jpg 2048w, https:\/\/wirtschaftsstandort-westmecklenburg.de\/wp-content\/uploads\/2024\/08\/web_B-Ella-Kremer-930x620.jpg 930w\" sizes=\"(max-width: 768px) 100vw, 768px\" \/>\t\t\t\t\t\t\t\t<\/a>\n\t\t\t\t\t\t\t\t\t\t\t\t\t\t\t<\/div>\n\t\t\t\t<\/div>\n\t\t<div class=\"elementor-element elementor-element-6ce0f71c e-flex e-con-boxed e-con e-child\" data-id=\"6ce0f71c\" data-element_type=\"container\" data-e-type=\"container\">\n\t\t\t\t\t<div class=\"e-con-inner\">\n\t\t\t\t<div class=\"elementor-element elementor-element-133d6972 elementor-widget elementor-widget-theme-post-title elementor-page-title elementor-widget-heading\" data-id=\"133d6972\" data-element_type=\"widget\" data-e-type=\"widget\" data-widget_type=\"theme-post-title.default\">\n\t\t\t\t<div class=\"elementor-widget-container\">\n\t\t\t\t\t<h3 class=\"elementor-heading-title elementor-size-default\"><a href=\"https:\/\/wirtschaftsstandort-westmecklenburg.de\/en\/people-of-the-region\/organic-by-conviction\/\">Organic by conviction. And because it tastes good!<\/a><\/h3>\t\t\t\t<\/div>\n\t\t\t\t<\/div>\n\t\t\t\t<div class=\"elementor-element elementor-element-3e54aed1 elementor-widget elementor-widget-theme-post-excerpt\" data-id=\"3e54aed1\" data-element_type=\"widget\" data-e-type=\"widget\" data-widget_type=\"theme-post-excerpt.default\">\n\t\t\t\t<div class=\"elementor-widget-container\">\n\t\t\t\t\t\"I don't just feel at home here. I am really rooted in the region.\u201d\t\t\t\t<\/div>\n\t\t\t\t<\/div>\n\t\t\t\t\t<\/div>\n\t\t\t\t<\/div>\n\t\t\t\t<div class=\"elementor-element elementor-element-65e0563c elementor-widget elementor-widget-button\" data-id=\"65e0563c\" data-element_type=\"widget\" data-e-type=\"widget\" data-widget_type=\"button.default\">\n\t\t\t\t<div class=\"elementor-widget-container\">\n\t\t\t\t\t\t\t\t\t<div class=\"elementor-button-wrapper\">\n\t\t\t\t\t<a class=\"elementor-button elementor-button-link elementor-size-sm\" href=\"https:\/\/wirtschaftsstandort-westmecklenburg.de\/en\/people-of-the-region\/organic-by-conviction\/\">\n\t\t\t\t\t\t<span class=\"elementor-button-content-wrapper\">\n\t\t\t\t\t\t\t\t\t<span class=\"elementor-button-text\">Read more &gt;&gt;<\/span>\n\t\t\t\t\t<\/span>\n\t\t\t\t\t<\/a>\n\t\t\t\t<\/div>\n\t\t\t\t\t\t\t\t<\/div>\n\t\t\t\t<\/div>\n\t\t\t\t<div class=\"elementor-element elementor-element-7b95dd0a elementor-widget elementor-widget-spacer\" data-id=\"7b95dd0a\" data-element_type=\"widget\" data-e-type=\"widget\" data-widget_type=\"spacer.default\">\n\t\t\t\t<div class=\"elementor-widget-container\">\n\t\t\t\t\t\t\t<div class=\"elementor-spacer\">\n\t\t\t<div class=\"elementor-spacer-inner\"><\/div>\n\t\t<\/div>\n\t\t\t\t\t\t<\/div>\n\t\t\t\t<\/div>\n\t\t\t\t\t<\/div>\n\t\t\t\t<\/div>\n\t\t\t\t<\/div>\n\t\t\t\t<div data-elementor-type=\"loop-item\" data-elementor-id=\"3801\" class=\"elementor elementor-3801 swiper-slide e-loop-item e-loop-item-5825 post-5825 post type-post status-publish format-standard has-post-thumbnail hentry category-people-of-the-region tag-hotel-business tag-protagonists-of-the-region tag-schwerin-en\" data-elementor-post-type=\"elementor_library\" role=\"group\" aria-roledescription=\"slide\" data-custom-edit-handle=\"1\">\n\t\t\t<div class=\"elementor-element elementor-element-28ca9618 e-flex e-con-boxed e-con e-parent\" data-id=\"28ca9618\" data-element_type=\"container\" data-e-type=\"container\" data-settings=\"{&quot;background_background&quot;:&quot;classic&quot;}\">\n\t\t\t\t\t<div class=\"e-con-inner\">\n\t\t\t\t<div class=\"elementor-element elementor-element-546eca50 elementor-widget elementor-widget-theme-post-featured-image elementor-widget-image\" data-id=\"546eca50\" data-element_type=\"widget\" data-e-type=\"widget\" data-widget_type=\"theme-post-featured-image.default\">\n\t\t\t\t<div class=\"elementor-widget-container\">\n\t\t\t\t\t\t\t\t\t\t\t\t\t\t\t\t<a href=\"https:\/\/wirtschaftsstandort-westmecklenburg.de\/en\/people-of-the-region\/petersen\/\">\n\t\t\t\t\t\t\t<img loading=\"lazy\" decoding=\"async\" width=\"768\" height=\"512\" src=\"https:\/\/wirtschaftsstandort-westmecklenburg.de\/wp-content\/uploads\/2024\/09\/A-Christian-Petersen_weboptimiert-768x512.jpg\" class=\"attachment-medium_large size-medium_large wp-image-5912\" alt=\"Christian Petersen, Leiter des Hotels Speicher am Ziegelsee\" srcset=\"https:\/\/wirtschaftsstandort-westmecklenburg.de\/wp-content\/uploads\/2024\/09\/A-Christian-Petersen_weboptimiert-768x512.jpg 768w, https:\/\/wirtschaftsstandort-westmecklenburg.de\/wp-content\/uploads\/2024\/09\/A-Christian-Petersen_weboptimiert-300x200.jpg 300w, https:\/\/wirtschaftsstandort-westmecklenburg.de\/wp-content\/uploads\/2024\/09\/A-Christian-Petersen_weboptimiert-1024x683.jpg 1024w, https:\/\/wirtschaftsstandort-westmecklenburg.de\/wp-content\/uploads\/2024\/09\/A-Christian-Petersen_weboptimiert-1536x1024.jpg 1536w\" sizes=\"(max-width: 768px) 100vw, 768px\" \/>\t\t\t\t\t\t\t\t<\/a>\n\t\t\t\t\t\t\t\t\t\t\t\t\t\t\t<\/div>\n\t\t\t\t<\/div>\n\t\t<div class=\"elementor-element elementor-element-6ce0f71c e-flex e-con-boxed e-con e-child\" data-id=\"6ce0f71c\" data-element_type=\"container\" data-e-type=\"container\">\n\t\t\t\t\t<div class=\"e-con-inner\">\n\t\t\t\t<div class=\"elementor-element elementor-element-133d6972 elementor-widget elementor-widget-theme-post-title elementor-page-title elementor-widget-heading\" data-id=\"133d6972\" data-element_type=\"widget\" data-e-type=\"widget\" data-widget_type=\"theme-post-title.default\">\n\t\t\t\t<div class=\"elementor-widget-container\">\n\t\t\t\t\t<h3 class=\"elementor-heading-title elementor-size-default\"><a href=\"https:\/\/wirtschaftsstandort-westmecklenburg.de\/en\/people-of-the-region\/petersen\/\">Climate-neutral meetings and accommodation<\/a><\/h3>\t\t\t\t<\/div>\n\t\t\t\t<\/div>\n\t\t\t\t<div class=\"elementor-element elementor-element-3e54aed1 elementor-widget elementor-widget-theme-post-excerpt\" data-id=\"3e54aed1\" data-element_type=\"widget\" data-e-type=\"widget\" data-widget_type=\"theme-post-excerpt.default\">\n\t\t\t\t<div class=\"elementor-widget-container\">\n\t\t\t\t\tHotel Speicher am Ziegelsee: This family-run hotel is one of the best addresses in Schwerin.\t\t\t\t<\/div>\n\t\t\t\t<\/div>\n\t\t\t\t\t<\/div>\n\t\t\t\t<\/div>\n\t\t\t\t<div class=\"elementor-element elementor-element-65e0563c elementor-widget elementor-widget-button\" data-id=\"65e0563c\" data-element_type=\"widget\" data-e-type=\"widget\" data-widget_type=\"button.default\">\n\t\t\t\t<div class=\"elementor-widget-container\">\n\t\t\t\t\t\t\t\t\t<div class=\"elementor-button-wrapper\">\n\t\t\t\t\t<a class=\"elementor-button elementor-button-link elementor-size-sm\" href=\"https:\/\/wirtschaftsstandort-westmecklenburg.de\/en\/people-of-the-region\/petersen\/\">\n\t\t\t\t\t\t<span class=\"elementor-button-content-wrapper\">\n\t\t\t\t\t\t\t\t\t<span class=\"elementor-button-text\">Read more &gt;&gt;<\/span>\n\t\t\t\t\t<\/span>\n\t\t\t\t\t<\/a>\n\t\t\t\t<\/div>\n\t\t\t\t\t\t\t\t<\/div>\n\t\t\t\t<\/div>\n\t\t\t\t<div class=\"elementor-element elementor-element-7b95dd0a elementor-widget elementor-widget-spacer\" data-id=\"7b95dd0a\" data-element_type=\"widget\" data-e-type=\"widget\" data-widget_type=\"spacer.default\">\n\t\t\t\t<div class=\"elementor-widget-container\">\n\t\t\t\t\t\t\t<div class=\"elementor-spacer\">\n\t\t\t<div class=\"elementor-spacer-inner\"><\/div>\n\t\t<\/div>\n\t\t\t\t\t\t<\/div>\n\t\t\t\t<\/div>\n\t\t\t\t\t<\/div>\n\t\t\t\t<\/div>\n\t\t\t\t<\/div>\n\t\t\t\t<div data-elementor-type=\"loop-item\" data-elementor-id=\"3801\" class=\"elementor elementor-3801 swiper-slide e-loop-item e-loop-item-5205 post-5205 post type-post status-publish format-standard has-post-thumbnail hentry category-people-of-the-region tag-protagonist-der-region-en tag-protagonists-of-the-region tag-schwerin-en tag-shipping\" data-elementor-post-type=\"elementor_library\" role=\"group\" aria-roledescription=\"slide\" data-custom-edit-handle=\"1\">\n\t\t\t<div class=\"elementor-element elementor-element-28ca9618 e-flex e-con-boxed e-con e-parent\" data-id=\"28ca9618\" data-element_type=\"container\" data-e-type=\"container\" data-settings=\"{&quot;background_background&quot;:&quot;classic&quot;}\">\n\t\t\t\t\t<div class=\"e-con-inner\">\n\t\t\t\t<div class=\"elementor-element elementor-element-546eca50 elementor-widget elementor-widget-theme-post-featured-image elementor-widget-image\" data-id=\"546eca50\" data-element_type=\"widget\" data-e-type=\"widget\" data-widget_type=\"theme-post-featured-image.default\">\n\t\t\t\t<div class=\"elementor-widget-container\">\n\t\t\t\t\t\t\t\t\t\t\t\t\t\t\t\t<a href=\"https:\/\/wirtschaftsstandort-westmecklenburg.de\/en\/people-of-the-region\/kremp\/\">\n\t\t\t\t\t\t\t<img loading=\"lazy\" decoding=\"async\" width=\"768\" height=\"510\" src=\"https:\/\/wirtschaftsstandort-westmecklenburg.de\/wp-content\/uploads\/2024\/08\/B-Michael-Kremp_weboptimiert-768x510.jpg\" class=\"attachment-medium_large size-medium_large wp-image-5209\" alt=\"Michael Kremp\" srcset=\"https:\/\/wirtschaftsstandort-westmecklenburg.de\/wp-content\/uploads\/2024\/08\/B-Michael-Kremp_weboptimiert-768x510.jpg 768w, https:\/\/wirtschaftsstandort-westmecklenburg.de\/wp-content\/uploads\/2024\/08\/B-Michael-Kremp_weboptimiert-300x199.jpg 300w, https:\/\/wirtschaftsstandort-westmecklenburg.de\/wp-content\/uploads\/2024\/08\/B-Michael-Kremp_weboptimiert-1024x680.jpg 1024w, https:\/\/wirtschaftsstandort-westmecklenburg.de\/wp-content\/uploads\/2024\/08\/B-Michael-Kremp_weboptimiert-1536x1020.jpg 1536w\" sizes=\"(max-width: 768px) 100vw, 768px\" \/>\t\t\t\t\t\t\t\t<\/a>\n\t\t\t\t\t\t\t\t\t\t\t\t\t\t\t<\/div>\n\t\t\t\t<\/div>\n\t\t<div class=\"elementor-element elementor-element-6ce0f71c e-flex e-con-boxed e-con e-child\" data-id=\"6ce0f71c\" data-element_type=\"container\" data-e-type=\"container\">\n\t\t\t\t\t<div class=\"e-con-inner\">\n\t\t\t\t<div class=\"elementor-element elementor-element-133d6972 elementor-widget elementor-widget-theme-post-title elementor-page-title elementor-widget-heading\" data-id=\"133d6972\" data-element_type=\"widget\" data-e-type=\"widget\" data-widget_type=\"theme-post-title.default\">\n\t\t\t\t<div class=\"elementor-widget-container\">\n\t\t\t\t\t<h3 class=\"elementor-heading-title elementor-size-default\"><a href=\"https:\/\/wirtschaftsstandort-westmecklenburg.de\/en\/people-of-the-region\/kremp\/\">Wood industry: strong backbone for Wismar port<\/a><\/h3>\t\t\t\t<\/div>\n\t\t\t\t<\/div>\n\t\t\t\t<div class=\"elementor-element elementor-element-3e54aed1 elementor-widget elementor-widget-theme-post-excerpt\" data-id=\"3e54aed1\" data-element_type=\"widget\" data-e-type=\"widget\" data-widget_type=\"theme-post-excerpt.default\">\n\t\t\t\t<div class=\"elementor-widget-container\">\n\t\t\t\t\tRenewable raw material wood plays a significant role in the region.\t\t\t\t<\/div>\n\t\t\t\t<\/div>\n\t\t\t\t\t<\/div>\n\t\t\t\t<\/div>\n\t\t\t\t<div class=\"elementor-element elementor-element-65e0563c elementor-widget elementor-widget-button\" data-id=\"65e0563c\" data-element_type=\"widget\" data-e-type=\"widget\" data-widget_type=\"button.default\">\n\t\t\t\t<div class=\"elementor-widget-container\">\n\t\t\t\t\t\t\t\t\t<div class=\"elementor-button-wrapper\">\n\t\t\t\t\t<a class=\"elementor-button elementor-button-link elementor-size-sm\" href=\"https:\/\/wirtschaftsstandort-westmecklenburg.de\/en\/people-of-the-region\/kremp\/\">\n\t\t\t\t\t\t<span class=\"elementor-button-content-wrapper\">\n\t\t\t\t\t\t\t\t\t<span class=\"elementor-button-text\">Read more &gt;&gt;<\/span>\n\t\t\t\t\t<\/span>\n\t\t\t\t\t<\/a>\n\t\t\t\t<\/div>\n\t\t\t\t\t\t\t\t<\/div>\n\t\t\t\t<\/div>\n\t\t\t\t<div class=\"elementor-element elementor-element-7b95dd0a elementor-widget elementor-widget-spacer\" data-id=\"7b95dd0a\" data-element_type=\"widget\" data-e-type=\"widget\" data-widget_type=\"spacer.default\">\n\t\t\t\t<div class=\"elementor-widget-container\">\n\t\t\t\t\t\t\t<div class=\"elementor-spacer\">\n\t\t\t<div class=\"elementor-spacer-inner\"><\/div>\n\t\t<\/div>\n\t\t\t\t\t\t<\/div>\n\t\t\t\t<\/div>\n\t\t\t\t\t<\/div>\n\t\t\t\t<\/div>\n\t\t\t\t<\/div>\n\t\t\t\t<div data-elementor-type=\"loop-item\" data-elementor-id=\"3801\" class=\"elementor elementor-3801 swiper-slide e-loop-item e-loop-item-6355 post-6355 post type-post status-publish format-standard has-post-thumbnail hentry category-people-of-the-region tag-hydrogen tag-protagonists-of-the-region tag-rostock-laage-en\" data-elementor-post-type=\"elementor_library\" role=\"group\" aria-roledescription=\"slide\" data-custom-edit-handle=\"1\">\n\t\t\t<div class=\"elementor-element elementor-element-28ca9618 e-flex e-con-boxed e-con e-parent\" data-id=\"28ca9618\" data-element_type=\"container\" data-e-type=\"container\" data-settings=\"{&quot;background_background&quot;:&quot;classic&quot;}\">\n\t\t\t\t\t<div class=\"e-con-inner\">\n\t\t\t\t<div class=\"elementor-element elementor-element-546eca50 elementor-widget elementor-widget-theme-post-featured-image elementor-widget-image\" data-id=\"546eca50\" data-element_type=\"widget\" data-e-type=\"widget\" data-widget_type=\"theme-post-featured-image.default\">\n\t\t\t\t<div class=\"elementor-widget-container\">\n\t\t\t\t\t\t\t\t\t\t\t\t\t\t\t\t<a href=\"https:\/\/wirtschaftsstandort-westmecklenburg.de\/en\/people-of-the-region\/paterna\/\">\n\t\t\t\t\t\t\t<img loading=\"lazy\" decoding=\"async\" width=\"768\" height=\"512\" src=\"https:\/\/wirtschaftsstandort-westmecklenburg.de\/wp-content\/uploads\/2024\/09\/A-Mischa-Paterna_weboptimiert-768x512.jpg\" class=\"attachment-medium_large size-medium_large wp-image-5830\" alt=\"Dr. Mischa Paterna\" srcset=\"https:\/\/wirtschaftsstandort-westmecklenburg.de\/wp-content\/uploads\/2024\/09\/A-Mischa-Paterna_weboptimiert-768x512.jpg 768w, https:\/\/wirtschaftsstandort-westmecklenburg.de\/wp-content\/uploads\/2024\/09\/A-Mischa-Paterna_weboptimiert-300x200.jpg 300w, https:\/\/wirtschaftsstandort-westmecklenburg.de\/wp-content\/uploads\/2024\/09\/A-Mischa-Paterna_weboptimiert-1024x683.jpg 1024w, https:\/\/wirtschaftsstandort-westmecklenburg.de\/wp-content\/uploads\/2024\/09\/A-Mischa-Paterna_weboptimiert-1536x1024.jpg 1536w\" sizes=\"(max-width: 768px) 100vw, 768px\" \/>\t\t\t\t\t\t\t\t<\/a>\n\t\t\t\t\t\t\t\t\t\t\t\t\t\t\t<\/div>\n\t\t\t\t<\/div>\n\t\t<div class=\"elementor-element elementor-element-6ce0f71c e-flex e-con-boxed e-con e-child\" data-id=\"6ce0f71c\" data-element_type=\"container\" data-e-type=\"container\">\n\t\t\t\t\t<div class=\"e-con-inner\">\n\t\t\t\t<div class=\"elementor-element elementor-element-133d6972 elementor-widget elementor-widget-theme-post-title elementor-page-title elementor-widget-heading\" data-id=\"133d6972\" data-element_type=\"widget\" data-e-type=\"widget\" data-widget_type=\"theme-post-title.default\">\n\t\t\t\t<div class=\"elementor-widget-container\">\n\t\t\t\t\t<h3 class=\"elementor-heading-title elementor-size-default\"><a href=\"https:\/\/wirtschaftsstandort-westmecklenburg.de\/en\/people-of-the-region\/paterna\/\">Hydrogen &#8211; the molecule of the future<\/a><\/h3>\t\t\t\t<\/div>\n\t\t\t\t<\/div>\n\t\t\t\t<div class=\"elementor-element elementor-element-3e54aed1 elementor-widget elementor-widget-theme-post-excerpt\" data-id=\"3e54aed1\" data-element_type=\"widget\" data-e-type=\"widget\" data-widget_type=\"theme-post-excerpt.default\">\n\t\t\t\t<div class=\"elementor-widget-container\">\n\t\t\t\t\tHydrogen as a key building block for the energy transition. \t\t\t\t<\/div>\n\t\t\t\t<\/div>\n\t\t\t\t\t<\/div>\n\t\t\t\t<\/div>\n\t\t\t\t<div class=\"elementor-element elementor-element-65e0563c elementor-widget elementor-widget-button\" data-id=\"65e0563c\" data-element_type=\"widget\" data-e-type=\"widget\" data-widget_type=\"button.default\">\n\t\t\t\t<div class=\"elementor-widget-container\">\n\t\t\t\t\t\t\t\t\t<div class=\"elementor-button-wrapper\">\n\t\t\t\t\t<a class=\"elementor-button elementor-button-link elementor-size-sm\" href=\"https:\/\/wirtschaftsstandort-westmecklenburg.de\/en\/people-of-the-region\/paterna\/\">\n\t\t\t\t\t\t<span class=\"elementor-button-content-wrapper\">\n\t\t\t\t\t\t\t\t\t<span class=\"elementor-button-text\">Read more &gt;&gt;<\/span>\n\t\t\t\t\t<\/span>\n\t\t\t\t\t<\/a>\n\t\t\t\t<\/div>\n\t\t\t\t\t\t\t\t<\/div>\n\t\t\t\t<\/div>\n\t\t\t\t<div class=\"elementor-element elementor-element-7b95dd0a elementor-widget elementor-widget-spacer\" data-id=\"7b95dd0a\" data-element_type=\"widget\" data-e-type=\"widget\" data-widget_type=\"spacer.default\">\n\t\t\t\t<div class=\"elementor-widget-container\">\n\t\t\t\t\t\t\t<div class=\"elementor-spacer\">\n\t\t\t<div class=\"elementor-spacer-inner\"><\/div>\n\t\t<\/div>\n\t\t\t\t\t\t<\/div>\n\t\t\t\t<\/div>\n\t\t\t\t\t<\/div>\n\t\t\t\t<\/div>\n\t\t\t\t<\/div>\n\t\t\t\t<div data-elementor-type=\"loop-item\" data-elementor-id=\"3801\" class=\"elementor elementor-3801 swiper-slide e-loop-item e-loop-item-5512 post-5512 post type-post status-publish format-standard has-post-thumbnail hentry category-people-of-the-region tag-competence-centre tag-nieklitz-en tag-protagonists-of-the-region\" data-elementor-post-type=\"elementor_library\" role=\"group\" aria-roledescription=\"slide\" data-custom-edit-handle=\"1\">\n\t\t\t<div class=\"elementor-element elementor-element-28ca9618 e-flex e-con-boxed e-con e-parent\" data-id=\"28ca9618\" data-element_type=\"container\" data-e-type=\"container\" data-settings=\"{&quot;background_background&quot;:&quot;classic&quot;}\">\n\t\t\t\t\t<div class=\"e-con-inner\">\n\t\t\t\t<div class=\"elementor-element elementor-element-546eca50 elementor-widget elementor-widget-theme-post-featured-image elementor-widget-image\" data-id=\"546eca50\" data-element_type=\"widget\" data-e-type=\"widget\" data-widget_type=\"theme-post-featured-image.default\">\n\t\t\t\t<div class=\"elementor-widget-container\">\n\t\t\t\t\t\t\t\t\t\t\t\t\t\t\t\t<a href=\"https:\/\/wirtschaftsstandort-westmecklenburg.de\/en\/people-of-the-region\/deutschmann\/\">\n\t\t\t\t\t\t\t<img loading=\"lazy\" decoding=\"async\" width=\"768\" height=\"509\" src=\"https:\/\/wirtschaftsstandort-westmecklenburg.de\/wp-content\/uploads\/2024\/09\/A-Jannis-Deutschmann_weboptimiert-768x509.jpg\" class=\"attachment-medium_large size-medium_large wp-image-5515\" alt=\"Jannis Deutschmann, einer der Initiatoren der Wir bauen Zukunft eG\" srcset=\"https:\/\/wirtschaftsstandort-westmecklenburg.de\/wp-content\/uploads\/2024\/09\/A-Jannis-Deutschmann_weboptimiert-768x509.jpg 768w, https:\/\/wirtschaftsstandort-westmecklenburg.de\/wp-content\/uploads\/2024\/09\/A-Jannis-Deutschmann_weboptimiert-300x199.jpg 300w, https:\/\/wirtschaftsstandort-westmecklenburg.de\/wp-content\/uploads\/2024\/09\/A-Jannis-Deutschmann_weboptimiert-1024x678.jpg 1024w, https:\/\/wirtschaftsstandort-westmecklenburg.de\/wp-content\/uploads\/2024\/09\/A-Jannis-Deutschmann_weboptimiert-1536x1017.jpg 1536w\" sizes=\"(max-width: 768px) 100vw, 768px\" \/>\t\t\t\t\t\t\t\t<\/a>\n\t\t\t\t\t\t\t\t\t\t\t\t\t\t\t<\/div>\n\t\t\t\t<\/div>\n\t\t<div class=\"elementor-element elementor-element-6ce0f71c e-flex e-con-boxed e-con e-child\" data-id=\"6ce0f71c\" data-element_type=\"container\" data-e-type=\"container\">\n\t\t\t\t\t<div class=\"e-con-inner\">\n\t\t\t\t<div class=\"elementor-element elementor-element-133d6972 elementor-widget elementor-widget-theme-post-title elementor-page-title elementor-widget-heading\" data-id=\"133d6972\" data-element_type=\"widget\" data-e-type=\"widget\" data-widget_type=\"theme-post-title.default\">\n\t\t\t\t<div class=\"elementor-widget-container\">\n\t\t\t\t\t<h3 class=\"elementor-heading-title elementor-size-default\"><a href=\"https:\/\/wirtschaftsstandort-westmecklenburg.de\/en\/people-of-the-region\/deutschmann\/\">Living laboratory for an economy for the common good<\/a><\/h3>\t\t\t\t<\/div>\n\t\t\t\t<\/div>\n\t\t\t\t<div class=\"elementor-element elementor-element-3e54aed1 elementor-widget elementor-widget-theme-post-excerpt\" data-id=\"3e54aed1\" data-element_type=\"widget\" data-e-type=\"widget\" data-widget_type=\"theme-post-excerpt.default\">\n\t\t\t\t<div class=\"elementor-widget-container\">\n\t\t\t\t\tCentre of excellence for regenerative living, working and building.\t\t\t\t<\/div>\n\t\t\t\t<\/div>\n\t\t\t\t\t<\/div>\n\t\t\t\t<\/div>\n\t\t\t\t<div class=\"elementor-element elementor-element-65e0563c elementor-widget elementor-widget-button\" data-id=\"65e0563c\" data-element_type=\"widget\" data-e-type=\"widget\" data-widget_type=\"button.default\">\n\t\t\t\t<div class=\"elementor-widget-container\">\n\t\t\t\t\t\t\t\t\t<div class=\"elementor-button-wrapper\">\n\t\t\t\t\t<a class=\"elementor-button elementor-button-link elementor-size-sm\" href=\"https:\/\/wirtschaftsstandort-westmecklenburg.de\/en\/people-of-the-region\/deutschmann\/\">\n\t\t\t\t\t\t<span class=\"elementor-button-content-wrapper\">\n\t\t\t\t\t\t\t\t\t<span class=\"elementor-button-text\">Read more &gt;&gt;<\/span>\n\t\t\t\t\t<\/span>\n\t\t\t\t\t<\/a>\n\t\t\t\t<\/div>\n\t\t\t\t\t\t\t\t<\/div>\n\t\t\t\t<\/div>\n\t\t\t\t<div class=\"elementor-element elementor-element-7b95dd0a elementor-widget elementor-widget-spacer\" data-id=\"7b95dd0a\" data-element_type=\"widget\" data-e-type=\"widget\" data-widget_type=\"spacer.default\">\n\t\t\t\t<div class=\"elementor-widget-container\">\n\t\t\t\t\t\t\t<div class=\"elementor-spacer\">\n\t\t\t<div class=\"elementor-spacer-inner\"><\/div>\n\t\t<\/div>\n\t\t\t\t\t\t<\/div>\n\t\t\t\t<\/div>\n\t\t\t\t\t<\/div>\n\t\t\t\t<\/div>\n\t\t\t\t<\/div>\n\t\t\t\t<div data-elementor-type=\"loop-item\" data-elementor-id=\"3801\" class=\"elementor elementor-3801 swiper-slide e-loop-item e-loop-item-5441 post-5441 post type-post status-publish format-standard has-post-thumbnail hentry category-people-of-the-region tag-energy-supply tag-ludwigslust-en tag-protagonists-of-the-region\" data-elementor-post-type=\"elementor_library\" role=\"group\" aria-roledescription=\"slide\" data-custom-edit-handle=\"1\">\n\t\t\t<div class=\"elementor-element elementor-element-28ca9618 e-flex e-con-boxed e-con e-parent\" data-id=\"28ca9618\" data-element_type=\"container\" data-e-type=\"container\" data-settings=\"{&quot;background_background&quot;:&quot;classic&quot;}\">\n\t\t\t\t\t<div class=\"e-con-inner\">\n\t\t\t\t<div class=\"elementor-element elementor-element-546eca50 elementor-widget elementor-widget-theme-post-featured-image elementor-widget-image\" data-id=\"546eca50\" data-element_type=\"widget\" data-e-type=\"widget\" data-widget_type=\"theme-post-featured-image.default\">\n\t\t\t\t<div class=\"elementor-widget-container\">\n\t\t\t\t\t\t\t\t\t\t\t\t\t\t\t\t<a href=\"https:\/\/wirtschaftsstandort-westmecklenburg.de\/en\/people-of-the-region\/bortsch\/\">\n\t\t\t\t\t\t\t<img loading=\"lazy\" decoding=\"async\" width=\"768\" height=\"512\" src=\"https:\/\/wirtschaftsstandort-westmecklenburg.de\/wp-content\/uploads\/2024\/09\/A-Viola-Bortsch_weboptimiert-768x512.jpg\" class=\"attachment-medium_large size-medium_large wp-image-5444\" alt=\"Wirtschaftsjuristin Viola\" srcset=\"https:\/\/wirtschaftsstandort-westmecklenburg.de\/wp-content\/uploads\/2024\/09\/A-Viola-Bortsch_weboptimiert-768x512.jpg 768w, https:\/\/wirtschaftsstandort-westmecklenburg.de\/wp-content\/uploads\/2024\/09\/A-Viola-Bortsch_weboptimiert-300x200.jpg 300w, https:\/\/wirtschaftsstandort-westmecklenburg.de\/wp-content\/uploads\/2024\/09\/A-Viola-Bortsch_weboptimiert-1024x683.jpg 1024w, https:\/\/wirtschaftsstandort-westmecklenburg.de\/wp-content\/uploads\/2024\/09\/A-Viola-Bortsch_weboptimiert-1536x1024.jpg 1536w\" sizes=\"(max-width: 768px) 100vw, 768px\" \/>\t\t\t\t\t\t\t\t<\/a>\n\t\t\t\t\t\t\t\t\t\t\t\t\t\t\t<\/div>\n\t\t\t\t<\/div>\n\t\t<div class=\"elementor-element elementor-element-6ce0f71c e-flex e-con-boxed e-con e-child\" data-id=\"6ce0f71c\" data-element_type=\"container\" data-e-type=\"container\">\n\t\t\t\t\t<div class=\"e-con-inner\">\n\t\t\t\t<div class=\"elementor-element elementor-element-133d6972 elementor-widget elementor-widget-theme-post-title elementor-page-title elementor-widget-heading\" data-id=\"133d6972\" data-element_type=\"widget\" data-e-type=\"widget\" data-widget_type=\"theme-post-title.default\">\n\t\t\t\t<div class=\"elementor-widget-container\">\n\t\t\t\t\t<h3 class=\"elementor-heading-title elementor-size-default\"><a href=\"https:\/\/wirtschaftsstandort-westmecklenburg.de\/en\/people-of-the-region\/bortsch\/\">Breath of fresh air for the status quo<\/a><\/h3>\t\t\t\t<\/div>\n\t\t\t\t<\/div>\n\t\t\t\t<div class=\"elementor-element elementor-element-3e54aed1 elementor-widget elementor-widget-theme-post-excerpt\" data-id=\"3e54aed1\" data-element_type=\"widget\" data-e-type=\"widget\" data-widget_type=\"theme-post-excerpt.default\">\n\t\t\t\t<div class=\"elementor-widget-container\">\n\t\t\t\t\tThe energy sector is currently going through a phase of unprecedented upheaval and faces major challenges.\t\t\t\t<\/div>\n\t\t\t\t<\/div>\n\t\t\t\t\t<\/div>\n\t\t\t\t<\/div>\n\t\t\t\t<div class=\"elementor-element elementor-element-65e0563c elementor-widget elementor-widget-button\" data-id=\"65e0563c\" data-element_type=\"widget\" data-e-type=\"widget\" data-widget_type=\"button.default\">\n\t\t\t\t<div class=\"elementor-widget-container\">\n\t\t\t\t\t\t\t\t\t<div class=\"elementor-button-wrapper\">\n\t\t\t\t\t<a class=\"elementor-button elementor-button-link elementor-size-sm\" href=\"https:\/\/wirtschaftsstandort-westmecklenburg.de\/en\/people-of-the-region\/bortsch\/\">\n\t\t\t\t\t\t<span class=\"elementor-button-content-wrapper\">\n\t\t\t\t\t\t\t\t\t<span class=\"elementor-button-text\">Read more &gt;&gt;<\/span>\n\t\t\t\t\t<\/span>\n\t\t\t\t\t<\/a>\n\t\t\t\t<\/div>\n\t\t\t\t\t\t\t\t<\/div>\n\t\t\t\t<\/div>\n\t\t\t\t<div class=\"elementor-element elementor-element-7b95dd0a elementor-widget elementor-widget-spacer\" data-id=\"7b95dd0a\" data-element_type=\"widget\" data-e-type=\"widget\" data-widget_type=\"spacer.default\">\n\t\t\t\t<div class=\"elementor-widget-container\">\n\t\t\t\t\t\t\t<div class=\"elementor-spacer\">\n\t\t\t<div class=\"elementor-spacer-inner\"><\/div>\n\t\t<\/div>\n\t\t\t\t\t\t<\/div>\n\t\t\t\t<\/div>\n\t\t\t\t\t<\/div>\n\t\t\t\t<\/div>\n\t\t\t\t<\/div>\n\t\t\t\t<div data-elementor-type=\"loop-item\" data-elementor-id=\"3801\" class=\"elementor elementor-3801 swiper-slide e-loop-item e-loop-item-4592 post-4592 post type-post status-publish format-standard has-post-thumbnail hentry category-people-of-the-region tag-furniture-manufactory tag-protagonists-of-the-region-en tag-wismar-en\" data-elementor-post-type=\"elementor_library\" role=\"group\" aria-roledescription=\"slide\" data-custom-edit-handle=\"1\">\n\t\t\t<div class=\"elementor-element elementor-element-28ca9618 e-flex e-con-boxed e-con e-parent\" data-id=\"28ca9618\" data-element_type=\"container\" data-e-type=\"container\" data-settings=\"{&quot;background_background&quot;:&quot;classic&quot;}\">\n\t\t\t\t\t<div class=\"e-con-inner\">\n\t\t\t\t<div class=\"elementor-element elementor-element-546eca50 elementor-widget elementor-widget-theme-post-featured-image elementor-widget-image\" data-id=\"546eca50\" data-element_type=\"widget\" data-e-type=\"widget\" data-widget_type=\"theme-post-featured-image.default\">\n\t\t\t\t<div class=\"elementor-widget-container\">\n\t\t\t\t\t\t\t\t\t\t\t\t\t\t\t\t<a href=\"https:\/\/wirtschaftsstandort-westmecklenburg.de\/en\/people-of-the-region\/goertz\/\">\n\t\t\t\t\t\t\t<img loading=\"lazy\" decoding=\"async\" width=\"768\" height=\"512\" src=\"https:\/\/wirtschaftsstandort-westmecklenburg.de\/wp-content\/uploads\/2024\/07\/web_A-Torsten-Goertz-768x512.jpg\" class=\"attachment-medium_large size-medium_large wp-image-4595\" alt=\"Torsten Goertz\" srcset=\"https:\/\/wirtschaftsstandort-westmecklenburg.de\/wp-content\/uploads\/2024\/07\/web_A-Torsten-Goertz-768x512.jpg 768w, https:\/\/wirtschaftsstandort-westmecklenburg.de\/wp-content\/uploads\/2024\/07\/web_A-Torsten-Goertz-300x200.jpg 300w, https:\/\/wirtschaftsstandort-westmecklenburg.de\/wp-content\/uploads\/2024\/07\/web_A-Torsten-Goertz-1024x683.jpg 1024w, https:\/\/wirtschaftsstandort-westmecklenburg.de\/wp-content\/uploads\/2024\/07\/web_A-Torsten-Goertz-1536x1024.jpg 1536w, https:\/\/wirtschaftsstandort-westmecklenburg.de\/wp-content\/uploads\/2024\/07\/web_A-Torsten-Goertz-2048x1366.jpg 2048w, https:\/\/wirtschaftsstandort-westmecklenburg.de\/wp-content\/uploads\/2024\/07\/web_A-Torsten-Goertz-930x620.jpg 930w\" sizes=\"(max-width: 768px) 100vw, 768px\" \/>\t\t\t\t\t\t\t\t<\/a>\n\t\t\t\t\t\t\t\t\t\t\t\t\t\t\t<\/div>\n\t\t\t\t<\/div>\n\t\t<div class=\"elementor-element elementor-element-6ce0f71c e-flex e-con-boxed e-con e-child\" data-id=\"6ce0f71c\" data-element_type=\"container\" data-e-type=\"container\">\n\t\t\t\t\t<div class=\"e-con-inner\">\n\t\t\t\t<div class=\"elementor-element elementor-element-133d6972 elementor-widget elementor-widget-theme-post-title elementor-page-title elementor-widget-heading\" data-id=\"133d6972\" data-element_type=\"widget\" data-e-type=\"widget\" data-widget_type=\"theme-post-title.default\">\n\t\t\t\t<div class=\"elementor-widget-container\">\n\t\t\t\t\t<h3 class=\"elementor-heading-title elementor-size-default\"><a href=\"https:\/\/wirtschaftsstandort-westmecklenburg.de\/en\/people-of-the-region\/goertz\/\">Always moving forward<\/a><\/h3>\t\t\t\t<\/div>\n\t\t\t\t<\/div>\n\t\t\t\t<div class=\"elementor-element elementor-element-3e54aed1 elementor-widget elementor-widget-theme-post-excerpt\" data-id=\"3e54aed1\" data-element_type=\"widget\" data-e-type=\"widget\" data-widget_type=\"theme-post-excerpt.default\">\n\t\t\t\t<div class=\"elementor-widget-container\">\n\t\t\t\t\tGoertz M\u00f6belmanufaktur in Wismar combines successful service and retail under one roof.\t\t\t\t<\/div>\n\t\t\t\t<\/div>\n\t\t\t\t\t<\/div>\n\t\t\t\t<\/div>\n\t\t\t\t<div class=\"elementor-element elementor-element-65e0563c elementor-widget elementor-widget-button\" data-id=\"65e0563c\" data-element_type=\"widget\" data-e-type=\"widget\" data-widget_type=\"button.default\">\n\t\t\t\t<div class=\"elementor-widget-container\">\n\t\t\t\t\t\t\t\t\t<div class=\"elementor-button-wrapper\">\n\t\t\t\t\t<a class=\"elementor-button elementor-button-link elementor-size-sm\" href=\"https:\/\/wirtschaftsstandort-westmecklenburg.de\/en\/people-of-the-region\/goertz\/\">\n\t\t\t\t\t\t<span class=\"elementor-button-content-wrapper\">\n\t\t\t\t\t\t\t\t\t<span class=\"elementor-button-text\">Read more &gt;&gt;<\/span>\n\t\t\t\t\t<\/span>\n\t\t\t\t\t<\/a>\n\t\t\t\t<\/div>\n\t\t\t\t\t\t\t\t<\/div>\n\t\t\t\t<\/div>\n\t\t\t\t<div class=\"elementor-element elementor-element-7b95dd0a elementor-widget elementor-widget-spacer\" data-id=\"7b95dd0a\" data-element_type=\"widget\" data-e-type=\"widget\" data-widget_type=\"spacer.default\">\n\t\t\t\t<div class=\"elementor-widget-container\">\n\t\t\t\t\t\t\t<div class=\"elementor-spacer\">\n\t\t\t<div class=\"elementor-spacer-inner\"><\/div>\n\t\t<\/div>\n\t\t\t\t\t\t<\/div>\n\t\t\t\t<\/div>\n\t\t\t\t\t<\/div>\n\t\t\t\t<\/div>\n\t\t\t\t<\/div>\n\t\t\t\t<div data-elementor-type=\"loop-item\" data-elementor-id=\"3801\" class=\"elementor elementor-3801 swiper-slide e-loop-item e-loop-item-5014 post-5014 post type-post status-publish format-standard has-post-thumbnail hentry category-people-of-the-region tag-protagonist-of-the-region tag-schwerin-en tag-tourism\" data-elementor-post-type=\"elementor_library\" role=\"group\" aria-roledescription=\"slide\" data-custom-edit-handle=\"1\">\n\t\t\t<div class=\"elementor-element elementor-element-28ca9618 e-flex e-con-boxed e-con e-parent\" data-id=\"28ca9618\" data-element_type=\"container\" data-e-type=\"container\" data-settings=\"{&quot;background_background&quot;:&quot;classic&quot;}\">\n\t\t\t\t\t<div class=\"e-con-inner\">\n\t\t\t\t<div class=\"elementor-element elementor-element-546eca50 elementor-widget elementor-widget-theme-post-featured-image elementor-widget-image\" data-id=\"546eca50\" data-element_type=\"widget\" data-e-type=\"widget\" data-widget_type=\"theme-post-featured-image.default\">\n\t\t\t\t<div class=\"elementor-widget-container\">\n\t\t\t\t\t\t\t\t\t\t\t\t\t\t\t\t<a href=\"https:\/\/wirtschaftsstandort-westmecklenburg.de\/en\/people-of-the-region\/muller\/\">\n\t\t\t\t\t\t\t<img loading=\"lazy\" decoding=\"async\" width=\"768\" height=\"512\" src=\"https:\/\/wirtschaftsstandort-westmecklenburg.de\/wp-content\/uploads\/2024\/08\/A-Martina-Mu\u2560eller_weboptimiert-768x512.jpg\" class=\"attachment-medium_large size-medium_large wp-image-5017\" alt=\"Martina M\u00fcller, Gesch\u00e4ftsf\u00fchrerin des Tourismusverbandes Mecklenburg-Schwerin e. V.\" srcset=\"https:\/\/wirtschaftsstandort-westmecklenburg.de\/wp-content\/uploads\/2024\/08\/A-Martina-Mu\u2560eller_weboptimiert-768x512.jpg 768w, https:\/\/wirtschaftsstandort-westmecklenburg.de\/wp-content\/uploads\/2024\/08\/A-Martina-Mu\u2560eller_weboptimiert-300x200.jpg 300w, https:\/\/wirtschaftsstandort-westmecklenburg.de\/wp-content\/uploads\/2024\/08\/A-Martina-Mu\u2560eller_weboptimiert-1024x683.jpg 1024w, https:\/\/wirtschaftsstandort-westmecklenburg.de\/wp-content\/uploads\/2024\/08\/A-Martina-Mu\u2560eller_weboptimiert-1536x1024.jpg 1536w\" sizes=\"(max-width: 768px) 100vw, 768px\" \/>\t\t\t\t\t\t\t\t<\/a>\n\t\t\t\t\t\t\t\t\t\t\t\t\t\t\t<\/div>\n\t\t\t\t<\/div>\n\t\t<div class=\"elementor-element elementor-element-6ce0f71c e-flex e-con-boxed e-con e-child\" data-id=\"6ce0f71c\" data-element_type=\"container\" data-e-type=\"container\">\n\t\t\t\t\t<div class=\"e-con-inner\">\n\t\t\t\t<div class=\"elementor-element elementor-element-133d6972 elementor-widget elementor-widget-theme-post-title elementor-page-title elementor-widget-heading\" data-id=\"133d6972\" data-element_type=\"widget\" data-e-type=\"widget\" data-widget_type=\"theme-post-title.default\">\n\t\t\t\t<div class=\"elementor-widget-container\">\n\t\t\t\t\t<h3 class=\"elementor-heading-title elementor-size-default\"><a href=\"https:\/\/wirtschaftsstandort-westmecklenburg.de\/en\/people-of-the-region\/muller\/\">Holiday region with huge potential<\/a><\/h3>\t\t\t\t<\/div>\n\t\t\t\t<\/div>\n\t\t\t\t<div class=\"elementor-element elementor-element-3e54aed1 elementor-widget elementor-widget-theme-post-excerpt\" data-id=\"3e54aed1\" data-element_type=\"widget\" data-e-type=\"widget\" data-widget_type=\"theme-post-excerpt.default\">\n\t\t\t\t<div class=\"elementor-widget-container\">\n\t\t\t\t\tAn interview with Martina M\u00fcller about developments and challenges in tourism.\t\t\t\t<\/div>\n\t\t\t\t<\/div>\n\t\t\t\t\t<\/div>\n\t\t\t\t<\/div>\n\t\t\t\t<div class=\"elementor-element elementor-element-65e0563c elementor-widget elementor-widget-button\" data-id=\"65e0563c\" data-element_type=\"widget\" data-e-type=\"widget\" data-widget_type=\"button.default\">\n\t\t\t\t<div class=\"elementor-widget-container\">\n\t\t\t\t\t\t\t\t\t<div class=\"elementor-button-wrapper\">\n\t\t\t\t\t<a class=\"elementor-button elementor-button-link elementor-size-sm\" href=\"https:\/\/wirtschaftsstandort-westmecklenburg.de\/en\/people-of-the-region\/muller\/\">\n\t\t\t\t\t\t<span class=\"elementor-button-content-wrapper\">\n\t\t\t\t\t\t\t\t\t<span class=\"elementor-button-text\">Read more &gt;&gt;<\/span>\n\t\t\t\t\t<\/span>\n\t\t\t\t\t<\/a>\n\t\t\t\t<\/div>\n\t\t\t\t\t\t\t\t<\/div>\n\t\t\t\t<\/div>\n\t\t\t\t<div class=\"elementor-element elementor-element-7b95dd0a elementor-widget elementor-widget-spacer\" data-id=\"7b95dd0a\" data-element_type=\"widget\" data-e-type=\"widget\" data-widget_type=\"spacer.default\">\n\t\t\t\t<div class=\"elementor-widget-container\">\n\t\t\t\t\t\t\t<div class=\"elementor-spacer\">\n\t\t\t<div class=\"elementor-spacer-inner\"><\/div>\n\t\t<\/div>\n\t\t\t\t\t\t<\/div>\n\t\t\t\t<\/div>\n\t\t\t\t\t<\/div>\n\t\t\t\t<\/div>\n\t\t\t\t<\/div>\n\t\t\t\t<div data-elementor-type=\"loop-item\" data-elementor-id=\"3801\" class=\"elementor elementor-3801 swiper-slide e-loop-item e-loop-item-5624 post-5624 post type-post status-publish format-standard has-post-thumbnail hentry category-people-of-the-region tag-protagonists-of-the-region tag-schoenberg-en tag-waste-disposal\" data-elementor-post-type=\"elementor_library\" role=\"group\" aria-roledescription=\"slide\" data-custom-edit-handle=\"1\">\n\t\t\t<div class=\"elementor-element elementor-element-28ca9618 e-flex e-con-boxed e-con e-parent\" data-id=\"28ca9618\" data-element_type=\"container\" data-e-type=\"container\" data-settings=\"{&quot;background_background&quot;:&quot;classic&quot;}\">\n\t\t\t\t\t<div class=\"e-con-inner\">\n\t\t\t\t<div class=\"elementor-element elementor-element-546eca50 elementor-widget elementor-widget-theme-post-featured-image elementor-widget-image\" data-id=\"546eca50\" data-element_type=\"widget\" data-e-type=\"widget\" data-widget_type=\"theme-post-featured-image.default\">\n\t\t\t\t<div class=\"elementor-widget-container\">\n\t\t\t\t\t\t\t\t\t\t\t\t\t\t\t\t<a href=\"https:\/\/wirtschaftsstandort-westmecklenburg.de\/en\/people-of-the-region\/forster\/\">\n\t\t\t\t\t\t\t<img loading=\"lazy\" decoding=\"async\" width=\"768\" height=\"512\" src=\"https:\/\/wirtschaftsstandort-westmecklenburg.de\/wp-content\/uploads\/2024\/09\/A-Henry-Forster_webopptimiert-768x512.jpg\" class=\"attachment-medium_large size-medium_large wp-image-5627\" alt=\"Henry Forster\" srcset=\"https:\/\/wirtschaftsstandort-westmecklenburg.de\/wp-content\/uploads\/2024\/09\/A-Henry-Forster_webopptimiert-768x512.jpg 768w, https:\/\/wirtschaftsstandort-westmecklenburg.de\/wp-content\/uploads\/2024\/09\/A-Henry-Forster_webopptimiert-300x200.jpg 300w, https:\/\/wirtschaftsstandort-westmecklenburg.de\/wp-content\/uploads\/2024\/09\/A-Henry-Forster_webopptimiert-1024x683.jpg 1024w, https:\/\/wirtschaftsstandort-westmecklenburg.de\/wp-content\/uploads\/2024\/09\/A-Henry-Forster_webopptimiert-1536x1024.jpg 1536w\" sizes=\"(max-width: 768px) 100vw, 768px\" \/>\t\t\t\t\t\t\t\t<\/a>\n\t\t\t\t\t\t\t\t\t\t\t\t\t\t\t<\/div>\n\t\t\t\t<\/div>\n\t\t<div class=\"elementor-element elementor-element-6ce0f71c e-flex e-con-boxed e-con e-child\" data-id=\"6ce0f71c\" data-element_type=\"container\" data-e-type=\"container\">\n\t\t\t\t\t<div class=\"e-con-inner\">\n\t\t\t\t<div class=\"elementor-element elementor-element-133d6972 elementor-widget elementor-widget-theme-post-title elementor-page-title elementor-widget-heading\" data-id=\"133d6972\" data-element_type=\"widget\" data-e-type=\"widget\" data-widget_type=\"theme-post-title.default\">\n\t\t\t\t<div class=\"elementor-widget-container\">\n\t\t\t\t\t<h3 class=\"elementor-heading-title elementor-size-default\"><a href=\"https:\/\/wirtschaftsstandort-westmecklenburg.de\/en\/people-of-the-region\/forster\/\">Waste is anything but rubbish!<\/a><\/h3>\t\t\t\t<\/div>\n\t\t\t\t<\/div>\n\t\t\t\t<div class=\"elementor-element elementor-element-3e54aed1 elementor-widget elementor-widget-theme-post-excerpt\" data-id=\"3e54aed1\" data-element_type=\"widget\" data-e-type=\"widget\" data-widget_type=\"theme-post-excerpt.default\">\n\t\t\t\t<div class=\"elementor-widget-container\">\n\t\t\t\t\tRecycling has been part of Henry Forster\u2019s working life almost from the very start.\t\t\t\t<\/div>\n\t\t\t\t<\/div>\n\t\t\t\t\t<\/div>\n\t\t\t\t<\/div>\n\t\t\t\t<div class=\"elementor-element elementor-element-65e0563c elementor-widget elementor-widget-button\" data-id=\"65e0563c\" data-element_type=\"widget\" data-e-type=\"widget\" data-widget_type=\"button.default\">\n\t\t\t\t<div class=\"elementor-widget-container\">\n\t\t\t\t\t\t\t\t\t<div class=\"elementor-button-wrapper\">\n\t\t\t\t\t<a class=\"elementor-button elementor-button-link elementor-size-sm\" href=\"https:\/\/wirtschaftsstandort-westmecklenburg.de\/en\/people-of-the-region\/forster\/\">\n\t\t\t\t\t\t<span class=\"elementor-button-content-wrapper\">\n\t\t\t\t\t\t\t\t\t<span class=\"elementor-button-text\">Read more &gt;&gt;<\/span>\n\t\t\t\t\t<\/span>\n\t\t\t\t\t<\/a>\n\t\t\t\t<\/div>\n\t\t\t\t\t\t\t\t<\/div>\n\t\t\t\t<\/div>\n\t\t\t\t<div class=\"elementor-element elementor-element-7b95dd0a elementor-widget elementor-widget-spacer\" data-id=\"7b95dd0a\" data-element_type=\"widget\" data-e-type=\"widget\" data-widget_type=\"spacer.default\">\n\t\t\t\t<div class=\"elementor-widget-container\">\n\t\t\t\t\t\t\t<div class=\"elementor-spacer\">\n\t\t\t<div class=\"elementor-spacer-inner\"><\/div>\n\t\t<\/div>\n\t\t\t\t\t\t<\/div>\n\t\t\t\t<\/div>\n\t\t\t\t\t<\/div>\n\t\t\t\t<\/div>\n\t\t\t\t<\/div>\n\t\t\t\t<div data-elementor-type=\"loop-item\" data-elementor-id=\"3801\" class=\"elementor elementor-3801 swiper-slide e-loop-item e-loop-item-5096 post-5096 post type-post status-publish format-standard has-post-thumbnail hentry category-people-of-the-region tag-ai tag-protagonists-of-the-region tag-schwerin-en\" data-elementor-post-type=\"elementor_library\" role=\"group\" aria-roledescription=\"slide\" data-custom-edit-handle=\"1\">\n\t\t\t<div class=\"elementor-element elementor-element-28ca9618 e-flex e-con-boxed e-con e-parent\" data-id=\"28ca9618\" data-element_type=\"container\" data-e-type=\"container\" data-settings=\"{&quot;background_background&quot;:&quot;classic&quot;}\">\n\t\t\t\t\t<div class=\"e-con-inner\">\n\t\t\t\t<div class=\"elementor-element elementor-element-546eca50 elementor-widget elementor-widget-theme-post-featured-image elementor-widget-image\" data-id=\"546eca50\" data-element_type=\"widget\" data-e-type=\"widget\" data-widget_type=\"theme-post-featured-image.default\">\n\t\t\t\t<div class=\"elementor-widget-container\">\n\t\t\t\t\t\t\t\t\t\t\t\t\t\t\t\t<a href=\"https:\/\/wirtschaftsstandort-westmecklenburg.de\/en\/people-of-the-region\/wustlich\/\">\n\t\t\t\t\t\t\t<img loading=\"lazy\" decoding=\"async\" width=\"768\" height=\"512\" src=\"https:\/\/wirtschaftsstandort-westmecklenburg.de\/wp-content\/uploads\/2024\/08\/A-Welf-Wustlic_weboptimiert-768x512.jpg\" class=\"attachment-medium_large size-medium_large wp-image-5099\" alt=\"Welf Wustlich\" srcset=\"https:\/\/wirtschaftsstandort-westmecklenburg.de\/wp-content\/uploads\/2024\/08\/A-Welf-Wustlic_weboptimiert-768x512.jpg 768w, https:\/\/wirtschaftsstandort-westmecklenburg.de\/wp-content\/uploads\/2024\/08\/A-Welf-Wustlic_weboptimiert-300x200.jpg 300w, https:\/\/wirtschaftsstandort-westmecklenburg.de\/wp-content\/uploads\/2024\/08\/A-Welf-Wustlic_weboptimiert-1024x683.jpg 1024w, https:\/\/wirtschaftsstandort-westmecklenburg.de\/wp-content\/uploads\/2024\/08\/A-Welf-Wustlic_weboptimiert-1536x1024.jpg 1536w\" sizes=\"(max-width: 768px) 100vw, 768px\" \/>\t\t\t\t\t\t\t\t<\/a>\n\t\t\t\t\t\t\t\t\t\t\t\t\t\t\t<\/div>\n\t\t\t\t<\/div>\n\t\t<div class=\"elementor-element elementor-element-6ce0f71c e-flex e-con-boxed e-con e-child\" data-id=\"6ce0f71c\" data-element_type=\"container\" data-e-type=\"container\">\n\t\t\t\t\t<div class=\"e-con-inner\">\n\t\t\t\t<div class=\"elementor-element elementor-element-133d6972 elementor-widget elementor-widget-theme-post-title elementor-page-title elementor-widget-heading\" data-id=\"133d6972\" data-element_type=\"widget\" data-e-type=\"widget\" data-widget_type=\"theme-post-title.default\">\n\t\t\t\t<div class=\"elementor-widget-container\">\n\t\t\t\t\t<h3 class=\"elementor-heading-title elementor-size-default\"><a href=\"https:\/\/wirtschaftsstandort-westmecklenburg.de\/en\/people-of-the-region\/wustlich\/\">AI-pioneers from Westmecklenburg<\/a><\/h3>\t\t\t\t<\/div>\n\t\t\t\t<\/div>\n\t\t\t\t<div class=\"elementor-element elementor-element-3e54aed1 elementor-widget elementor-widget-theme-post-excerpt\" data-id=\"3e54aed1\" data-element_type=\"widget\" data-e-type=\"widget\" data-widget_type=\"theme-post-excerpt.default\">\n\t\t\t\t<div class=\"elementor-widget-container\">\n\t\t\t\t\tArtificial intelligence is already making everyday life easier in many areas.\t\t\t\t<\/div>\n\t\t\t\t<\/div>\n\t\t\t\t\t<\/div>\n\t\t\t\t<\/div>\n\t\t\t\t<div class=\"elementor-element elementor-element-65e0563c elementor-widget elementor-widget-button\" data-id=\"65e0563c\" data-element_type=\"widget\" data-e-type=\"widget\" data-widget_type=\"button.default\">\n\t\t\t\t<div class=\"elementor-widget-container\">\n\t\t\t\t\t\t\t\t\t<div class=\"elementor-button-wrapper\">\n\t\t\t\t\t<a class=\"elementor-button elementor-button-link elementor-size-sm\" href=\"https:\/\/wirtschaftsstandort-westmecklenburg.de\/en\/people-of-the-region\/wustlich\/\">\n\t\t\t\t\t\t<span class=\"elementor-button-content-wrapper\">\n\t\t\t\t\t\t\t\t\t<span class=\"elementor-button-text\">Read more &gt;&gt;<\/span>\n\t\t\t\t\t<\/span>\n\t\t\t\t\t<\/a>\n\t\t\t\t<\/div>\n\t\t\t\t\t\t\t\t<\/div>\n\t\t\t\t<\/div>\n\t\t\t\t<div class=\"elementor-element elementor-element-7b95dd0a elementor-widget elementor-widget-spacer\" data-id=\"7b95dd0a\" data-element_type=\"widget\" data-e-type=\"widget\" data-widget_type=\"spacer.default\">\n\t\t\t\t<div class=\"elementor-widget-container\">\n\t\t\t\t\t\t\t<div class=\"elementor-spacer\">\n\t\t\t<div class=\"elementor-spacer-inner\"><\/div>\n\t\t<\/div>\n\t\t\t\t\t\t<\/div>\n\t\t\t\t<\/div>\n\t\t\t\t\t<\/div>\n\t\t\t\t<\/div>\n\t\t\t\t<\/div>\n\t\t\t\t<div data-elementor-type=\"loop-item\" data-elementor-id=\"3801\" class=\"elementor elementor-3801 swiper-slide e-loop-item e-loop-item-4943 post-4943 post type-post status-publish format-standard has-post-thumbnail hentry category-people-of-the-region tag-education-and-research tag-protagonist-der-region-en tag-protagonist-der-region tag-wismar-en\" data-elementor-post-type=\"elementor_library\" role=\"group\" aria-roledescription=\"slide\" data-custom-edit-handle=\"1\">\n\t\t\t<div class=\"elementor-element elementor-element-28ca9618 e-flex e-con-boxed e-con e-parent\" data-id=\"28ca9618\" data-element_type=\"container\" data-e-type=\"container\" data-settings=\"{&quot;background_background&quot;:&quot;classic&quot;}\">\n\t\t\t\t\t<div class=\"e-con-inner\">\n\t\t\t\t<div class=\"elementor-element elementor-element-546eca50 elementor-widget elementor-widget-theme-post-featured-image elementor-widget-image\" data-id=\"546eca50\" data-element_type=\"widget\" data-e-type=\"widget\" data-widget_type=\"theme-post-featured-image.default\">\n\t\t\t\t<div class=\"elementor-widget-container\">\n\t\t\t\t\t\t\t\t\t\t\t\t\t\t\t\t<a href=\"https:\/\/wirtschaftsstandort-westmecklenburg.de\/en\/people-of-the-region\/schwerdt\/\">\n\t\t\t\t\t\t\t<img loading=\"lazy\" decoding=\"async\" width=\"768\" height=\"512\" src=\"https:\/\/wirtschaftsstandort-westmecklenburg.de\/wp-content\/uploads\/2024\/08\/web_B-Daniela-Schwerdt-768x512.jpg\" class=\"attachment-medium_large size-medium_large wp-image-4939\" alt=\"PROF. DR.-ING. DANIELA SCHWERDT\" srcset=\"https:\/\/wirtschaftsstandort-westmecklenburg.de\/wp-content\/uploads\/2024\/08\/web_B-Daniela-Schwerdt-768x512.jpg 768w, https:\/\/wirtschaftsstandort-westmecklenburg.de\/wp-content\/uploads\/2024\/08\/web_B-Daniela-Schwerdt-300x200.jpg 300w, https:\/\/wirtschaftsstandort-westmecklenburg.de\/wp-content\/uploads\/2024\/08\/web_B-Daniela-Schwerdt-1024x683.jpg 1024w, https:\/\/wirtschaftsstandort-westmecklenburg.de\/wp-content\/uploads\/2024\/08\/web_B-Daniela-Schwerdt-1536x1024.jpg 1536w, https:\/\/wirtschaftsstandort-westmecklenburg.de\/wp-content\/uploads\/2024\/08\/web_B-Daniela-Schwerdt-2048x1366.jpg 2048w, https:\/\/wirtschaftsstandort-westmecklenburg.de\/wp-content\/uploads\/2024\/08\/web_B-Daniela-Schwerdt-930x620.jpg 930w\" sizes=\"(max-width: 768px) 100vw, 768px\" \/>\t\t\t\t\t\t\t\t<\/a>\n\t\t\t\t\t\t\t\t\t\t\t\t\t\t\t<\/div>\n\t\t\t\t<\/div>\n\t\t<div class=\"elementor-element elementor-element-6ce0f71c e-flex e-con-boxed e-con e-child\" data-id=\"6ce0f71c\" data-element_type=\"container\" data-e-type=\"container\">\n\t\t\t\t\t<div class=\"e-con-inner\">\n\t\t\t\t<div class=\"elementor-element elementor-element-133d6972 elementor-widget elementor-widget-theme-post-title elementor-page-title elementor-widget-heading\" data-id=\"133d6972\" data-element_type=\"widget\" data-e-type=\"widget\" data-widget_type=\"theme-post-title.default\">\n\t\t\t\t<div class=\"elementor-widget-container\">\n\t\t\t\t\t<h3 class=\"elementor-heading-title elementor-size-default\"><a href=\"https:\/\/wirtschaftsstandort-westmecklenburg.de\/en\/people-of-the-region\/schwerdt\/\">Interdisciplinary and practice oriented<\/a><\/h3>\t\t\t\t<\/div>\n\t\t\t\t<\/div>\n\t\t\t\t<div class=\"elementor-element elementor-element-3e54aed1 elementor-widget elementor-widget-theme-post-excerpt\" data-id=\"3e54aed1\" data-element_type=\"widget\" data-e-type=\"widget\" data-widget_type=\"theme-post-excerpt.default\">\n\t\t\t\t<div class=\"elementor-widget-container\">\n\t\t\t\t\tWismar University of Applied Sciences: an excellent research partner and training centre.\t\t\t\t<\/div>\n\t\t\t\t<\/div>\n\t\t\t\t\t<\/div>\n\t\t\t\t<\/div>\n\t\t\t\t<div class=\"elementor-element elementor-element-65e0563c elementor-widget elementor-widget-button\" data-id=\"65e0563c\" data-element_type=\"widget\" data-e-type=\"widget\" data-widget_type=\"button.default\">\n\t\t\t\t<div class=\"elementor-widget-container\">\n\t\t\t\t\t\t\t\t\t<div class=\"elementor-button-wrapper\">\n\t\t\t\t\t<a class=\"elementor-button elementor-button-link elementor-size-sm\" href=\"https:\/\/wirtschaftsstandort-westmecklenburg.de\/en\/people-of-the-region\/schwerdt\/\">\n\t\t\t\t\t\t<span class=\"elementor-button-content-wrapper\">\n\t\t\t\t\t\t\t\t\t<span class=\"elementor-button-text\">Read more &gt;&gt;<\/span>\n\t\t\t\t\t<\/span>\n\t\t\t\t\t<\/a>\n\t\t\t\t<\/div>\n\t\t\t\t\t\t\t\t<\/div>\n\t\t\t\t<\/div>\n\t\t\t\t<div class=\"elementor-element elementor-element-7b95dd0a elementor-widget elementor-widget-spacer\" data-id=\"7b95dd0a\" data-element_type=\"widget\" data-e-type=\"widget\" data-widget_type=\"spacer.default\">\n\t\t\t\t<div class=\"elementor-widget-container\">\n\t\t\t\t\t\t\t<div class=\"elementor-spacer\">\n\t\t\t<div class=\"elementor-spacer-inner\"><\/div>\n\t\t<\/div>\n\t\t\t\t\t\t<\/div>\n\t\t\t\t<\/div>\n\t\t\t\t\t<\/div>\n\t\t\t\t<\/div>\n\t\t\t\t<\/div>\n\t\t\t\t<div data-elementor-type=\"loop-item\" data-elementor-id=\"3801\" class=\"elementor elementor-3801 swiper-slide e-loop-item e-loop-item-4915 post-4915 post type-post status-publish format-standard has-post-thumbnail hentry category-people-of-the-region tag-automotive-industry-and-suppliers tag-protagonists-der-region tag-rostock-en\" data-elementor-post-type=\"elementor_library\" role=\"group\" aria-roledescription=\"slide\" data-custom-edit-handle=\"1\">\n\t\t\t<div class=\"elementor-element elementor-element-28ca9618 e-flex e-con-boxed e-con e-parent\" data-id=\"28ca9618\" data-element_type=\"container\" data-e-type=\"container\" data-settings=\"{&quot;background_background&quot;:&quot;classic&quot;}\">\n\t\t\t\t\t<div class=\"e-con-inner\">\n\t\t\t\t<div class=\"elementor-element elementor-element-546eca50 elementor-widget elementor-widget-theme-post-featured-image elementor-widget-image\" data-id=\"546eca50\" data-element_type=\"widget\" data-e-type=\"widget\" data-widget_type=\"theme-post-featured-image.default\">\n\t\t\t\t<div class=\"elementor-widget-container\">\n\t\t\t\t\t\t\t\t\t\t\t\t\t\t\t\t<a href=\"https:\/\/wirtschaftsstandort-westmecklenburg.de\/en\/people-of-the-region\/vietinghoff\/\">\n\t\t\t\t\t\t\t<img loading=\"lazy\" decoding=\"async\" width=\"768\" height=\"503\" src=\"https:\/\/wirtschaftsstandort-westmecklenburg.de\/wp-content\/uploads\/2024\/08\/B-Andreas-Vietinghoff_weboptimiert-1-768x503.jpg\" class=\"attachment-medium_large size-medium_large wp-image-4922\" alt=\"Dr. Andreas Vietinghoff\" srcset=\"https:\/\/wirtschaftsstandort-westmecklenburg.de\/wp-content\/uploads\/2024\/08\/B-Andreas-Vietinghoff_weboptimiert-1-768x503.jpg 768w, https:\/\/wirtschaftsstandort-westmecklenburg.de\/wp-content\/uploads\/2024\/08\/B-Andreas-Vietinghoff_weboptimiert-1-300x196.jpg 300w, https:\/\/wirtschaftsstandort-westmecklenburg.de\/wp-content\/uploads\/2024\/08\/B-Andreas-Vietinghoff_weboptimiert-1-1024x670.jpg 1024w, https:\/\/wirtschaftsstandort-westmecklenburg.de\/wp-content\/uploads\/2024\/08\/B-Andreas-Vietinghoff_weboptimiert-1-1536x1005.jpg 1536w, https:\/\/wirtschaftsstandort-westmecklenburg.de\/wp-content\/uploads\/2024\/08\/B-Andreas-Vietinghoff_weboptimiert-1-2048x1340.jpg 2048w\" sizes=\"(max-width: 768px) 100vw, 768px\" \/>\t\t\t\t\t\t\t\t<\/a>\n\t\t\t\t\t\t\t\t\t\t\t\t\t\t\t<\/div>\n\t\t\t\t<\/div>\n\t\t<div class=\"elementor-element elementor-element-6ce0f71c e-flex e-con-boxed e-con e-child\" data-id=\"6ce0f71c\" data-element_type=\"container\" data-e-type=\"container\">\n\t\t\t\t\t<div class=\"e-con-inner\">\n\t\t\t\t<div class=\"elementor-element elementor-element-133d6972 elementor-widget elementor-widget-theme-post-title elementor-page-title elementor-widget-heading\" data-id=\"133d6972\" data-element_type=\"widget\" data-e-type=\"widget\" data-widget_type=\"theme-post-title.default\">\n\t\t\t\t<div class=\"elementor-widget-container\">\n\t\t\t\t\t<h3 class=\"elementor-heading-title elementor-size-default\"><a href=\"https:\/\/wirtschaftsstandort-westmecklenburg.de\/en\/people-of-the-region\/vietinghoff\/\">Networking for a mobile future<\/a><\/h3>\t\t\t\t<\/div>\n\t\t\t\t<\/div>\n\t\t\t\t<div class=\"elementor-element elementor-element-3e54aed1 elementor-widget elementor-widget-theme-post-excerpt\" data-id=\"3e54aed1\" data-element_type=\"widget\" data-e-type=\"widget\" data-widget_type=\"theme-post-excerpt.default\">\n\t\t\t\t<div class=\"elementor-widget-container\">\n\t\t\t\t\tIn conversation with Dr. Andreas Vietinghoff from automotive-mv e.V.\t\t\t\t<\/div>\n\t\t\t\t<\/div>\n\t\t\t\t\t<\/div>\n\t\t\t\t<\/div>\n\t\t\t\t<div class=\"elementor-element elementor-element-65e0563c elementor-widget elementor-widget-button\" data-id=\"65e0563c\" data-element_type=\"widget\" data-e-type=\"widget\" data-widget_type=\"button.default\">\n\t\t\t\t<div class=\"elementor-widget-container\">\n\t\t\t\t\t\t\t\t\t<div class=\"elementor-button-wrapper\">\n\t\t\t\t\t<a class=\"elementor-button elementor-button-link elementor-size-sm\" href=\"https:\/\/wirtschaftsstandort-westmecklenburg.de\/en\/people-of-the-region\/vietinghoff\/\">\n\t\t\t\t\t\t<span class=\"elementor-button-content-wrapper\">\n\t\t\t\t\t\t\t\t\t<span class=\"elementor-button-text\">Read more &gt;&gt;<\/span>\n\t\t\t\t\t<\/span>\n\t\t\t\t\t<\/a>\n\t\t\t\t<\/div>\n\t\t\t\t\t\t\t\t<\/div>\n\t\t\t\t<\/div>\n\t\t\t\t<div class=\"elementor-element elementor-element-7b95dd0a elementor-widget elementor-widget-spacer\" data-id=\"7b95dd0a\" data-element_type=\"widget\" data-e-type=\"widget\" data-widget_type=\"spacer.default\">\n\t\t\t\t<div class=\"elementor-widget-container\">\n\t\t\t\t\t\t\t<div class=\"elementor-spacer\">\n\t\t\t<div class=\"elementor-spacer-inner\"><\/div>\n\t\t<\/div>\n\t\t\t\t\t\t<\/div>\n\t\t\t\t<\/div>\n\t\t\t\t\t<\/div>\n\t\t\t\t<\/div>\n\t\t\t\t<\/div>\n\t\t\t\t<div data-elementor-type=\"loop-item\" data-elementor-id=\"3801\" class=\"elementor elementor-3801 swiper-slide e-loop-item e-loop-item-4885 post-4885 post type-post status-publish format-standard has-post-thumbnail hentry category-people-of-the-region tag-protagonists-of-the-region-en tag-schwerin-en tag-start-ups-en\" data-elementor-post-type=\"elementor_library\" role=\"group\" aria-roledescription=\"slide\" data-custom-edit-handle=\"1\">\n\t\t\t<div class=\"elementor-element elementor-element-28ca9618 e-flex e-con-boxed e-con e-parent\" data-id=\"28ca9618\" data-element_type=\"container\" data-e-type=\"container\" data-settings=\"{&quot;background_background&quot;:&quot;classic&quot;}\">\n\t\t\t\t\t<div class=\"e-con-inner\">\n\t\t\t\t<div class=\"elementor-element elementor-element-546eca50 elementor-widget elementor-widget-theme-post-featured-image elementor-widget-image\" data-id=\"546eca50\" data-element_type=\"widget\" data-e-type=\"widget\" data-widget_type=\"theme-post-featured-image.default\">\n\t\t\t\t<div class=\"elementor-widget-container\">\n\t\t\t\t\t\t\t\t\t\t\t\t\t\t\t\t<a href=\"https:\/\/wirtschaftsstandort-westmecklenburg.de\/en\/people-of-the-region\/moeller\/\">\n\t\t\t\t\t\t\t<img loading=\"lazy\" decoding=\"async\" width=\"768\" height=\"503\" src=\"https:\/\/wirtschaftsstandort-westmecklenburg.de\/wp-content\/uploads\/2024\/08\/A-Thomas-Mo\u2560eller_korr_weboptimiert-768x503.jpg\" class=\"attachment-medium_large size-medium_large wp-image-4799\" alt=\"Thomas M\u00f6ller im Portr\u00e4t\" srcset=\"https:\/\/wirtschaftsstandort-westmecklenburg.de\/wp-content\/uploads\/2024\/08\/A-Thomas-Mo\u2560eller_korr_weboptimiert-768x503.jpg 768w, https:\/\/wirtschaftsstandort-westmecklenburg.de\/wp-content\/uploads\/2024\/08\/A-Thomas-Mo\u2560eller_korr_weboptimiert-300x196.jpg 300w, https:\/\/wirtschaftsstandort-westmecklenburg.de\/wp-content\/uploads\/2024\/08\/A-Thomas-Mo\u2560eller_korr_weboptimiert-1024x670.jpg 1024w, https:\/\/wirtschaftsstandort-westmecklenburg.de\/wp-content\/uploads\/2024\/08\/A-Thomas-Mo\u2560eller_korr_weboptimiert-1536x1005.jpg 1536w, https:\/\/wirtschaftsstandort-westmecklenburg.de\/wp-content\/uploads\/2024\/08\/A-Thomas-Mo\u2560eller_korr_weboptimiert-2048x1340.jpg 2048w\" sizes=\"(max-width: 768px) 100vw, 768px\" \/>\t\t\t\t\t\t\t\t<\/a>\n\t\t\t\t\t\t\t\t\t\t\t\t\t\t\t<\/div>\n\t\t\t\t<\/div>\n\t\t<div class=\"elementor-element elementor-element-6ce0f71c e-flex e-con-boxed e-con e-child\" data-id=\"6ce0f71c\" data-element_type=\"container\" data-e-type=\"container\">\n\t\t\t\t\t<div class=\"e-con-inner\">\n\t\t\t\t<div class=\"elementor-element elementor-element-133d6972 elementor-widget elementor-widget-theme-post-title elementor-page-title elementor-widget-heading\" data-id=\"133d6972\" data-element_type=\"widget\" data-e-type=\"widget\" data-widget_type=\"theme-post-title.default\">\n\t\t\t\t<div class=\"elementor-widget-container\">\n\t\t\t\t\t<h3 class=\"elementor-heading-title elementor-size-default\"><a href=\"https:\/\/wirtschaftsstandort-westmecklenburg.de\/en\/people-of-the-region\/moeller\/\">Ideal conditions for start-ups<\/a><\/h3>\t\t\t\t<\/div>\n\t\t\t\t<\/div>\n\t\t\t\t<div class=\"elementor-element elementor-element-3e54aed1 elementor-widget elementor-widget-theme-post-excerpt\" data-id=\"3e54aed1\" data-element_type=\"widget\" data-e-type=\"widget\" data-widget_type=\"theme-post-excerpt.default\">\n\t\t\t\t<div class=\"elementor-widget-container\">\n\t\t\t\t\tInnovative start-ups find the best conditions in the Euskirchen district.\t\t\t\t<\/div>\n\t\t\t\t<\/div>\n\t\t\t\t\t<\/div>\n\t\t\t\t<\/div>\n\t\t\t\t<div class=\"elementor-element elementor-element-65e0563c elementor-widget elementor-widget-button\" data-id=\"65e0563c\" data-element_type=\"widget\" data-e-type=\"widget\" data-widget_type=\"button.default\">\n\t\t\t\t<div class=\"elementor-widget-container\">\n\t\t\t\t\t\t\t\t\t<div class=\"elementor-button-wrapper\">\n\t\t\t\t\t<a class=\"elementor-button elementor-button-link elementor-size-sm\" href=\"https:\/\/wirtschaftsstandort-westmecklenburg.de\/en\/people-of-the-region\/moeller\/\">\n\t\t\t\t\t\t<span class=\"elementor-button-content-wrapper\">\n\t\t\t\t\t\t\t\t\t<span class=\"elementor-button-text\">Read more &gt;&gt;<\/span>\n\t\t\t\t\t<\/span>\n\t\t\t\t\t<\/a>\n\t\t\t\t<\/div>\n\t\t\t\t\t\t\t\t<\/div>\n\t\t\t\t<\/div>\n\t\t\t\t<div class=\"elementor-element elementor-element-7b95dd0a elementor-widget elementor-widget-spacer\" data-id=\"7b95dd0a\" data-element_type=\"widget\" data-e-type=\"widget\" data-widget_type=\"spacer.default\">\n\t\t\t\t<div class=\"elementor-widget-container\">\n\t\t\t\t\t\t\t<div class=\"elementor-spacer\">\n\t\t\t<div class=\"elementor-spacer-inner\"><\/div>\n\t\t<\/div>\n\t\t\t\t\t\t<\/div>\n\t\t\t\t<\/div>\n\t\t\t\t\t<\/div>\n\t\t\t\t<\/div>\n\t\t\t\t<\/div>\n\t\t\t\t<div data-elementor-type=\"loop-item\" data-elementor-id=\"3801\" class=\"elementor elementor-3801 swiper-slide e-loop-item e-loop-item-4836 post-4836 post type-post status-publish format-standard has-post-thumbnail hentry category-people-of-the-region tag-protagonists-of-the-region-en tag-research tag-rostock-en\" data-elementor-post-type=\"elementor_library\" role=\"group\" aria-roledescription=\"slide\" data-custom-edit-handle=\"1\">\n\t\t\t<div class=\"elementor-element elementor-element-28ca9618 e-flex e-con-boxed e-con e-parent\" data-id=\"28ca9618\" data-element_type=\"container\" data-e-type=\"container\" data-settings=\"{&quot;background_background&quot;:&quot;classic&quot;}\">\n\t\t\t\t\t<div class=\"e-con-inner\">\n\t\t\t\t<div class=\"elementor-element elementor-element-546eca50 elementor-widget elementor-widget-theme-post-featured-image elementor-widget-image\" data-id=\"546eca50\" data-element_type=\"widget\" data-e-type=\"widget\" data-widget_type=\"theme-post-featured-image.default\">\n\t\t\t\t<div class=\"elementor-widget-container\">\n\t\t\t\t\t\t\t\t\t\t\t\t\t\t\t\t<a href=\"https:\/\/wirtschaftsstandort-westmecklenburg.de\/en\/people-of-the-region\/systemloesungen\/\">\n\t\t\t\t\t\t\t<img loading=\"lazy\" decoding=\"async\" width=\"768\" height=\"509\" src=\"https:\/\/wirtschaftsstandort-westmecklenburg.de\/wp-content\/uploads\/2024\/07\/web_A-Uwe-von-Lukas-768x509.jpg\" class=\"attachment-medium_large size-medium_large wp-image-4580\" alt=\"Prof. Dr.- Ing Uwe Freiherr von Lukas\" srcset=\"https:\/\/wirtschaftsstandort-westmecklenburg.de\/wp-content\/uploads\/2024\/07\/web_A-Uwe-von-Lukas-768x509.jpg 768w, https:\/\/wirtschaftsstandort-westmecklenburg.de\/wp-content\/uploads\/2024\/07\/web_A-Uwe-von-Lukas-300x199.jpg 300w, https:\/\/wirtschaftsstandort-westmecklenburg.de\/wp-content\/uploads\/2024\/07\/web_A-Uwe-von-Lukas-1024x679.jpg 1024w, https:\/\/wirtschaftsstandort-westmecklenburg.de\/wp-content\/uploads\/2024\/07\/web_A-Uwe-von-Lukas-1536x1019.jpg 1536w, https:\/\/wirtschaftsstandort-westmecklenburg.de\/wp-content\/uploads\/2024\/07\/web_A-Uwe-von-Lukas-2048x1359.jpg 2048w\" sizes=\"(max-width: 768px) 100vw, 768px\" \/>\t\t\t\t\t\t\t\t<\/a>\n\t\t\t\t\t\t\t\t\t\t\t\t\t\t\t<\/div>\n\t\t\t\t<\/div>\n\t\t<div class=\"elementor-element elementor-element-6ce0f71c e-flex e-con-boxed e-con e-child\" data-id=\"6ce0f71c\" data-element_type=\"container\" data-e-type=\"container\">\n\t\t\t\t\t<div class=\"e-con-inner\">\n\t\t\t\t<div class=\"elementor-element elementor-element-133d6972 elementor-widget elementor-widget-theme-post-title elementor-page-title elementor-widget-heading\" data-id=\"133d6972\" data-element_type=\"widget\" data-e-type=\"widget\" data-widget_type=\"theme-post-title.default\">\n\t\t\t\t<div class=\"elementor-widget-container\">\n\t\t\t\t\t<h3 class=\"elementor-heading-title elementor-size-default\"><a href=\"https:\/\/wirtschaftsstandort-westmecklenburg.de\/en\/people-of-the-region\/systemloesungen\/\">Cross-sectoral system solutions<\/a><\/h3>\t\t\t\t<\/div>\n\t\t\t\t<\/div>\n\t\t\t\t<div class=\"elementor-element elementor-element-3e54aed1 elementor-widget elementor-widget-theme-post-excerpt\" data-id=\"3e54aed1\" data-element_type=\"widget\" data-e-type=\"widget\" data-widget_type=\"theme-post-excerpt.default\">\n\t\t\t\t<div class=\"elementor-widget-container\">\n\t\t\t\t\t\"Modern technologies simplify work in various fields.\"\t\t\t\t<\/div>\n\t\t\t\t<\/div>\n\t\t\t\t\t<\/div>\n\t\t\t\t<\/div>\n\t\t\t\t<div class=\"elementor-element elementor-element-65e0563c elementor-widget elementor-widget-button\" data-id=\"65e0563c\" data-element_type=\"widget\" data-e-type=\"widget\" data-widget_type=\"button.default\">\n\t\t\t\t<div class=\"elementor-widget-container\">\n\t\t\t\t\t\t\t\t\t<div class=\"elementor-button-wrapper\">\n\t\t\t\t\t<a class=\"elementor-button elementor-button-link elementor-size-sm\" href=\"https:\/\/wirtschaftsstandort-westmecklenburg.de\/en\/people-of-the-region\/systemloesungen\/\">\n\t\t\t\t\t\t<span class=\"elementor-button-content-wrapper\">\n\t\t\t\t\t\t\t\t\t<span class=\"elementor-button-text\">Read more &gt;&gt;<\/span>\n\t\t\t\t\t<\/span>\n\t\t\t\t\t<\/a>\n\t\t\t\t<\/div>\n\t\t\t\t\t\t\t\t<\/div>\n\t\t\t\t<\/div>\n\t\t\t\t<div class=\"elementor-element elementor-element-7b95dd0a elementor-widget elementor-widget-spacer\" data-id=\"7b95dd0a\" data-element_type=\"widget\" data-e-type=\"widget\" data-widget_type=\"spacer.default\">\n\t\t\t\t<div class=\"elementor-widget-container\">\n\t\t\t\t\t\t\t<div class=\"elementor-spacer\">\n\t\t\t<div class=\"elementor-spacer-inner\"><\/div>\n\t\t<\/div>\n\t\t\t\t\t\t<\/div>\n\t\t\t\t<\/div>\n\t\t\t\t\t<\/div>\n\t\t\t\t<\/div>\n\t\t\t\t<\/div>\n\t\t\t\t<div data-elementor-type=\"loop-item\" data-elementor-id=\"3801\" class=\"elementor elementor-3801 swiper-slide e-loop-item e-loop-item-5718 post-5718 post type-post status-publish format-standard has-post-thumbnail hentry category-people-of-the-region tag-aviation-indusrty tag-neu-kaliss-en tag-protagonist-der-region-en tag-protagonists-of-the-region\" data-elementor-post-type=\"elementor_library\" role=\"group\" aria-roledescription=\"slide\" data-custom-edit-handle=\"1\">\n\t\t\t<div class=\"elementor-element elementor-element-28ca9618 e-flex e-con-boxed e-con e-parent\" data-id=\"28ca9618\" data-element_type=\"container\" data-e-type=\"container\" data-settings=\"{&quot;background_background&quot;:&quot;classic&quot;}\">\n\t\t\t\t\t<div class=\"e-con-inner\">\n\t\t\t\t<div class=\"elementor-element elementor-element-546eca50 elementor-widget elementor-widget-theme-post-featured-image elementor-widget-image\" data-id=\"546eca50\" data-element_type=\"widget\" data-e-type=\"widget\" data-widget_type=\"theme-post-featured-image.default\">\n\t\t\t\t<div class=\"elementor-widget-container\">\n\t\t\t\t\t\t\t\t\t\t\t\t\t\t\t\t<a href=\"https:\/\/wirtschaftsstandort-westmecklenburg.de\/en\/people-of-the-region\/aviation-industry\/\">\n\t\t\t\t\t\t\t<img loading=\"lazy\" decoding=\"async\" width=\"768\" height=\"503\" src=\"https:\/\/wirtschaftsstandort-westmecklenburg.de\/wp-content\/uploads\/2024\/09\/Jokele-Korn-768x503.png\" class=\"attachment-medium_large size-medium_large wp-image-6391\" alt=\"Dr. Axel Korn und Bernd Jokele\" srcset=\"https:\/\/wirtschaftsstandort-westmecklenburg.de\/wp-content\/uploads\/2024\/09\/Jokele-Korn-768x503.png 768w, https:\/\/wirtschaftsstandort-westmecklenburg.de\/wp-content\/uploads\/2024\/09\/Jokele-Korn-300x196.png 300w, https:\/\/wirtschaftsstandort-westmecklenburg.de\/wp-content\/uploads\/2024\/09\/Jokele-Korn-1024x670.png 1024w, https:\/\/wirtschaftsstandort-westmecklenburg.de\/wp-content\/uploads\/2024\/09\/Jokele-Korn-1536x1005.png 1536w, https:\/\/wirtschaftsstandort-westmecklenburg.de\/wp-content\/uploads\/2024\/09\/Jokele-Korn-2048x1340.png 2048w\" sizes=\"(max-width: 768px) 100vw, 768px\" \/>\t\t\t\t\t\t\t\t<\/a>\n\t\t\t\t\t\t\t\t\t\t\t\t\t\t\t<\/div>\n\t\t\t\t<\/div>\n\t\t<div class=\"elementor-element elementor-element-6ce0f71c e-flex e-con-boxed e-con e-child\" data-id=\"6ce0f71c\" data-element_type=\"container\" data-e-type=\"container\">\n\t\t\t\t\t<div class=\"e-con-inner\">\n\t\t\t\t<div class=\"elementor-element elementor-element-133d6972 elementor-widget elementor-widget-theme-post-title elementor-page-title elementor-widget-heading\" data-id=\"133d6972\" data-element_type=\"widget\" data-e-type=\"widget\" data-widget_type=\"theme-post-title.default\">\n\t\t\t\t<div class=\"elementor-widget-container\">\n\t\t\t\t\t<h3 class=\"elementor-heading-title elementor-size-default\"><a href=\"https:\/\/wirtschaftsstandort-westmecklenburg.de\/en\/people-of-the-region\/aviation-industry\/\">Order volume promises further growth<\/a><\/h3>\t\t\t\t<\/div>\n\t\t\t\t<\/div>\n\t\t\t\t<div class=\"elementor-element elementor-element-3e54aed1 elementor-widget elementor-widget-theme-post-excerpt\" data-id=\"3e54aed1\" data-element_type=\"widget\" data-e-type=\"widget\" data-widget_type=\"theme-post-excerpt.default\">\n\t\t\t\t<div class=\"elementor-widget-container\">\n\t\t\t\t\tThe aviation industry is growing worldwide.\t\t\t\t<\/div>\n\t\t\t\t<\/div>\n\t\t\t\t\t<\/div>\n\t\t\t\t<\/div>\n\t\t\t\t<div class=\"elementor-element elementor-element-65e0563c elementor-widget elementor-widget-button\" data-id=\"65e0563c\" data-element_type=\"widget\" data-e-type=\"widget\" data-widget_type=\"button.default\">\n\t\t\t\t<div class=\"elementor-widget-container\">\n\t\t\t\t\t\t\t\t\t<div class=\"elementor-button-wrapper\">\n\t\t\t\t\t<a class=\"elementor-button elementor-button-link elementor-size-sm\" href=\"https:\/\/wirtschaftsstandort-westmecklenburg.de\/en\/people-of-the-region\/aviation-industry\/\">\n\t\t\t\t\t\t<span class=\"elementor-button-content-wrapper\">\n\t\t\t\t\t\t\t\t\t<span class=\"elementor-button-text\">Read more &gt;&gt;<\/span>\n\t\t\t\t\t<\/span>\n\t\t\t\t\t<\/a>\n\t\t\t\t<\/div>\n\t\t\t\t\t\t\t\t<\/div>\n\t\t\t\t<\/div>\n\t\t\t\t<div class=\"elementor-element elementor-element-7b95dd0a elementor-widget elementor-widget-spacer\" data-id=\"7b95dd0a\" data-element_type=\"widget\" data-e-type=\"widget\" data-widget_type=\"spacer.default\">\n\t\t\t\t<div class=\"elementor-widget-container\">\n\t\t\t\t\t\t\t<div class=\"elementor-spacer\">\n\t\t\t<div class=\"elementor-spacer-inner\"><\/div>\n\t\t<\/div>\n\t\t\t\t\t\t<\/div>\n\t\t\t\t<\/div>\n\t\t\t\t\t<\/div>\n\t\t\t\t<\/div>\n\t\t\t\t<\/div>\n\t\t\t\t<\/div>\n\t\t<\/div>\n\t\t\t\t\t<div class=\"elementor-swiper-button elementor-swiper-button-prev\" role=\"button\" tabindex=\"0\" aria-label=\"Previous\">\n\t\t\t\t<i aria-hidden=\"true\" class=\"eicon-chevron-left\"><\/i>\t\t\t<\/div>\n\t\t\t<div class=\"elementor-swiper-button elementor-swiper-button-next\" role=\"button\" tabindex=\"0\" aria-label=\"Next\">\n\t\t\t\t<i aria-hidden=\"true\" class=\"eicon-chevron-right\"><\/i>\t\t\t<\/div>\n\t\t\t\t\t\t<\/div>\n\t\t\t\t<\/div>\n\t\t\t\t\t<\/div>\n\t\t\t\t<\/div>\n\t\t\t\t<\/div>\n\t\t<div class=\"elementor-element elementor-element-d4d330b e-flex e-con-boxed e-con e-parent\" data-id=\"d4d330b\" data-element_type=\"container\" data-e-type=\"container\">\n\t\t\t\t\t<div class=\"e-con-inner\">\n\t\t\t\t<div class=\"elementor-element elementor-element-8e10f1b elementor-widget elementor-widget-spacer\" data-id=\"8e10f1b\" data-element_type=\"widget\" data-e-type=\"widget\" data-widget_type=\"spacer.default\">\n\t\t\t\t<div class=\"elementor-widget-container\">\n\t\t\t\t\t\t\t<div class=\"elementor-spacer\">\n\t\t\t<div class=\"elementor-spacer-inner\"><\/div>\n\t\t<\/div>\n\t\t\t\t\t\t<\/div>\n\t\t\t\t<\/div>\n\t\t\t\t\t<\/div>\n\t\t\t\t<\/div>\n\t\t\t\t<\/div>\n\t\t","protected":false},"excerpt":{"rendered":"<p>&nbsp;&nbsp;&nbsp;&nbsp;&nbsp;&nbsp;&nbsp;&nbsp;&nbsp;&nbsp; The region Westmecklenburg Land for living and working The economic region of Westmecklenburg is characterised by traditional branches of industry and innovative companiescompanies that work successfully on national and international markets in harmony with people and nature. We present well-known companies and entrepreneurs from the region here and hope you enjoy exploring! E-book Matthias&hellip;&nbsp;<a href=\"https:\/\/wirtschaftsstandort-westmecklenburg.de\/en\/people-of-the-region\/aviation-industry\/\" rel=\"bookmark\">Read More &raquo;<span class=\"screen-reader-text\">Order volume promises further growth<\/span><\/a><\/p>\n","protected":false},"author":5,"featured_media":0,"parent":0,"menu_order":0,"comment_status":"closed","ping_status":"closed","template":"elementor_header_footer","meta":{"_acf_changed":false,"neve_meta_sidebar":"default","neve_meta_container":"","neve_meta_enable_content_width":"off","neve_meta_content_width":70,"neve_meta_title_alignment":"","neve_meta_author_avatar":"","neve_post_elements_order":"","neve_meta_disable_header":"","neve_meta_disable_footer":"","neve_meta_disable_title":"","neve_meta_reading_time":"","_themeisle_gutenberg_block_has_review":false,"footnotes":""},"class_list":["post-3030","page","type-page","status-publish","hentry"],"acf":[],"yoast_head":"<!-- This site is optimized with the Yoast SEO plugin v27.4 - https:\/\/yoast.com\/product\/yoast-seo-wordpress\/ -->\n<title>Homepage - Wirtschaftsstandort Westmecklenburg<\/title>\n<meta name=\"description\" content=\"The business location of Westmecklenburg includes successful companies and institutions. An attractive place to live and work.\" \/>\n<meta name=\"robots\" content=\"index, follow, max-snippet:-1, max-image-preview:large, max-video-preview:-1\" \/>\n<link rel=\"canonical\" href=\"https:\/\/wirtschaftsstandort-westmecklenburg.de\/en\/\" \/>\n<meta property=\"og:locale\" content=\"en_US\" \/>\n<meta property=\"og:type\" content=\"article\" \/>\n<meta property=\"og:title\" content=\"Homepage - Wirtschaftsstandort Westmecklenburg\" \/>\n<meta property=\"og:description\" content=\"The business location of Westmecklenburg includes successful companies and institutions. An attractive place to live and work.\" \/>\n<meta property=\"og:url\" content=\"https:\/\/wirtschaftsstandort-westmecklenburg.de\/en\/\" \/>\n<meta property=\"og:site_name\" content=\"Wirtschaftsstandort Westmecklenburg\" \/>\n<meta property=\"article:modified_time\" content=\"2025-04-24T15:09:13+00:00\" \/>\n<meta property=\"og:image\" content=\"https:\/\/wirtschaftsstandort-westmecklenburg.de\/wp-content\/uploads\/2024\/09\/Titel_Westmecklenburg.png\" \/>\n\t<meta property=\"og:image:width\" content=\"870\" \/>\n\t<meta property=\"og:image:height\" content=\"1097\" \/>\n\t<meta property=\"og:image:type\" content=\"image\/png\" \/>\n<meta name=\"twitter:card\" content=\"summary_large_image\" \/>\n<meta name=\"twitter:label1\" content=\"Est. reading time\" \/>\n\t<meta name=\"twitter:data1\" content=\"27 minutes\" \/>\n<script type=\"application\/ld+json\" class=\"yoast-schema-graph\">{\"@context\":\"https:\\\/\\\/schema.org\",\"@graph\":[{\"@type\":\"WebPage\",\"@id\":\"https:\\\/\\\/wirtschaftsstandort-westmecklenburg.de\\\/en\\\/\",\"url\":\"https:\\\/\\\/wirtschaftsstandort-westmecklenburg.de\\\/en\\\/\",\"name\":\"Homepage - Wirtschaftsstandort Westmecklenburg\",\"isPartOf\":{\"@id\":\"https:\\\/\\\/wirtschaftsstandort-westmecklenburg.de\\\/en\\\/#website\"},\"primaryImageOfPage\":{\"@id\":\"https:\\\/\\\/wirtschaftsstandort-westmecklenburg.de\\\/en\\\/#primaryimage\"},\"image\":{\"@id\":\"https:\\\/\\\/wirtschaftsstandort-westmecklenburg.de\\\/en\\\/#primaryimage\"},\"thumbnailUrl\":\"https:\\\/\\\/wirtschaftsstandort-westmecklenburg.de\\\/wp-content\\\/uploads\\\/2024\\\/09\\\/Titel_Westmecklenburg-768x968.png\",\"datePublished\":\"2023-10-20T08:54:49+00:00\",\"dateModified\":\"2025-04-24T15:09:13+00:00\",\"description\":\"The business location of Westmecklenburg includes successful companies and institutions. An attractive place to live and work.\",\"breadcrumb\":{\"@id\":\"https:\\\/\\\/wirtschaftsstandort-westmecklenburg.de\\\/en\\\/#breadcrumb\"},\"inLanguage\":\"en-US\",\"potentialAction\":[{\"@type\":\"ReadAction\",\"target\":[\"https:\\\/\\\/wirtschaftsstandort-westmecklenburg.de\\\/en\\\/\"]}]},{\"@type\":\"ImageObject\",\"inLanguage\":\"en-US\",\"@id\":\"https:\\\/\\\/wirtschaftsstandort-westmecklenburg.de\\\/en\\\/#primaryimage\",\"url\":\"https:\\\/\\\/wirtschaftsstandort-westmecklenburg.de\\\/wp-content\\\/uploads\\\/2024\\\/09\\\/Titel_Westmecklenburg-768x968.png\",\"contentUrl\":\"https:\\\/\\\/wirtschaftsstandort-westmecklenburg.de\\\/wp-content\\\/uploads\\\/2024\\\/09\\\/Titel_Westmecklenburg-768x968.png\"},{\"@type\":\"BreadcrumbList\",\"@id\":\"https:\\\/\\\/wirtschaftsstandort-westmecklenburg.de\\\/en\\\/#breadcrumb\",\"itemListElement\":[{\"@type\":\"ListItem\",\"position\":1,\"name\":\"Startseite\",\"item\":\"https:\\\/\\\/wirtschaftsstandort-westmecklenburg.de\\\/en\\\/\"},{\"@type\":\"ListItem\",\"position\":2,\"name\":\"Homepage\"}]},{\"@type\":\"WebSite\",\"@id\":\"https:\\\/\\\/wirtschaftsstandort-westmecklenburg.de\\\/en\\\/#website\",\"url\":\"https:\\\/\\\/wirtschaftsstandort-westmecklenburg.de\\\/en\\\/\",\"name\":\"Wirtschaftsstandort Westmecklenburg\",\"description\":\"\",\"publisher\":{\"@id\":\"https:\\\/\\\/wirtschaftsstandort-westmecklenburg.de\\\/en\\\/#organization\"},\"potentialAction\":[{\"@type\":\"SearchAction\",\"target\":{\"@type\":\"EntryPoint\",\"urlTemplate\":\"https:\\\/\\\/wirtschaftsstandort-westmecklenburg.de\\\/en\\\/?s={search_term_string}\"},\"query-input\":{\"@type\":\"PropertyValueSpecification\",\"valueRequired\":true,\"valueName\":\"search_term_string\"}}],\"inLanguage\":\"en-US\"},{\"@type\":\"Organization\",\"@id\":\"https:\\\/\\\/wirtschaftsstandort-westmecklenburg.de\\\/en\\\/#organization\",\"name\":\"Wirtschaftsstandort Westmecklenburg\",\"url\":\"https:\\\/\\\/wirtschaftsstandort-westmecklenburg.de\\\/en\\\/\",\"logo\":{\"@type\":\"ImageObject\",\"inLanguage\":\"en-US\",\"@id\":\"https:\\\/\\\/wirtschaftsstandort-westmecklenburg.de\\\/en\\\/#\\\/schema\\\/logo\\\/image\\\/\",\"url\":\"https:\\\/\\\/wirtschaftsstandort-westmecklenburg.de\\\/wp-content\\\/uploads\\\/2023\\\/10\\\/Wirtschaftsstandort-Hannover-2.png\",\"contentUrl\":\"https:\\\/\\\/wirtschaftsstandort-westmecklenburg.de\\\/wp-content\\\/uploads\\\/2023\\\/10\\\/Wirtschaftsstandort-Hannover-2.png\",\"width\":750,\"height\":250,\"caption\":\"Wirtschaftsstandort Westmecklenburg\"},\"image\":{\"@id\":\"https:\\\/\\\/wirtschaftsstandort-westmecklenburg.de\\\/en\\\/#\\\/schema\\\/logo\\\/image\\\/\"}}]}<\/script>\n<!-- \/ Yoast SEO plugin. -->","yoast_head_json":{"title":"Homepage - Wirtschaftsstandort Westmecklenburg","description":"The business location of Westmecklenburg includes successful companies and institutions. An attractive place to live and work.","robots":{"index":"index","follow":"follow","max-snippet":"max-snippet:-1","max-image-preview":"max-image-preview:large","max-video-preview":"max-video-preview:-1"},"canonical":"https:\/\/wirtschaftsstandort-westmecklenburg.de\/en\/","og_locale":"en_US","og_type":"article","og_title":"Homepage - Wirtschaftsstandort Westmecklenburg","og_description":"The business location of Westmecklenburg includes successful companies and institutions. An attractive place to live and work.","og_url":"https:\/\/wirtschaftsstandort-westmecklenburg.de\/en\/","og_site_name":"Wirtschaftsstandort Westmecklenburg","article_modified_time":"2025-04-24T15:09:13+00:00","og_image":[{"width":870,"height":1097,"url":"https:\/\/wirtschaftsstandort-westmecklenburg.de\/wp-content\/uploads\/2024\/09\/Titel_Westmecklenburg.png","type":"image\/png"}],"twitter_card":"summary_large_image","twitter_misc":{"Est. reading time":"27 minutes"},"schema":{"@context":"https:\/\/schema.org","@graph":[{"@type":"WebPage","@id":"https:\/\/wirtschaftsstandort-westmecklenburg.de\/en\/","url":"https:\/\/wirtschaftsstandort-westmecklenburg.de\/en\/","name":"Homepage - Wirtschaftsstandort Westmecklenburg","isPartOf":{"@id":"https:\/\/wirtschaftsstandort-westmecklenburg.de\/en\/#website"},"primaryImageOfPage":{"@id":"https:\/\/wirtschaftsstandort-westmecklenburg.de\/en\/#primaryimage"},"image":{"@id":"https:\/\/wirtschaftsstandort-westmecklenburg.de\/en\/#primaryimage"},"thumbnailUrl":"https:\/\/wirtschaftsstandort-westmecklenburg.de\/wp-content\/uploads\/2024\/09\/Titel_Westmecklenburg-768x968.png","datePublished":"2023-10-20T08:54:49+00:00","dateModified":"2025-04-24T15:09:13+00:00","description":"The business location of Westmecklenburg includes successful companies and institutions. An attractive place to live and work.","breadcrumb":{"@id":"https:\/\/wirtschaftsstandort-westmecklenburg.de\/en\/#breadcrumb"},"inLanguage":"en-US","potentialAction":[{"@type":"ReadAction","target":["https:\/\/wirtschaftsstandort-westmecklenburg.de\/en\/"]}]},{"@type":"ImageObject","inLanguage":"en-US","@id":"https:\/\/wirtschaftsstandort-westmecklenburg.de\/en\/#primaryimage","url":"https:\/\/wirtschaftsstandort-westmecklenburg.de\/wp-content\/uploads\/2024\/09\/Titel_Westmecklenburg-768x968.png","contentUrl":"https:\/\/wirtschaftsstandort-westmecklenburg.de\/wp-content\/uploads\/2024\/09\/Titel_Westmecklenburg-768x968.png"},{"@type":"BreadcrumbList","@id":"https:\/\/wirtschaftsstandort-westmecklenburg.de\/en\/#breadcrumb","itemListElement":[{"@type":"ListItem","position":1,"name":"Startseite","item":"https:\/\/wirtschaftsstandort-westmecklenburg.de\/en\/"},{"@type":"ListItem","position":2,"name":"Homepage"}]},{"@type":"WebSite","@id":"https:\/\/wirtschaftsstandort-westmecklenburg.de\/en\/#website","url":"https:\/\/wirtschaftsstandort-westmecklenburg.de\/en\/","name":"Wirtschaftsstandort Westmecklenburg","description":"","publisher":{"@id":"https:\/\/wirtschaftsstandort-westmecklenburg.de\/en\/#organization"},"potentialAction":[{"@type":"SearchAction","target":{"@type":"EntryPoint","urlTemplate":"https:\/\/wirtschaftsstandort-westmecklenburg.de\/en\/?s={search_term_string}"},"query-input":{"@type":"PropertyValueSpecification","valueRequired":true,"valueName":"search_term_string"}}],"inLanguage":"en-US"},{"@type":"Organization","@id":"https:\/\/wirtschaftsstandort-westmecklenburg.de\/en\/#organization","name":"Wirtschaftsstandort Westmecklenburg","url":"https:\/\/wirtschaftsstandort-westmecklenburg.de\/en\/","logo":{"@type":"ImageObject","inLanguage":"en-US","@id":"https:\/\/wirtschaftsstandort-westmecklenburg.de\/en\/#\/schema\/logo\/image\/","url":"https:\/\/wirtschaftsstandort-westmecklenburg.de\/wp-content\/uploads\/2023\/10\/Wirtschaftsstandort-Hannover-2.png","contentUrl":"https:\/\/wirtschaftsstandort-westmecklenburg.de\/wp-content\/uploads\/2023\/10\/Wirtschaftsstandort-Hannover-2.png","width":750,"height":250,"caption":"Wirtschaftsstandort Westmecklenburg"},"image":{"@id":"https:\/\/wirtschaftsstandort-westmecklenburg.de\/en\/#\/schema\/logo\/image\/"}}]}},"_links":{"self":[{"href":"https:\/\/wirtschaftsstandort-westmecklenburg.de\/en\/wp-json\/wp\/v2\/pages\/3030","targetHints":{"allow":["GET"]}}],"collection":[{"href":"https:\/\/wirtschaftsstandort-westmecklenburg.de\/en\/wp-json\/wp\/v2\/pages"}],"about":[{"href":"https:\/\/wirtschaftsstandort-westmecklenburg.de\/en\/wp-json\/wp\/v2\/types\/page"}],"author":[{"embeddable":true,"href":"https:\/\/wirtschaftsstandort-westmecklenburg.de\/en\/wp-json\/wp\/v2\/users\/5"}],"replies":[{"embeddable":true,"href":"https:\/\/wirtschaftsstandort-westmecklenburg.de\/en\/wp-json\/wp\/v2\/comments?post=3030"}],"version-history":[{"count":79,"href":"https:\/\/wirtschaftsstandort-westmecklenburg.de\/en\/wp-json\/wp\/v2\/pages\/3030\/revisions"}],"predecessor-version":[{"id":6459,"href":"https:\/\/wirtschaftsstandort-westmecklenburg.de\/en\/wp-json\/wp\/v2\/pages\/3030\/revisions\/6459"}],"wp:attachment":[{"href":"https:\/\/wirtschaftsstandort-westmecklenburg.de\/en\/wp-json\/wp\/v2\/media?parent=3030"}],"curies":[{"name":"wp","href":"https:\/\/api.w.org\/{rel}","templated":true}]}}