{"id":3024,"date":"2023-11-28T09:34:12","date_gmt":"2023-11-28T08:34:12","guid":{"rendered":"https:\/\/wirtschaftsstandort-ostfriesland.de\/people-of-the-region\/"},"modified":"2024-09-18T10:45:36","modified_gmt":"2024-09-18T08:45:36","slug":"people","status":"publish","type":"page","link":"https:\/\/wirtschaftsstandort-westmecklenburg.de\/en\/people\/","title":{"rendered":"People of the region"},"content":{"rendered":"\t\t<div data-elementor-type=\"wp-page\" data-elementor-id=\"3024\" class=\"elementor elementor-3024 elementor-2720\" data-elementor-post-type=\"page\">\n\t\t\t\t<div class=\"elementor-element elementor-element-b5f5aab e-flex e-con-boxed e-con e-parent\" data-id=\"b5f5aab\" data-element_type=\"container\" data-e-type=\"container\">\n\t\t\t\t\t<div class=\"e-con-inner\">\n\t\t\t\t<div class=\"elementor-element elementor-element-71ae62a elementor-widget elementor-widget-spacer\" data-id=\"71ae62a\" data-element_type=\"widget\" data-e-type=\"widget\" data-widget_type=\"spacer.default\">\n\t\t\t\t<div class=\"elementor-widget-container\">\n\t\t\t\t\t\t\t<div class=\"elementor-spacer\">\n\t\t\t<div class=\"elementor-spacer-inner\"><\/div>\n\t\t<\/div>\n\t\t\t\t\t\t<\/div>\n\t\t\t\t<\/div>\n\t\t\t\t<div class=\"elementor-element elementor-element-9807b0d elementor-widget elementor-widget-heading\" data-id=\"9807b0d\" data-element_type=\"widget\" data-e-type=\"widget\" data-widget_type=\"heading.default\">\n\t\t\t\t<div class=\"elementor-widget-container\">\n\t\t\t\t\t<h1 class=\"elementor-heading-title elementor-size-default\">People of the region<\/h1>\t\t\t\t<\/div>\n\t\t\t\t<\/div>\n\t\t\t\t<div class=\"elementor-element elementor-element-a68c144 elementor-widget elementor-widget-text-editor\" data-id=\"a68c144\" data-element_type=\"widget\" data-e-type=\"widget\" data-widget_type=\"text-editor.default\">\n\t\t\t\t<div class=\"elementor-widget-container\">\n\t\t\t\t\t\t\t\t\t<p>Many successful and well-known personalities are at home in West Mecklenburg. Some of these protagonists tell us their stories.<\/p>\n<p>Why is hydrogen the molecule of the future? Which young entrepreneur runs the organic poultry business from Severin? What are the special locational advantages of the port of Wismar? And who sweetens the start of working life for young professionals in Boizenburg?   <br \/>Our protagonists also talk about climate-neutral hotels, artificial intelligence and a competence centre for regenerative living, learning, working and building.<\/p>\n<p>These and other interesting stories are waiting for you. Have fun reading!<\/p>\n\t\t\t\t\t\t\t\t<\/div>\n\t\t\t\t<\/div>\n\t\t\t\t\t<\/div>\n\t\t\t\t<\/div>\n\t\t<div class=\"elementor-element elementor-element-d946e69 e-flex e-con-boxed e-con e-parent\" data-id=\"d946e69\" data-element_type=\"container\" data-e-type=\"container\">\n\t\t\t\t\t<div class=\"e-con-inner\">\n\t\t\t\t<div class=\"elementor-element elementor-element-43902ed elementor-grid-3 elementor-grid-tablet-2 elementor-grid-mobile-1 elementor-posts--thumbnail-top elementor-card-shadow-yes elementor-posts__hover-gradient elementor-invisible elementor-widget elementor-widget-posts\" data-id=\"43902ed\" data-element_type=\"widget\" data-e-type=\"widget\" data-settings=\"{&quot;pagination_type&quot;:&quot;numbers_and_prev_next&quot;,&quot;_animation&quot;:&quot;fadeInRight&quot;,&quot;cards_columns&quot;:&quot;3&quot;,&quot;cards_columns_tablet&quot;:&quot;2&quot;,&quot;cards_columns_mobile&quot;:&quot;1&quot;,&quot;cards_row_gap&quot;:{&quot;unit&quot;:&quot;px&quot;,&quot;size&quot;:35,&quot;sizes&quot;:[]},&quot;cards_row_gap_tablet&quot;:{&quot;unit&quot;:&quot;px&quot;,&quot;size&quot;:&quot;&quot;,&quot;sizes&quot;:[]},&quot;cards_row_gap_mobile&quot;:{&quot;unit&quot;:&quot;px&quot;,&quot;size&quot;:&quot;&quot;,&quot;sizes&quot;:[]}}\" data-widget_type=\"posts.cards\">\n\t\t\t\t<div class=\"elementor-widget-container\">\n\t\t\t\t\t\t\t<div class=\"elementor-posts-container elementor-posts elementor-posts--skin-cards elementor-grid\" role=\"list\">\n\t\t\t\t<article class=\"elementor-post elementor-grid-item post-5096 post type-post status-publish format-standard has-post-thumbnail hentry category-people-of-the-region tag-ai tag-protagonists-of-the-region tag-schwerin-en\" role=\"listitem\">\n\t\t\t<div class=\"elementor-post__card\">\n\t\t\t\t<a class=\"elementor-post__thumbnail__link\" href=\"https:\/\/wirtschaftsstandort-westmecklenburg.de\/en\/people-of-the-region\/wustlich\/\" tabindex=\"-1\" ><div class=\"elementor-post__thumbnail\"><img fetchpriority=\"high\" decoding=\"async\" width=\"768\" height=\"512\" src=\"https:\/\/wirtschaftsstandort-westmecklenburg.de\/wp-content\/uploads\/2024\/08\/A-Welf-Wustlic_weboptimiert-768x512.jpg\" class=\"attachment-medium_large size-medium_large wp-image-5099\" alt=\"Welf Wustlich\" srcset=\"https:\/\/wirtschaftsstandort-westmecklenburg.de\/wp-content\/uploads\/2024\/08\/A-Welf-Wustlic_weboptimiert-768x512.jpg 768w, https:\/\/wirtschaftsstandort-westmecklenburg.de\/wp-content\/uploads\/2024\/08\/A-Welf-Wustlic_weboptimiert-300x200.jpg 300w, https:\/\/wirtschaftsstandort-westmecklenburg.de\/wp-content\/uploads\/2024\/08\/A-Welf-Wustlic_weboptimiert-1024x683.jpg 1024w, https:\/\/wirtschaftsstandort-westmecklenburg.de\/wp-content\/uploads\/2024\/08\/A-Welf-Wustlic_weboptimiert-1536x1024.jpg 1536w\" sizes=\"(max-width: 768px) 100vw, 768px\" \/><\/div><\/a>\n\t\t\t\t<div class=\"elementor-post__text\">\n\t\t\t\t<h3 class=\"elementor-post__title\">\n\t\t\t<a href=\"https:\/\/wirtschaftsstandort-westmecklenburg.de\/en\/people-of-the-region\/wustlich\/\" >\n\t\t\t\tAI-pioneers from Westmecklenburg\t\t\t<\/a>\n\t\t<\/h3>\n\t\t\t\t<div class=\"elementor-post__excerpt\">\n\t\t\t<p>Artificial intelligence is already making everyday life easier in many areas.<\/p>\n\t\t<\/div>\n\t\t\n\t\t<a class=\"elementor-post__read-more\" href=\"https:\/\/wirtschaftsstandort-westmecklenburg.de\/en\/people-of-the-region\/wustlich\/\" aria-label=\"Read more about AI-pioneers from Westmecklenburg\" tabindex=\"-1\" >\n\t\t\tRead more \u00bb\t\t<\/a>\n\n\t\t\t\t<\/div>\n\t\t\t\t\t<\/div>\n\t\t<\/article>\n\t\t\t\t<article class=\"elementor-post elementor-grid-item post-4592 post type-post status-publish format-standard has-post-thumbnail hentry category-people-of-the-region tag-furniture-manufactory tag-protagonists-of-the-region-en tag-wismar-en\" role=\"listitem\">\n\t\t\t<div class=\"elementor-post__card\">\n\t\t\t\t<a class=\"elementor-post__thumbnail__link\" href=\"https:\/\/wirtschaftsstandort-westmecklenburg.de\/en\/people-of-the-region\/goertz\/\" tabindex=\"-1\" ><div class=\"elementor-post__thumbnail\"><img decoding=\"async\" width=\"768\" height=\"512\" src=\"https:\/\/wirtschaftsstandort-westmecklenburg.de\/wp-content\/uploads\/2024\/07\/web_A-Torsten-Goertz-768x512.jpg\" class=\"attachment-medium_large size-medium_large wp-image-4595\" alt=\"Torsten Goertz\" srcset=\"https:\/\/wirtschaftsstandort-westmecklenburg.de\/wp-content\/uploads\/2024\/07\/web_A-Torsten-Goertz-768x512.jpg 768w, https:\/\/wirtschaftsstandort-westmecklenburg.de\/wp-content\/uploads\/2024\/07\/web_A-Torsten-Goertz-300x200.jpg 300w, https:\/\/wirtschaftsstandort-westmecklenburg.de\/wp-content\/uploads\/2024\/07\/web_A-Torsten-Goertz-1024x683.jpg 1024w, https:\/\/wirtschaftsstandort-westmecklenburg.de\/wp-content\/uploads\/2024\/07\/web_A-Torsten-Goertz-1536x1024.jpg 1536w, https:\/\/wirtschaftsstandort-westmecklenburg.de\/wp-content\/uploads\/2024\/07\/web_A-Torsten-Goertz-2048x1366.jpg 2048w, https:\/\/wirtschaftsstandort-westmecklenburg.de\/wp-content\/uploads\/2024\/07\/web_A-Torsten-Goertz-930x620.jpg 930w\" sizes=\"(max-width: 768px) 100vw, 768px\" \/><\/div><\/a>\n\t\t\t\t<div class=\"elementor-post__text\">\n\t\t\t\t<h3 class=\"elementor-post__title\">\n\t\t\t<a href=\"https:\/\/wirtschaftsstandort-westmecklenburg.de\/en\/people-of-the-region\/goertz\/\" >\n\t\t\t\tAlways moving forward\t\t\t<\/a>\n\t\t<\/h3>\n\t\t\t\t<div class=\"elementor-post__excerpt\">\n\t\t\t<p>Goertz M\u00f6belmanufaktur in Wismar combines successful service and retail under one roof.<\/p>\n\t\t<\/div>\n\t\t\n\t\t<a class=\"elementor-post__read-more\" href=\"https:\/\/wirtschaftsstandort-westmecklenburg.de\/en\/people-of-the-region\/goertz\/\" aria-label=\"Read more about Always moving forward\" tabindex=\"-1\" >\n\t\t\tRead more \u00bb\t\t<\/a>\n\n\t\t\t\t<\/div>\n\t\t\t\t\t<\/div>\n\t\t<\/article>\n\t\t\t\t<article class=\"elementor-post elementor-grid-item post-5441 post type-post status-publish format-standard has-post-thumbnail hentry category-people-of-the-region tag-energy-supply tag-ludwigslust-en tag-protagonists-of-the-region\" role=\"listitem\">\n\t\t\t<div class=\"elementor-post__card\">\n\t\t\t\t<a class=\"elementor-post__thumbnail__link\" href=\"https:\/\/wirtschaftsstandort-westmecklenburg.de\/en\/people-of-the-region\/bortsch\/\" tabindex=\"-1\" ><div class=\"elementor-post__thumbnail\"><img decoding=\"async\" width=\"768\" height=\"512\" src=\"https:\/\/wirtschaftsstandort-westmecklenburg.de\/wp-content\/uploads\/2024\/09\/A-Viola-Bortsch_weboptimiert-768x512.jpg\" class=\"attachment-medium_large size-medium_large wp-image-5444\" alt=\"Wirtschaftsjuristin Viola\" srcset=\"https:\/\/wirtschaftsstandort-westmecklenburg.de\/wp-content\/uploads\/2024\/09\/A-Viola-Bortsch_weboptimiert-768x512.jpg 768w, https:\/\/wirtschaftsstandort-westmecklenburg.de\/wp-content\/uploads\/2024\/09\/A-Viola-Bortsch_weboptimiert-300x200.jpg 300w, https:\/\/wirtschaftsstandort-westmecklenburg.de\/wp-content\/uploads\/2024\/09\/A-Viola-Bortsch_weboptimiert-1024x683.jpg 1024w, https:\/\/wirtschaftsstandort-westmecklenburg.de\/wp-content\/uploads\/2024\/09\/A-Viola-Bortsch_weboptimiert-1536x1024.jpg 1536w\" sizes=\"(max-width: 768px) 100vw, 768px\" \/><\/div><\/a>\n\t\t\t\t<div class=\"elementor-post__text\">\n\t\t\t\t<h3 class=\"elementor-post__title\">\n\t\t\t<a href=\"https:\/\/wirtschaftsstandort-westmecklenburg.de\/en\/people-of-the-region\/bortsch\/\" >\n\t\t\t\tBreath of fresh air for the status quo\t\t\t<\/a>\n\t\t<\/h3>\n\t\t\t\t<div class=\"elementor-post__excerpt\">\n\t\t\t<p>The energy sector is currently going through a phase of unprecedented upheaval and faces major challenges.<\/p>\n\t\t<\/div>\n\t\t\n\t\t<a class=\"elementor-post__read-more\" href=\"https:\/\/wirtschaftsstandort-westmecklenburg.de\/en\/people-of-the-region\/bortsch\/\" aria-label=\"Read more about Breath of fresh air for the status quo\" tabindex=\"-1\" >\n\t\t\tRead more \u00bb\t\t<\/a>\n\n\t\t\t\t<\/div>\n\t\t\t\t\t<\/div>\n\t\t<\/article>\n\t\t\t\t<article class=\"elementor-post elementor-grid-item post-5825 post type-post status-publish format-standard has-post-thumbnail hentry category-people-of-the-region tag-hotel-business tag-protagonists-of-the-region tag-schwerin-en\" role=\"listitem\">\n\t\t\t<div class=\"elementor-post__card\">\n\t\t\t\t<a class=\"elementor-post__thumbnail__link\" href=\"https:\/\/wirtschaftsstandort-westmecklenburg.de\/en\/people-of-the-region\/petersen\/\" tabindex=\"-1\" ><div class=\"elementor-post__thumbnail\"><img loading=\"lazy\" decoding=\"async\" width=\"768\" height=\"512\" src=\"https:\/\/wirtschaftsstandort-westmecklenburg.de\/wp-content\/uploads\/2024\/09\/A-Christian-Petersen_weboptimiert-768x512.jpg\" class=\"attachment-medium_large size-medium_large wp-image-5912\" alt=\"Christian Petersen, Leiter des Hotels Speicher am Ziegelsee\" srcset=\"https:\/\/wirtschaftsstandort-westmecklenburg.de\/wp-content\/uploads\/2024\/09\/A-Christian-Petersen_weboptimiert-768x512.jpg 768w, https:\/\/wirtschaftsstandort-westmecklenburg.de\/wp-content\/uploads\/2024\/09\/A-Christian-Petersen_weboptimiert-300x200.jpg 300w, https:\/\/wirtschaftsstandort-westmecklenburg.de\/wp-content\/uploads\/2024\/09\/A-Christian-Petersen_weboptimiert-1024x683.jpg 1024w, https:\/\/wirtschaftsstandort-westmecklenburg.de\/wp-content\/uploads\/2024\/09\/A-Christian-Petersen_weboptimiert-1536x1024.jpg 1536w\" sizes=\"(max-width: 768px) 100vw, 768px\" \/><\/div><\/a>\n\t\t\t\t<div class=\"elementor-post__text\">\n\t\t\t\t<h3 class=\"elementor-post__title\">\n\t\t\t<a href=\"https:\/\/wirtschaftsstandort-westmecklenburg.de\/en\/people-of-the-region\/petersen\/\" >\n\t\t\t\tClimate-neutral meetings and accommodation\t\t\t<\/a>\n\t\t<\/h3>\n\t\t\t\t<div class=\"elementor-post__excerpt\">\n\t\t\t<p>Hotel Speicher am Ziegelsee: This family-run hotel is one of the best addresses in Schwerin.<\/p>\n\t\t<\/div>\n\t\t\n\t\t<a class=\"elementor-post__read-more\" href=\"https:\/\/wirtschaftsstandort-westmecklenburg.de\/en\/people-of-the-region\/petersen\/\" aria-label=\"Read more about Climate-neutral meetings and accommodation\" tabindex=\"-1\" >\n\t\t\tRead more \u00bb\t\t<\/a>\n\n\t\t\t\t<\/div>\n\t\t\t\t\t<\/div>\n\t\t<\/article>\n\t\t\t\t<article class=\"elementor-post elementor-grid-item post-4836 post type-post status-publish format-standard has-post-thumbnail hentry category-people-of-the-region tag-protagonists-of-the-region-en tag-research tag-rostock-en\" role=\"listitem\">\n\t\t\t<div class=\"elementor-post__card\">\n\t\t\t\t<a class=\"elementor-post__thumbnail__link\" href=\"https:\/\/wirtschaftsstandort-westmecklenburg.de\/en\/people-of-the-region\/systemloesungen\/\" tabindex=\"-1\" ><div class=\"elementor-post__thumbnail\"><img loading=\"lazy\" decoding=\"async\" width=\"768\" height=\"509\" src=\"https:\/\/wirtschaftsstandort-westmecklenburg.de\/wp-content\/uploads\/2024\/07\/web_A-Uwe-von-Lukas-768x509.jpg\" class=\"attachment-medium_large size-medium_large wp-image-4580\" alt=\"Prof. Dr.- Ing Uwe Freiherr von Lukas\" srcset=\"https:\/\/wirtschaftsstandort-westmecklenburg.de\/wp-content\/uploads\/2024\/07\/web_A-Uwe-von-Lukas-768x509.jpg 768w, https:\/\/wirtschaftsstandort-westmecklenburg.de\/wp-content\/uploads\/2024\/07\/web_A-Uwe-von-Lukas-300x199.jpg 300w, https:\/\/wirtschaftsstandort-westmecklenburg.de\/wp-content\/uploads\/2024\/07\/web_A-Uwe-von-Lukas-1024x679.jpg 1024w, https:\/\/wirtschaftsstandort-westmecklenburg.de\/wp-content\/uploads\/2024\/07\/web_A-Uwe-von-Lukas-1536x1019.jpg 1536w, https:\/\/wirtschaftsstandort-westmecklenburg.de\/wp-content\/uploads\/2024\/07\/web_A-Uwe-von-Lukas-2048x1359.jpg 2048w\" sizes=\"(max-width: 768px) 100vw, 768px\" \/><\/div><\/a>\n\t\t\t\t<div class=\"elementor-post__text\">\n\t\t\t\t<h3 class=\"elementor-post__title\">\n\t\t\t<a href=\"https:\/\/wirtschaftsstandort-westmecklenburg.de\/en\/people-of-the-region\/systemloesungen\/\" >\n\t\t\t\tCross-sectoral system solutions\t\t\t<\/a>\n\t\t<\/h3>\n\t\t\t\t<div class=\"elementor-post__excerpt\">\n\t\t\t<p>&#8220;Modern technologies simplify work in various fields.&#8221;<\/p>\n\t\t<\/div>\n\t\t\n\t\t<a class=\"elementor-post__read-more\" href=\"https:\/\/wirtschaftsstandort-westmecklenburg.de\/en\/people-of-the-region\/systemloesungen\/\" aria-label=\"Read more about Cross-sectoral system solutions\" tabindex=\"-1\" >\n\t\t\tRead more \u00bb\t\t<\/a>\n\n\t\t\t\t<\/div>\n\t\t\t\t\t<\/div>\n\t\t<\/article>\n\t\t\t\t<article class=\"elementor-post elementor-grid-item post-5014 post type-post status-publish format-standard has-post-thumbnail hentry category-people-of-the-region tag-protagonist-of-the-region tag-schwerin-en tag-tourism\" role=\"listitem\">\n\t\t\t<div class=\"elementor-post__card\">\n\t\t\t\t<a class=\"elementor-post__thumbnail__link\" href=\"https:\/\/wirtschaftsstandort-westmecklenburg.de\/en\/people-of-the-region\/muller\/\" tabindex=\"-1\" ><div class=\"elementor-post__thumbnail\"><img loading=\"lazy\" decoding=\"async\" width=\"768\" height=\"512\" src=\"https:\/\/wirtschaftsstandort-westmecklenburg.de\/wp-content\/uploads\/2024\/08\/A-Martina-Mu\u2560eller_weboptimiert-768x512.jpg\" class=\"attachment-medium_large size-medium_large wp-image-5017\" alt=\"Martina M\u00fcller, Gesch\u00e4ftsf\u00fchrerin des Tourismusverbandes Mecklenburg-Schwerin e. V.\" srcset=\"https:\/\/wirtschaftsstandort-westmecklenburg.de\/wp-content\/uploads\/2024\/08\/A-Martina-Mu\u2560eller_weboptimiert-768x512.jpg 768w, https:\/\/wirtschaftsstandort-westmecklenburg.de\/wp-content\/uploads\/2024\/08\/A-Martina-Mu\u2560eller_weboptimiert-300x200.jpg 300w, https:\/\/wirtschaftsstandort-westmecklenburg.de\/wp-content\/uploads\/2024\/08\/A-Martina-Mu\u2560eller_weboptimiert-1024x683.jpg 1024w, https:\/\/wirtschaftsstandort-westmecklenburg.de\/wp-content\/uploads\/2024\/08\/A-Martina-Mu\u2560eller_weboptimiert-1536x1024.jpg 1536w\" sizes=\"(max-width: 768px) 100vw, 768px\" \/><\/div><\/a>\n\t\t\t\t<div class=\"elementor-post__text\">\n\t\t\t\t<h3 class=\"elementor-post__title\">\n\t\t\t<a href=\"https:\/\/wirtschaftsstandort-westmecklenburg.de\/en\/people-of-the-region\/muller\/\" >\n\t\t\t\tHoliday region with huge potential\t\t\t<\/a>\n\t\t<\/h3>\n\t\t\t\t<div class=\"elementor-post__excerpt\">\n\t\t\t<p>An interview with Martina M\u00fcller about developments and challenges in tourism.<\/p>\n\t\t<\/div>\n\t\t\n\t\t<a class=\"elementor-post__read-more\" href=\"https:\/\/wirtschaftsstandort-westmecklenburg.de\/en\/people-of-the-region\/muller\/\" aria-label=\"Read more about Holiday region with huge potential\" tabindex=\"-1\" >\n\t\t\tRead more \u00bb\t\t<\/a>\n\n\t\t\t\t<\/div>\n\t\t\t\t\t<\/div>\n\t\t<\/article>\n\t\t\t\t<article class=\"elementor-post elementor-grid-item post-6355 post type-post status-publish format-standard has-post-thumbnail hentry category-people-of-the-region tag-hydrogen tag-protagonists-of-the-region tag-rostock-laage-en\" role=\"listitem\">\n\t\t\t<div class=\"elementor-post__card\">\n\t\t\t\t<a class=\"elementor-post__thumbnail__link\" href=\"https:\/\/wirtschaftsstandort-westmecklenburg.de\/en\/people-of-the-region\/paterna\/\" tabindex=\"-1\" ><div class=\"elementor-post__thumbnail\"><img loading=\"lazy\" decoding=\"async\" width=\"768\" height=\"512\" src=\"https:\/\/wirtschaftsstandort-westmecklenburg.de\/wp-content\/uploads\/2024\/09\/A-Mischa-Paterna_weboptimiert-768x512.jpg\" class=\"attachment-medium_large size-medium_large wp-image-5830\" alt=\"Dr. Mischa Paterna\" srcset=\"https:\/\/wirtschaftsstandort-westmecklenburg.de\/wp-content\/uploads\/2024\/09\/A-Mischa-Paterna_weboptimiert-768x512.jpg 768w, https:\/\/wirtschaftsstandort-westmecklenburg.de\/wp-content\/uploads\/2024\/09\/A-Mischa-Paterna_weboptimiert-300x200.jpg 300w, https:\/\/wirtschaftsstandort-westmecklenburg.de\/wp-content\/uploads\/2024\/09\/A-Mischa-Paterna_weboptimiert-1024x683.jpg 1024w, https:\/\/wirtschaftsstandort-westmecklenburg.de\/wp-content\/uploads\/2024\/09\/A-Mischa-Paterna_weboptimiert-1536x1024.jpg 1536w\" sizes=\"(max-width: 768px) 100vw, 768px\" \/><\/div><\/a>\n\t\t\t\t<div class=\"elementor-post__text\">\n\t\t\t\t<h3 class=\"elementor-post__title\">\n\t\t\t<a href=\"https:\/\/wirtschaftsstandort-westmecklenburg.de\/en\/people-of-the-region\/paterna\/\" >\n\t\t\t\tHydrogen &#8211; the molecule of the future\t\t\t<\/a>\n\t\t<\/h3>\n\t\t\t\t<div class=\"elementor-post__excerpt\">\n\t\t\t<p>Hydrogen as a key building block for the energy transition. <\/p>\n\t\t<\/div>\n\t\t\n\t\t<a class=\"elementor-post__read-more\" href=\"https:\/\/wirtschaftsstandort-westmecklenburg.de\/en\/people-of-the-region\/paterna\/\" aria-label=\"Read more about Hydrogen &#8211; the molecule of the future\" tabindex=\"-1\" >\n\t\t\tRead more \u00bb\t\t<\/a>\n\n\t\t\t\t<\/div>\n\t\t\t\t\t<\/div>\n\t\t<\/article>\n\t\t\t\t<article class=\"elementor-post elementor-grid-item post-4885 post type-post status-publish format-standard has-post-thumbnail hentry category-people-of-the-region tag-protagonists-of-the-region-en tag-schwerin-en tag-start-ups-en\" role=\"listitem\">\n\t\t\t<div class=\"elementor-post__card\">\n\t\t\t\t<a class=\"elementor-post__thumbnail__link\" href=\"https:\/\/wirtschaftsstandort-westmecklenburg.de\/en\/people-of-the-region\/moeller\/\" tabindex=\"-1\" ><div class=\"elementor-post__thumbnail\"><img loading=\"lazy\" decoding=\"async\" width=\"768\" height=\"503\" src=\"https:\/\/wirtschaftsstandort-westmecklenburg.de\/wp-content\/uploads\/2024\/08\/A-Thomas-Mo\u2560eller_korr_weboptimiert-768x503.jpg\" class=\"attachment-medium_large size-medium_large wp-image-4799\" alt=\"Thomas M\u00f6ller im Portr\u00e4t\" srcset=\"https:\/\/wirtschaftsstandort-westmecklenburg.de\/wp-content\/uploads\/2024\/08\/A-Thomas-Mo\u2560eller_korr_weboptimiert-768x503.jpg 768w, https:\/\/wirtschaftsstandort-westmecklenburg.de\/wp-content\/uploads\/2024\/08\/A-Thomas-Mo\u2560eller_korr_weboptimiert-300x196.jpg 300w, https:\/\/wirtschaftsstandort-westmecklenburg.de\/wp-content\/uploads\/2024\/08\/A-Thomas-Mo\u2560eller_korr_weboptimiert-1024x670.jpg 1024w, https:\/\/wirtschaftsstandort-westmecklenburg.de\/wp-content\/uploads\/2024\/08\/A-Thomas-Mo\u2560eller_korr_weboptimiert-1536x1005.jpg 1536w, https:\/\/wirtschaftsstandort-westmecklenburg.de\/wp-content\/uploads\/2024\/08\/A-Thomas-Mo\u2560eller_korr_weboptimiert-2048x1340.jpg 2048w\" sizes=\"(max-width: 768px) 100vw, 768px\" \/><\/div><\/a>\n\t\t\t\t<div class=\"elementor-post__text\">\n\t\t\t\t<h3 class=\"elementor-post__title\">\n\t\t\t<a href=\"https:\/\/wirtschaftsstandort-westmecklenburg.de\/en\/people-of-the-region\/moeller\/\" >\n\t\t\t\tIdeal conditions for start-ups\t\t\t<\/a>\n\t\t<\/h3>\n\t\t\t\t<div class=\"elementor-post__excerpt\">\n\t\t\t<p>Innovative start-ups find the best conditions in the Euskirchen district.<\/p>\n\t\t<\/div>\n\t\t\n\t\t<a class=\"elementor-post__read-more\" href=\"https:\/\/wirtschaftsstandort-westmecklenburg.de\/en\/people-of-the-region\/moeller\/\" aria-label=\"Read more about Ideal conditions for start-ups\" tabindex=\"-1\" >\n\t\t\tRead more \u00bb\t\t<\/a>\n\n\t\t\t\t<\/div>\n\t\t\t\t\t<\/div>\n\t\t<\/article>\n\t\t\t\t<article class=\"elementor-post elementor-grid-item post-4943 post type-post status-publish format-standard has-post-thumbnail hentry category-people-of-the-region tag-education-and-research tag-protagonist-der-region-en tag-protagonist-der-region tag-wismar-en\" role=\"listitem\">\n\t\t\t<div class=\"elementor-post__card\">\n\t\t\t\t<a class=\"elementor-post__thumbnail__link\" href=\"https:\/\/wirtschaftsstandort-westmecklenburg.de\/en\/people-of-the-region\/schwerdt\/\" tabindex=\"-1\" ><div class=\"elementor-post__thumbnail\"><img loading=\"lazy\" decoding=\"async\" width=\"768\" height=\"512\" src=\"https:\/\/wirtschaftsstandort-westmecklenburg.de\/wp-content\/uploads\/2024\/08\/web_B-Daniela-Schwerdt-768x512.jpg\" class=\"attachment-medium_large size-medium_large wp-image-4939\" alt=\"PROF. DR.-ING. DANIELA SCHWERDT\" srcset=\"https:\/\/wirtschaftsstandort-westmecklenburg.de\/wp-content\/uploads\/2024\/08\/web_B-Daniela-Schwerdt-768x512.jpg 768w, https:\/\/wirtschaftsstandort-westmecklenburg.de\/wp-content\/uploads\/2024\/08\/web_B-Daniela-Schwerdt-300x200.jpg 300w, https:\/\/wirtschaftsstandort-westmecklenburg.de\/wp-content\/uploads\/2024\/08\/web_B-Daniela-Schwerdt-1024x683.jpg 1024w, https:\/\/wirtschaftsstandort-westmecklenburg.de\/wp-content\/uploads\/2024\/08\/web_B-Daniela-Schwerdt-1536x1024.jpg 1536w, https:\/\/wirtschaftsstandort-westmecklenburg.de\/wp-content\/uploads\/2024\/08\/web_B-Daniela-Schwerdt-2048x1366.jpg 2048w, https:\/\/wirtschaftsstandort-westmecklenburg.de\/wp-content\/uploads\/2024\/08\/web_B-Daniela-Schwerdt-930x620.jpg 930w\" sizes=\"(max-width: 768px) 100vw, 768px\" \/><\/div><\/a>\n\t\t\t\t<div class=\"elementor-post__text\">\n\t\t\t\t<h3 class=\"elementor-post__title\">\n\t\t\t<a href=\"https:\/\/wirtschaftsstandort-westmecklenburg.de\/en\/people-of-the-region\/schwerdt\/\" >\n\t\t\t\tInterdisciplinary and practice oriented\t\t\t<\/a>\n\t\t<\/h3>\n\t\t\t\t<div class=\"elementor-post__excerpt\">\n\t\t\t<p>Wismar University of Applied Sciences: an excellent research partner and training centre.<\/p>\n\t\t<\/div>\n\t\t\n\t\t<a class=\"elementor-post__read-more\" href=\"https:\/\/wirtschaftsstandort-westmecklenburg.de\/en\/people-of-the-region\/schwerdt\/\" aria-label=\"Read more about Interdisciplinary and practice oriented\" tabindex=\"-1\" >\n\t\t\tRead more \u00bb\t\t<\/a>\n\n\t\t\t\t<\/div>\n\t\t\t\t\t<\/div>\n\t\t<\/article>\n\t\t\t\t<\/div>\n\t\t\n\t\t\t\t<div class=\"e-load-more-anchor\" data-page=\"1\" data-max-page=\"3\" data-next-page=\"https:\/\/wirtschaftsstandort-westmecklenburg.de\/en\/wp-json\/wp\/v2\/pages\/3024\/page\/2\/\"><\/div>\n\t\t\t\t<nav class=\"elementor-pagination\" aria-label=\"Pagination\">\n\t\t\t<span class=\"page-numbers prev\">\u00ab Previous <\/span>\n<span aria-current=\"page\" class=\"page-numbers current\"><span class=\"elementor-screen-only\">Page<\/span>1<\/span>\n<a class=\"page-numbers\" href=\"https:\/\/wirtschaftsstandort-westmecklenburg.de\/en\/wp-json\/wp\/v2\/pages\/3024\/page\/2\/\"><span class=\"elementor-screen-only\">Page<\/span>2<\/a>\n<a class=\"page-numbers\" href=\"https:\/\/wirtschaftsstandort-westmecklenburg.de\/en\/wp-json\/wp\/v2\/pages\/3024\/page\/3\/\"><span class=\"elementor-screen-only\">Page<\/span>3<\/a>\n<a class=\"page-numbers next\" href=\"https:\/\/wirtschaftsstandort-westmecklenburg.de\/en\/wp-json\/wp\/v2\/pages\/3024\/page\/2\/\">Next \u00bb<\/a>\t\t<\/nav>\n\t\t\t\t\t\t<\/div>\n\t\t\t\t<\/div>\n\t\t\t\t\t<\/div>\n\t\t\t\t<\/div>\n\t\t<div class=\"elementor-element elementor-element-6963b0e e-flex e-con-boxed e-con e-parent\" data-id=\"6963b0e\" data-element_type=\"container\" data-e-type=\"container\">\n\t\t\t\t\t<div class=\"e-con-inner\">\n\t\t\t\t<div class=\"elementor-element elementor-element-1e677fc elementor-widget elementor-widget-spacer\" data-id=\"1e677fc\" data-element_type=\"widget\" data-e-type=\"widget\" data-widget_type=\"spacer.default\">\n\t\t\t\t<div class=\"elementor-widget-container\">\n\t\t\t\t\t\t\t<div class=\"elementor-spacer\">\n\t\t\t<div class=\"elementor-spacer-inner\"><\/div>\n\t\t<\/div>\n\t\t\t\t\t\t<\/div>\n\t\t\t\t<\/div>\n\t\t\t\t\t<\/div>\n\t\t\t\t<\/div>\n\t\t<div class=\"elementor-element elementor-element-8712f9d e-flex e-con-boxed e-con e-parent\" data-id=\"8712f9d\" data-element_type=\"container\" data-e-type=\"container\">\n\t\t\t\t\t<div class=\"e-con-inner\">\n\t\t\t\t<div class=\"elementor-element elementor-element-aa25fac elementor-widget elementor-widget-spacer\" data-id=\"aa25fac\" data-element_type=\"widget\" data-e-type=\"widget\" data-widget_type=\"spacer.default\">\n\t\t\t\t<div class=\"elementor-widget-container\">\n\t\t\t\t\t\t\t<div class=\"elementor-spacer\">\n\t\t\t<div class=\"elementor-spacer-inner\"><\/div>\n\t\t<\/div>\n\t\t\t\t\t\t<\/div>\n\t\t\t\t<\/div>\n\t\t\t\t\t<\/div>\n\t\t\t\t<\/div>\n\t\t\t\t<\/div>\n\t\t","protected":false},"excerpt":{"rendered":"<p>People of the region Many successful and well-known personalities are at home in West Mecklenburg. Some of these protagonists tell us their stories. Why is hydrogen the molecule of the future? Which young entrepreneur runs the organic poultry business from Severin? What are the special locational advantages of the port of Wismar? And who sweetens&hellip;&nbsp;<a href=\"https:\/\/wirtschaftsstandort-westmecklenburg.de\/en\/people-of-the-region\/schwerdt\/\" rel=\"bookmark\">Read More &raquo;<span class=\"screen-reader-text\">Interdisciplinary and practice oriented<\/span><\/a><\/p>\n","protected":false},"author":3,"featured_media":0,"parent":0,"menu_order":0,"comment_status":"closed","ping_status":"closed","template":"page-templates\/template-pagebuilder-full-width.php","meta":{"_acf_changed":false,"neve_meta_sidebar":"","neve_meta_container":"","neve_meta_enable_content_width":"","neve_meta_content_width":0,"neve_meta_title_alignment":"","neve_meta_author_avatar":"","neve_post_elements_order":"","neve_meta_disable_header":"","neve_meta_disable_footer":"","neve_meta_disable_title":"","neve_meta_reading_time":"","_themeisle_gutenberg_block_has_review":false,"footnotes":""},"class_list":["post-3024","page","type-page","status-publish","hentry"],"acf":[],"yoast_head":"<!-- This site is optimized with the Yoast SEO plugin v27.4 - https:\/\/yoast.com\/product\/yoast-seo-wordpress\/ -->\n<title>People of the region - Wirtschaftsstandort Westmecklenburg<\/title>\n<meta name=\"description\" content=\"Successful personalities are at home in West Mecklenburg. Some of them tell us their story here. Find out more now!\" \/>\n<meta name=\"robots\" content=\"index, follow, max-snippet:-1, max-image-preview:large, max-video-preview:-1\" \/>\n<link rel=\"canonical\" href=\"https:\/\/wirtschaftsstandort-westmecklenburg.de\/en\/people\/\" \/>\n<meta property=\"og:locale\" content=\"en_US\" \/>\n<meta property=\"og:type\" content=\"article\" \/>\n<meta property=\"og:title\" content=\"People of the region - Wirtschaftsstandort Westmecklenburg\" \/>\n<meta property=\"og:description\" content=\"Successful personalities are at home in West Mecklenburg. Some of them tell us their story here. Find out more now!\" \/>\n<meta property=\"og:url\" content=\"https:\/\/wirtschaftsstandort-westmecklenburg.de\/en\/people\/\" \/>\n<meta property=\"og:site_name\" content=\"Wirtschaftsstandort Westmecklenburg\" \/>\n<meta property=\"article:modified_time\" content=\"2024-09-18T08:45:36+00:00\" \/>\n<meta name=\"twitter:card\" content=\"summary_large_image\" \/>\n<meta name=\"twitter:label1\" content=\"Est. reading time\" \/>\n\t<meta name=\"twitter:data1\" content=\"1 minute\" \/>\n<script type=\"application\/ld+json\" class=\"yoast-schema-graph\">{\"@context\":\"https:\\\/\\\/schema.org\",\"@graph\":[{\"@type\":\"WebPage\",\"@id\":\"https:\\\/\\\/wirtschaftsstandort-westmecklenburg.de\\\/en\\\/people\\\/\",\"url\":\"https:\\\/\\\/wirtschaftsstandort-westmecklenburg.de\\\/en\\\/people\\\/\",\"name\":\"People of the region - Wirtschaftsstandort Westmecklenburg\",\"isPartOf\":{\"@id\":\"https:\\\/\\\/wirtschaftsstandort-westmecklenburg.de\\\/en\\\/#website\"},\"datePublished\":\"2023-11-28T08:34:12+00:00\",\"dateModified\":\"2024-09-18T08:45:36+00:00\",\"description\":\"Successful personalities are at home in West Mecklenburg. Some of them tell us their story here. Find out more now!\",\"breadcrumb\":{\"@id\":\"https:\\\/\\\/wirtschaftsstandort-westmecklenburg.de\\\/en\\\/people\\\/#breadcrumb\"},\"inLanguage\":\"en-US\",\"potentialAction\":[{\"@type\":\"ReadAction\",\"target\":[\"https:\\\/\\\/wirtschaftsstandort-westmecklenburg.de\\\/en\\\/people\\\/\"]}]},{\"@type\":\"BreadcrumbList\",\"@id\":\"https:\\\/\\\/wirtschaftsstandort-westmecklenburg.de\\\/en\\\/people\\\/#breadcrumb\",\"itemListElement\":[{\"@type\":\"ListItem\",\"position\":1,\"name\":\"Startseite\",\"item\":\"https:\\\/\\\/wirtschaftsstandort-westmecklenburg.de\\\/en\\\/\"},{\"@type\":\"ListItem\",\"position\":2,\"name\":\"People of the region\"}]},{\"@type\":\"WebSite\",\"@id\":\"https:\\\/\\\/wirtschaftsstandort-westmecklenburg.de\\\/en\\\/#website\",\"url\":\"https:\\\/\\\/wirtschaftsstandort-westmecklenburg.de\\\/en\\\/\",\"name\":\"Wirtschaftsstandort Westmecklenburg\",\"description\":\"\",\"publisher\":{\"@id\":\"https:\\\/\\\/wirtschaftsstandort-westmecklenburg.de\\\/en\\\/#organization\"},\"potentialAction\":[{\"@type\":\"SearchAction\",\"target\":{\"@type\":\"EntryPoint\",\"urlTemplate\":\"https:\\\/\\\/wirtschaftsstandort-westmecklenburg.de\\\/en\\\/?s={search_term_string}\"},\"query-input\":{\"@type\":\"PropertyValueSpecification\",\"valueRequired\":true,\"valueName\":\"search_term_string\"}}],\"inLanguage\":\"en-US\"},{\"@type\":\"Organization\",\"@id\":\"https:\\\/\\\/wirtschaftsstandort-westmecklenburg.de\\\/en\\\/#organization\",\"name\":\"Wirtschaftsstandort Westmecklenburg\",\"url\":\"https:\\\/\\\/wirtschaftsstandort-westmecklenburg.de\\\/en\\\/\",\"logo\":{\"@type\":\"ImageObject\",\"inLanguage\":\"en-US\",\"@id\":\"https:\\\/\\\/wirtschaftsstandort-westmecklenburg.de\\\/en\\\/#\\\/schema\\\/logo\\\/image\\\/\",\"url\":\"https:\\\/\\\/wirtschaftsstandort-westmecklenburg.de\\\/wp-content\\\/uploads\\\/2023\\\/10\\\/Wirtschaftsstandort-Hannover-2.png\",\"contentUrl\":\"https:\\\/\\\/wirtschaftsstandort-westmecklenburg.de\\\/wp-content\\\/uploads\\\/2023\\\/10\\\/Wirtschaftsstandort-Hannover-2.png\",\"width\":750,\"height\":250,\"caption\":\"Wirtschaftsstandort Westmecklenburg\"},\"image\":{\"@id\":\"https:\\\/\\\/wirtschaftsstandort-westmecklenburg.de\\\/en\\\/#\\\/schema\\\/logo\\\/image\\\/\"}}]}<\/script>\n<!-- \/ Yoast SEO plugin. -->","yoast_head_json":{"title":"People of the region - Wirtschaftsstandort Westmecklenburg","description":"Successful personalities are at home in West Mecklenburg. Some of them tell us their story here. Find out more now!","robots":{"index":"index","follow":"follow","max-snippet":"max-snippet:-1","max-image-preview":"max-image-preview:large","max-video-preview":"max-video-preview:-1"},"canonical":"https:\/\/wirtschaftsstandort-westmecklenburg.de\/en\/people\/","og_locale":"en_US","og_type":"article","og_title":"People of the region - Wirtschaftsstandort Westmecklenburg","og_description":"Successful personalities are at home in West Mecklenburg. Some of them tell us their story here. Find out more now!","og_url":"https:\/\/wirtschaftsstandort-westmecklenburg.de\/en\/people\/","og_site_name":"Wirtschaftsstandort Westmecklenburg","article_modified_time":"2024-09-18T08:45:36+00:00","twitter_card":"summary_large_image","twitter_misc":{"Est. reading time":"1 minute"},"schema":{"@context":"https:\/\/schema.org","@graph":[{"@type":"WebPage","@id":"https:\/\/wirtschaftsstandort-westmecklenburg.de\/en\/people\/","url":"https:\/\/wirtschaftsstandort-westmecklenburg.de\/en\/people\/","name":"People of the region - Wirtschaftsstandort Westmecklenburg","isPartOf":{"@id":"https:\/\/wirtschaftsstandort-westmecklenburg.de\/en\/#website"},"datePublished":"2023-11-28T08:34:12+00:00","dateModified":"2024-09-18T08:45:36+00:00","description":"Successful personalities are at home in West Mecklenburg. Some of them tell us their story here. Find out more now!","breadcrumb":{"@id":"https:\/\/wirtschaftsstandort-westmecklenburg.de\/en\/people\/#breadcrumb"},"inLanguage":"en-US","potentialAction":[{"@type":"ReadAction","target":["https:\/\/wirtschaftsstandort-westmecklenburg.de\/en\/people\/"]}]},{"@type":"BreadcrumbList","@id":"https:\/\/wirtschaftsstandort-westmecklenburg.de\/en\/people\/#breadcrumb","itemListElement":[{"@type":"ListItem","position":1,"name":"Startseite","item":"https:\/\/wirtschaftsstandort-westmecklenburg.de\/en\/"},{"@type":"ListItem","position":2,"name":"People of the region"}]},{"@type":"WebSite","@id":"https:\/\/wirtschaftsstandort-westmecklenburg.de\/en\/#website","url":"https:\/\/wirtschaftsstandort-westmecklenburg.de\/en\/","name":"Wirtschaftsstandort Westmecklenburg","description":"","publisher":{"@id":"https:\/\/wirtschaftsstandort-westmecklenburg.de\/en\/#organization"},"potentialAction":[{"@type":"SearchAction","target":{"@type":"EntryPoint","urlTemplate":"https:\/\/wirtschaftsstandort-westmecklenburg.de\/en\/?s={search_term_string}"},"query-input":{"@type":"PropertyValueSpecification","valueRequired":true,"valueName":"search_term_string"}}],"inLanguage":"en-US"},{"@type":"Organization","@id":"https:\/\/wirtschaftsstandort-westmecklenburg.de\/en\/#organization","name":"Wirtschaftsstandort Westmecklenburg","url":"https:\/\/wirtschaftsstandort-westmecklenburg.de\/en\/","logo":{"@type":"ImageObject","inLanguage":"en-US","@id":"https:\/\/wirtschaftsstandort-westmecklenburg.de\/en\/#\/schema\/logo\/image\/","url":"https:\/\/wirtschaftsstandort-westmecklenburg.de\/wp-content\/uploads\/2023\/10\/Wirtschaftsstandort-Hannover-2.png","contentUrl":"https:\/\/wirtschaftsstandort-westmecklenburg.de\/wp-content\/uploads\/2023\/10\/Wirtschaftsstandort-Hannover-2.png","width":750,"height":250,"caption":"Wirtschaftsstandort Westmecklenburg"},"image":{"@id":"https:\/\/wirtschaftsstandort-westmecklenburg.de\/en\/#\/schema\/logo\/image\/"}}]}},"_links":{"self":[{"href":"https:\/\/wirtschaftsstandort-westmecklenburg.de\/en\/wp-json\/wp\/v2\/pages\/3024","targetHints":{"allow":["GET"]}}],"collection":[{"href":"https:\/\/wirtschaftsstandort-westmecklenburg.de\/en\/wp-json\/wp\/v2\/pages"}],"about":[{"href":"https:\/\/wirtschaftsstandort-westmecklenburg.de\/en\/wp-json\/wp\/v2\/types\/page"}],"author":[{"embeddable":true,"href":"https:\/\/wirtschaftsstandort-westmecklenburg.de\/en\/wp-json\/wp\/v2\/users\/3"}],"replies":[{"embeddable":true,"href":"https:\/\/wirtschaftsstandort-westmecklenburg.de\/en\/wp-json\/wp\/v2\/comments?post=3024"}],"version-history":[{"count":22,"href":"https:\/\/wirtschaftsstandort-westmecklenburg.de\/en\/wp-json\/wp\/v2\/pages\/3024\/revisions"}],"predecessor-version":[{"id":6101,"href":"https:\/\/wirtschaftsstandort-westmecklenburg.de\/en\/wp-json\/wp\/v2\/pages\/3024\/revisions\/6101"}],"wp:attachment":[{"href":"https:\/\/wirtschaftsstandort-westmecklenburg.de\/en\/wp-json\/wp\/v2\/media?parent=3024"}],"curies":[{"name":"wp","href":"https:\/\/api.w.org\/{rel}","templated":true}]}}